{"id":13417,"date":"2022-09-30T08:58:25","date_gmt":"2022-09-30T07:58:25","guid":{"rendered":"https:\/\/www.muehlebirgel.de\/rendez-vous-et-evenements-dans-le-moulin-a-eau-historique\/machine-a-vapeur-historique\/"},"modified":"2025-02-19T12:21:33","modified_gmt":"2025-02-19T11:21:33","slug":"machine-a-vapeur-historique","status":"publish","type":"page","link":"https:\/\/www.muehlebirgel.de\/fr\/machine-a-vapeur-historique","title":{"rendered":"Machine \u00e0 vapeur historique"},"content":{"rendered":"\n<h2 class=\"wp-block-heading\">Nouvelle attraction dans le moulin : la machine \u00e0 vapeur historique !<\/h2>\n\n<div class=\"wp-block-columns is-layout-flex wp-container-core-columns-is-layout-9d6595d7 wp-block-columns-is-layout-flex\">\n<div class=\"wp-block-column is-layout-flow wp-block-column-is-layout-flow\" style=\"flex-basis:300px\">\n<figure class=\"wp-block-image size-full\"><img loading=\"lazy\" decoding=\"async\" width=\"300\" height=\"200\" src=\"https:\/\/www.muehlebirgel.de\/wp-content\/uploads\/dampfmaschine-seitlich.webp\" alt=\"\" class=\"wp-image-51693\"\/><\/figure>\n<\/div>\n\n\n\n<div class=\"wp-block-column is-layout-flow wp-block-column-is-layout-flow\" style=\"flex-basis:66.66%\">\n<h3 class=\"wp-block-heading has-text-align-left\">Rejoignez-nous pour un voyage en 1913 !<\/h3>\n\n\n\n<p>Erwin a poursuivi sa philosophie de la technique ancienne en restaurant une <a href=\"https:\/\/www.muehlebirgel.de\/fr\/dampfmaschine\">machine \u00e0 vapeur<\/a> datant de 1913 et en la remettant en \u00e9tat de fonctionnement complet. La chaudi\u00e8re \u00e0 vapeur qui fournit l&rsquo;\u00e9nergie n\u00e9cessaire \u00e0 cet effet a \u00e9galement d\u00e9j\u00e0 40 ans et doit \u00eatre pr\u00e9chauff\u00e9e pendant environ trois heures avant que l&rsquo;\u00e9nergie n\u00e9cessaire au fonctionnement de la machine \u00e0 vapeur ne soit disponible. C&rsquo;est pourquoi la machine \u00e0 vapeur ne peut \u00eatre montr\u00e9e spontan\u00e9ment en fonctionnement qu&rsquo;\u00e0 l&rsquo;aide d&rsquo;air comprim\u00e9. La d\u00e9monstration est particuli\u00e8rement adapt\u00e9e aux groupes. Vous pouvez \u00e9galement voir la machine \u00e0 vapeur en action dans le cadre du <a href=\"https:\/\/www.muehlebirgel.de\/fr\/musee-technique\">mus\u00e9e de la technique<\/a>. <\/p>\n\n\n\n<p><\/p>\n\n\n\n<p><strong>D\u00e9monstration de machines \u00e0 vapeur<\/strong><br\/>Co\u00fbt forfaitaire de 139,00 \u20ac ; mais uniquement en combinaison avec une visite guid\u00e9e du moulin !<\/p>\n\n\n\n<p><strong>Nous nous r\u00e9jouissons de votre demande au T\u00e9l. : 06597\/92820 ou via notre <a href=\"https:\/\/www.muehlebirgel.de\/fr\/contacter\">formulaire de contact<\/a> !<\/strong><\/p>\n\n\n\n<p><\/p>\n<\/div>\n<\/div>\n","protected":false},"excerpt":{"rendered":"<p>Nouvelle attraction dans le moulin : la machine \u00e0 vapeur historique ! Rejoignez-nous pour un voyage en 1913 ! Erwin a poursuivi sa philosophie de la technique ancienne en restaurant une machine \u00e0 vapeur datant de 1913 et en la remettant en \u00e9tat de fonctionnement complet. La chaudi\u00e8re \u00e0 vapeur qui fournit l&rsquo;\u00e9nergie n\u00e9cessaire \u00e0 [&hellip;]<\/p>\n","protected":false},"author":5,"featured_media":0,"parent":9705,"menu_order":0,"comment_status":"closed","ping_status":"closed","template":"","meta":{"footnotes":""},"class_list":["post-13417","page","type-page","status-publish","hentry"],"yoast_head":"<!-- This site is optimized with the Yoast SEO plugin v27.2 - https:\/\/yoast.com\/product\/yoast-seo-wordpress\/ -->\n<title>Machine \u00e0 vapeur historique - Historische Wasserm\u00fchle Birgel<\/title>\n<meta name=\"robots\" content=\"index, follow, max-snippet:-1, max-image-preview:large, max-video-preview:-1\" \/>\n<link rel=\"canonical\" href=\"https:\/\/www.muehlebirgel.de\/fr\/machine-a-vapeur-historique\" \/>\n<meta property=\"og:locale\" content=\"fr_FR\" \/>\n<meta property=\"og:type\" content=\"article\" \/>\n<meta property=\"og:title\" content=\"Machine \u00e0 vapeur historique - Historische Wasserm\u00fchle Birgel\" \/>\n<meta property=\"og:description\" content=\"Nouvelle attraction dans le moulin : la machine \u00e0 vapeur historique ! Rejoignez-nous pour un voyage en 1913 ! Erwin a poursuivi sa philosophie de la technique ancienne en restaurant une machine \u00e0 vapeur datant de 1913 et en la remettant en \u00e9tat de fonctionnement complet. La chaudi\u00e8re \u00e0 vapeur qui fournit l&rsquo;\u00e9nergie n\u00e9cessaire \u00e0 [&hellip;]\" \/>\n<meta property=\"og:url\" content=\"https:\/\/www.muehlebirgel.de\/fr\/machine-a-vapeur-historique\/\" \/>\n<meta property=\"og:site_name\" content=\"Historische Wasserm\u00fchle Birgel\" \/>\n<meta property=\"article:modified_time\" content=\"2025-02-19T11:21:33+00:00\" \/>\n<meta property=\"og:image\" content=\"https:\/\/www.muehlebirgel.de\/wp-content\/uploads\/dampfmaschine-seitlich.webp\" \/>\n\t<meta property=\"og:image:width\" content=\"300\" \/>\n\t<meta property=\"og:image:height\" content=\"200\" \/>\n\t<meta property=\"og:image:type\" content=\"image\/webp\" \/>\n<meta name=\"twitter:card\" content=\"summary_large_image\" \/>\n<meta name=\"twitter:label1\" content=\"Dur\u00e9e de lecture estim\u00e9e\" \/>\n\t<meta name=\"twitter:data1\" content=\"1 minute\" \/>\n<script type=\"application\/ld+json\" class=\"yoast-schema-graph\">{\"@context\":\"https:\/\/schema.org\",\"@graph\":[{\"@type\":\"WebPage\",\"@id\":\"https:\/\/www.muehlebirgel.de\/fr\/machine-a-vapeur-historique\",\"url\":\"https:\/\/www.muehlebirgel.de\/fr\/machine-a-vapeur-historique\",\"name\":\"Machine \u00e0 vapeur historique - Historische Wasserm\u00fchle Birgel\",\"isPartOf\":{\"@id\":\"https:\/\/www.muehlebirgel.de\/fr\/#website\"},\"primaryImageOfPage\":{\"@id\":\"https:\/\/www.muehlebirgel.de\/fr\/machine-a-vapeur-historique#primaryimage\"},\"image\":{\"@id\":\"https:\/\/www.muehlebirgel.de\/fr\/machine-a-vapeur-historique#primaryimage\"},\"thumbnailUrl\":\"https:\/\/www.muehlebirgel.de\/wp-content\/uploads\/dampfmaschine-seitlich.webp\",\"datePublished\":\"2022-09-30T07:58:25+00:00\",\"dateModified\":\"2025-02-19T11:21:33+00:00\",\"breadcrumb\":{\"@id\":\"https:\/\/www.muehlebirgel.de\/fr\/machine-a-vapeur-historique#breadcrumb\"},\"inLanguage\":\"fr-FR\",\"potentialAction\":[{\"@type\":\"ReadAction\",\"target\":[\"https:\/\/www.muehlebirgel.de\/fr\/machine-a-vapeur-historique\"]}]},{\"@type\":\"ImageObject\",\"inLanguage\":\"fr-FR\",\"@id\":\"https:\/\/www.muehlebirgel.de\/fr\/machine-a-vapeur-historique#primaryimage\",\"url\":\"https:\/\/www.muehlebirgel.de\/wp-content\/uploads\/dampfmaschine-seitlich.webp\",\"contentUrl\":\"https:\/\/www.muehlebirgel.de\/wp-content\/uploads\/dampfmaschine-seitlich.webp\"},{\"@type\":\"BreadcrumbList\",\"@id\":\"https:\/\/www.muehlebirgel.de\/fr\/machine-a-vapeur-historique#breadcrumb\",\"itemListElement\":[{\"@type\":\"ListItem\",\"position\":1,\"name\":\"Startseite\",\"item\":\"https:\/\/www.muehlebirgel.de\/fr\"},{\"@type\":\"ListItem\",\"position\":2,\"name\":\"Dates et \u00e9v\u00e9nements dans le moulin \u00e0 eau historique\",\"item\":\"https:\/\/www.muehlebirgel.de\/fr\/dates-et-evenements-dans-le-moulin-a-eau-historique\"},{\"@type\":\"ListItem\",\"position\":3,\"name\":\"Machine \u00e0 vapeur historique\"}]},{\"@type\":\"WebSite\",\"@id\":\"https:\/\/www.muehlebirgel.de\/fr\/#website\",\"url\":\"https:\/\/www.muehlebirgel.de\/fr\/\",\"name\":\"Historische Wasserm\u00fchle Birgel\",\"description\":\"Willkommen im M\u00fchlen-Erlebniszentrum\",\"potentialAction\":[{\"@type\":\"SearchAction\",\"target\":{\"@type\":\"EntryPoint\",\"urlTemplate\":\"https:\/\/www.muehlebirgel.de\/fr\/?s={search_term_string}\"},\"query-input\":{\"@type\":\"PropertyValueSpecification\",\"valueRequired\":true,\"valueName\":\"search_term_string\"}}],\"inLanguage\":\"fr-FR\"}]}<\/script>\n<!-- \/ Yoast SEO plugin. -->","yoast_head_json":{"title":"Machine \u00e0 vapeur historique - Historische Wasserm\u00fchle Birgel","robots":{"index":"index","follow":"follow","max-snippet":"max-snippet:-1","max-image-preview":"max-image-preview:large","max-video-preview":"max-video-preview:-1"},"canonical":"https:\/\/www.muehlebirgel.de\/fr\/machine-a-vapeur-historique","og_locale":"fr_FR","og_type":"article","og_title":"Machine \u00e0 vapeur historique - Historische Wasserm\u00fchle Birgel","og_description":"Nouvelle attraction dans le moulin : la machine \u00e0 vapeur historique ! Rejoignez-nous pour un voyage en 1913 ! Erwin a poursuivi sa philosophie de la technique ancienne en restaurant une machine \u00e0 vapeur datant de 1913 et en la remettant en \u00e9tat de fonctionnement complet. La chaudi\u00e8re \u00e0 vapeur qui fournit l&rsquo;\u00e9nergie n\u00e9cessaire \u00e0 [&hellip;]","og_url":"https:\/\/www.muehlebirgel.de\/fr\/machine-a-vapeur-historique\/","og_site_name":"Historische Wasserm\u00fchle Birgel","article_modified_time":"2025-02-19T11:21:33+00:00","og_image":[{"width":300,"height":200,"url":"https:\/\/www.muehlebirgel.de\/wp-content\/uploads\/dampfmaschine-seitlich.webp","type":"image\/webp"}],"twitter_card":"summary_large_image","twitter_misc":{"Dur\u00e9e de lecture estim\u00e9e":"1 minute"},"schema":{"@context":"https:\/\/schema.org","@graph":[{"@type":"WebPage","@id":"https:\/\/www.muehlebirgel.de\/fr\/machine-a-vapeur-historique","url":"https:\/\/www.muehlebirgel.de\/fr\/machine-a-vapeur-historique","name":"Machine \u00e0 vapeur historique - Historische Wasserm\u00fchle Birgel","isPartOf":{"@id":"https:\/\/www.muehlebirgel.de\/fr\/#website"},"primaryImageOfPage":{"@id":"https:\/\/www.muehlebirgel.de\/fr\/machine-a-vapeur-historique#primaryimage"},"image":{"@id":"https:\/\/www.muehlebirgel.de\/fr\/machine-a-vapeur-historique#primaryimage"},"thumbnailUrl":"https:\/\/www.muehlebirgel.de\/wp-content\/uploads\/dampfmaschine-seitlich.webp","datePublished":"2022-09-30T07:58:25+00:00","dateModified":"2025-02-19T11:21:33+00:00","breadcrumb":{"@id":"https:\/\/www.muehlebirgel.de\/fr\/machine-a-vapeur-historique#breadcrumb"},"inLanguage":"fr-FR","potentialAction":[{"@type":"ReadAction","target":["https:\/\/www.muehlebirgel.de\/fr\/machine-a-vapeur-historique"]}]},{"@type":"ImageObject","inLanguage":"fr-FR","@id":"https:\/\/www.muehlebirgel.de\/fr\/machine-a-vapeur-historique#primaryimage","url":"https:\/\/www.muehlebirgel.de\/wp-content\/uploads\/dampfmaschine-seitlich.webp","contentUrl":"https:\/\/www.muehlebirgel.de\/wp-content\/uploads\/dampfmaschine-seitlich.webp"},{"@type":"BreadcrumbList","@id":"https:\/\/www.muehlebirgel.de\/fr\/machine-a-vapeur-historique#breadcrumb","itemListElement":[{"@type":"ListItem","position":1,"name":"Startseite","item":"https:\/\/www.muehlebirgel.de\/fr"},{"@type":"ListItem","position":2,"name":"Dates et \u00e9v\u00e9nements dans le moulin \u00e0 eau historique","item":"https:\/\/www.muehlebirgel.de\/fr\/dates-et-evenements-dans-le-moulin-a-eau-historique"},{"@type":"ListItem","position":3,"name":"Machine \u00e0 vapeur historique"}]},{"@type":"WebSite","@id":"https:\/\/www.muehlebirgel.de\/fr\/#website","url":"https:\/\/www.muehlebirgel.de\/fr\/","name":"Historische Wasserm\u00fchle Birgel","description":"Willkommen im M\u00fchlen-Erlebniszentrum","potentialAction":[{"@type":"SearchAction","target":{"@type":"EntryPoint","urlTemplate":"https:\/\/www.muehlebirgel.de\/fr\/?s={search_term_string}"},"query-input":{"@type":"PropertyValueSpecification","valueRequired":true,"valueName":"search_term_string"}}],"inLanguage":"fr-FR"}]}},"_links":{"self":[{"href":"https:\/\/www.muehlebirgel.de\/fr\/wp-json\/wp\/v2\/pages\/13417","targetHints":{"allow":["GET"]}}],"collection":[{"href":"https:\/\/www.muehlebirgel.de\/fr\/wp-json\/wp\/v2\/pages"}],"about":[{"href":"https:\/\/www.muehlebirgel.de\/fr\/wp-json\/wp\/v2\/types\/page"}],"author":[{"embeddable":true,"href":"https:\/\/www.muehlebirgel.de\/fr\/wp-json\/wp\/v2\/users\/5"}],"replies":[{"embeddable":true,"href":"https:\/\/www.muehlebirgel.de\/fr\/wp-json\/wp\/v2\/comments?post=13417"}],"version-history":[{"count":8,"href":"https:\/\/www.muehlebirgel.de\/fr\/wp-json\/wp\/v2\/pages\/13417\/revisions"}],"predecessor-version":[{"id":52259,"href":"https:\/\/www.muehlebirgel.de\/fr\/wp-json\/wp\/v2\/pages\/13417\/revisions\/52259"}],"up":[{"embeddable":true,"href":"https:\/\/www.muehlebirgel.de\/fr\/wp-json\/wp\/v2\/pages\/9705"}],"wp:attachment":[{"href":"https:\/\/www.muehlebirgel.de\/fr\/wp-json\/wp\/v2\/media?parent=13417"}],"curies":[{"name":"wp","href":"https:\/\/api.w.org\/{rel}","templated":true}]}}