{"id":13438,"date":"2022-09-30T09:12:50","date_gmt":"2022-09-30T08:12:50","guid":{"rendered":"https:\/\/www.muehlebirgel.de\/brassage-de-biere-avec-erwin\/"},"modified":"2025-12-29T13:55:10","modified_gmt":"2025-12-29T12:55:10","slug":"brassage-de-biere-avec-erwin","status":"publish","type":"page","link":"https:\/\/www.muehlebirgel.de\/fr\/brassage-de-biere-avec-erwin","title":{"rendered":"Cours de brassage de bi\u00e8re \/ S\u00e9minaire de brassage de bi\u00e8re incl. D\u00e9gustation de bi\u00e8re dans l&rsquo;Eifel"},"content":{"rendered":"<h2>Brassage de bi\u00e8re avec Erwin &#8211; Cours de brassage de bi\u00e8re dans la brasserie historique du moulin de Birgel dans l&rsquo;Eifel volcanique<\/h2>\n<div class=\"wp-block-image\">\n<figure class=\"alignleft\"><img loading=\"lazy\" decoding=\"async\" width=\"300\" height=\"169\" src=\"https:\/\/www.muehlebirgel.de\/wp-content\/uploads\/2022\/09\/Braustuebchen-bearbeitet-2-300x169.jpg\" alt=\"\" class=\"wp-image-12611\"\/><\/figure>\n<\/div>\n<h3 class=\"wp-block-heading\">Apprenez tout ce qu&rsquo;il faut savoir de A \u00e0 Z sur le brassage de la bi\u00e8re.<\/h3>\n\n<p>L&rsquo;installation de brassage du meunier en chef Erwin est la derni\u00e8re extension du site historique du moulin et a \u00e9t\u00e9 reconstruite par lui-m\u00eame d&rsquo;apr\u00e8s des donn\u00e9es anciennes. Le brassage de la bi\u00e8re n\u00e9cessite un travail manuel pour l&#8217;emp\u00e2tage et la filtration, car il n&rsquo;y a pas de m\u00e9langeur ni de pompe. Le plus difficile est de maintenir la temp\u00e9rature dans la cuve de brassage chauff\u00e9e au bois. Soyez vous-m\u00eame brasseur et replongez-vous dans le bon vieux temps de l&rsquo;Ordonnance de puret\u00e9.<\/p>\n\n<p>\u00a0<\/p>\n\n<hr class=\"wp-block-separator has-alpha-channel-opacity\"\/>\n\n<p><\/p>\n\n<div class=\"wp-block-columns is-layout-flex wp-container-core-columns-is-layout-9d6595d7 wp-block-columns-is-layout-flex\">\n<div class=\"wp-block-column column-no-margin-no-padding is-layout-flow wp-block-column-is-layout-flow\" style=\"flex-basis:300px\">\n<figure class=\"wp-block-image size-full is-resized\"><img decoding=\"async\" src=\"https:\/\/www.muehlebirgel.de\/wp-content\/uploads\/2022\/12\/erwin-dampf-bierbrauen.jpg\" alt=\"\" class=\"wp-image-14857\" style=\"object-fit:cover;width:300px;height:300px\"\/><\/figure>\n\n\n\n<div style=\"height:10px\" aria-hidden=\"true\" class=\"wp-block-spacer\"><\/div>\n\n\n\n<figure class=\"wp-block-image size-full is-resized\"><img loading=\"lazy\" decoding=\"async\" width=\"300\" height=\"200\" src=\"https:\/\/www.muehlebirgel.de\/wp-content\/uploads\/2022\/12\/erwin-bierschuetten-bierbrauen.jpg\" alt=\"\" class=\"wp-image-14862\" style=\"object-fit:cover;width:300px;height:200px\"\/><\/figure>\n<\/div>\n\n\n\n<div class=\"wp-block-column is-layout-flow wp-block-column-is-layout-flow\" style=\"flex-basis:66.66%\">\n<h3 class=\"wp-block-heading\">Les prestations suivantes sont comprises dans l&rsquo;arrangement<\/h3>\n\n\n\n<p>D\u00e9but le jour de l&rsquo;arriv\u00e9e \u00e0 9h00<\/p>\n<p>1 x h\u00e9bergement en chambre double<br>1 x brassage de la bi\u00e8re de A \u00e0 Z<br>1 x visite guid\u00e9e du moulin<br>1 x d\u00e9jeuner<br>1 x d\u00eener<br>1 x bi\u00e8re de bienvenue<br>3 x bi\u00e8re de moulin ou boissons non alcoolis\u00e9es<br>1 verre \u00e0 bi\u00e8re et tablier<br>1 x petit d\u00e9jeuner de brassage<br>1 certificat d&rsquo;aide au brassage<\/p>\n\n\n\n<div class=\"wp-block-column is-layout-flow wp-block-column-is-layout-flow\" style=\"flex-basis:50%\"><\/div>\n<\/div>\n<\/div>\n\n<div class=\"wp-block-columns is-layout-flex wp-container-core-columns-is-layout-9d6595d7 wp-block-columns-is-layout-flex\">\n<div class=\"wp-block-column is-layout-flow wp-block-column-is-layout-flow\">\n<h3 class=\"wp-block-heading\">D\u00e9lais 2026<\/h3>\n\n\n\n<p>06-07 f\u00e9vrier 26 <br\/>08-09 mai 26<br\/>05-06 juin 26<br\/>19-20 juin 26<br\/>10-11 juillet 26<br\/>24-25 juillet 26<br\/>07-08 ao\u00fbt 26<br\/>21-22 ao\u00fbt 26<br\/>04-05 septembre 26<br\/>25-26 septembre 26<br\/>09-10 octobre 26<br\/>16-17 octobre 26<br\/>20-21 novembre 26<br\/><\/p>\n\n\n\n<p>Autres dates \u00e0 convenir<\/p>\n\n\n\n<p>Par personne 168,00 \u20ac en chambre double, + 48,00 \u20ac en chambre individuelle<br\/>Taille maximale du groupe : 4 personnes<\/p>\n\n\n\n<p>Pour les groupes de 4 personnes ou plus, une date s\u00e9par\u00e9e peut \u00eatre r\u00e9serv\u00e9e.  <br\/>Les groupes de 4 personnes ou plus b\u00e9n\u00e9ficient d&rsquo;un tarif sp\u00e9cial de 188,00 \u20ac.<\/p>\n<\/div>\n<\/div>\n","protected":false},"excerpt":{"rendered":"<p>Brassage de bi\u00e8re avec Erwin &#8211; Cours de brassage de bi\u00e8re dans la brasserie historique du moulin de Birgel dans l&rsquo;Eifel volcanique Apprenez tout ce qu&rsquo;il faut savoir de A \u00e0 Z sur le brassage de la bi\u00e8re. L&rsquo;installation de brassage du meunier en chef Erwin est la derni\u00e8re extension du site historique du moulin [&hellip;]<\/p>\n","protected":false},"author":5,"featured_media":0,"parent":9705,"menu_order":0,"comment_status":"closed","ping_status":"closed","template":"","meta":{"footnotes":""},"class_list":["post-13438","page","type-page","status-publish","hentry"],"yoast_head":"<!-- This site is optimized with the Yoast SEO plugin v27.2 - https:\/\/yoast.com\/product\/yoast-seo-wordpress\/ -->\n<title>Cours de brassage de bi\u00e8re \/ S\u00e9minaire de brassage de bi\u00e8re incl. D\u00e9gustation de bi\u00e8re dans l&#039;Eifel<\/title>\n<meta name=\"description\" content=\"Brassage de la bi\u00e8re avec Erwin von der M\u00fchle. Apprend tout ce qu&#039;il faut savoir de A \u00e0 Z sur le brassage de la bi\u00e8re.\" \/>\n<meta name=\"robots\" content=\"index, follow, max-snippet:-1, max-image-preview:large, max-video-preview:-1\" \/>\n<link rel=\"canonical\" href=\"https:\/\/www.muehlebirgel.de\/fr\/brassage-de-biere-avec-erwin\" \/>\n<meta property=\"og:locale\" content=\"fr_FR\" \/>\n<meta property=\"og:type\" content=\"article\" \/>\n<meta property=\"og:title\" content=\"Cours de brassage de bi\u00e8re \/ S\u00e9minaire de brassage de bi\u00e8re incl. D\u00e9gustation de bi\u00e8re dans l&#039;Eifel\" \/>\n<meta property=\"og:description\" content=\"Brassage de la bi\u00e8re avec Erwin von der M\u00fchle. Apprend tout ce qu&#039;il faut savoir de A \u00e0 Z sur le brassage de la bi\u00e8re.\" \/>\n<meta property=\"og:url\" content=\"https:\/\/www.muehlebirgel.de\/fr\/brassage-de-biere-avec-erwin\/\" \/>\n<meta property=\"og:site_name\" content=\"Historische Wasserm\u00fchle Birgel\" \/>\n<meta property=\"article:modified_time\" content=\"2025-12-29T12:55:10+00:00\" \/>\n<meta property=\"og:image\" content=\"https:\/\/www.muehlebirgel.de\/wp-content\/uploads\/2022\/09\/Braustuebchen-bearbeitet-2-scaled.jpg\" \/>\n\t<meta property=\"og:image:width\" content=\"2560\" \/>\n\t<meta property=\"og:image:height\" content=\"1440\" \/>\n\t<meta property=\"og:image:type\" content=\"image\/jpeg\" \/>\n<meta name=\"twitter:card\" content=\"summary_large_image\" \/>\n<meta name=\"twitter:label1\" content=\"Dur\u00e9e de lecture estim\u00e9e\" \/>\n\t<meta name=\"twitter:data1\" content=\"1 minute\" \/>\n<script type=\"application\/ld+json\" class=\"yoast-schema-graph\">{\"@context\":\"https:\/\/schema.org\",\"@graph\":[{\"@type\":\"WebPage\",\"@id\":\"https:\/\/www.muehlebirgel.de\/fr\/brassage-de-biere-avec-erwin\",\"url\":\"https:\/\/www.muehlebirgel.de\/fr\/brassage-de-biere-avec-erwin\",\"name\":\"Cours de brassage de bi\u00e8re \/ S\u00e9minaire de brassage de bi\u00e8re incl. D\u00e9gustation de bi\u00e8re dans l'Eifel\",\"isPartOf\":{\"@id\":\"https:\/\/www.muehlebirgel.de\/fr\/#website\"},\"primaryImageOfPage\":{\"@id\":\"https:\/\/www.muehlebirgel.de\/fr\/brassage-de-biere-avec-erwin#primaryimage\"},\"image\":{\"@id\":\"https:\/\/www.muehlebirgel.de\/fr\/brassage-de-biere-avec-erwin#primaryimage\"},\"thumbnailUrl\":\"https:\/\/www.muehlebirgel.de\/wp-content\/uploads\/2022\/09\/Braustuebchen-bearbeitet-2-300x169.jpg\",\"datePublished\":\"2022-09-30T08:12:50+00:00\",\"dateModified\":\"2025-12-29T12:55:10+00:00\",\"description\":\"Brassage de la bi\u00e8re avec Erwin von der M\u00fchle. Apprend tout ce qu'il faut savoir de A \u00e0 Z sur le brassage de la bi\u00e8re.\",\"breadcrumb\":{\"@id\":\"https:\/\/www.muehlebirgel.de\/fr\/brassage-de-biere-avec-erwin#breadcrumb\"},\"inLanguage\":\"fr-FR\",\"potentialAction\":[{\"@type\":\"ReadAction\",\"target\":[\"https:\/\/www.muehlebirgel.de\/fr\/brassage-de-biere-avec-erwin\"]}]},{\"@type\":\"ImageObject\",\"inLanguage\":\"fr-FR\",\"@id\":\"https:\/\/www.muehlebirgel.de\/fr\/brassage-de-biere-avec-erwin#primaryimage\",\"url\":\"https:\/\/www.muehlebirgel.de\/wp-content\/uploads\/2022\/09\/Braustuebchen-bearbeitet-2-300x169.jpg\",\"contentUrl\":\"https:\/\/www.muehlebirgel.de\/wp-content\/uploads\/2022\/09\/Braustuebchen-bearbeitet-2-300x169.jpg\"},{\"@type\":\"BreadcrumbList\",\"@id\":\"https:\/\/www.muehlebirgel.de\/fr\/brassage-de-biere-avec-erwin#breadcrumb\",\"itemListElement\":[{\"@type\":\"ListItem\",\"position\":1,\"name\":\"Startseite\",\"item\":\"https:\/\/www.muehlebirgel.de\/fr\"},{\"@type\":\"ListItem\",\"position\":2,\"name\":\"Dates et \u00e9v\u00e9nements dans le moulin \u00e0 eau historique\",\"item\":\"https:\/\/www.muehlebirgel.de\/fr\/dates-et-evenements-dans-le-moulin-a-eau-historique\"},{\"@type\":\"ListItem\",\"position\":3,\"name\":\"Cours de brassage de bi\u00e8re \/ S\u00e9minaire de brassage de bi\u00e8re incl. D\u00e9gustation de bi\u00e8re dans l&#8217;Eifel\"}]},{\"@type\":\"WebSite\",\"@id\":\"https:\/\/www.muehlebirgel.de\/fr\/#website\",\"url\":\"https:\/\/www.muehlebirgel.de\/fr\/\",\"name\":\"Historische Wasserm\u00fchle Birgel\",\"description\":\"Willkommen im M\u00fchlen-Erlebniszentrum\",\"potentialAction\":[{\"@type\":\"SearchAction\",\"target\":{\"@type\":\"EntryPoint\",\"urlTemplate\":\"https:\/\/www.muehlebirgel.de\/fr\/?s={search_term_string}\"},\"query-input\":{\"@type\":\"PropertyValueSpecification\",\"valueRequired\":true,\"valueName\":\"search_term_string\"}}],\"inLanguage\":\"fr-FR\"}]}<\/script>\n<!-- \/ Yoast SEO plugin. -->","yoast_head_json":{"title":"Cours de brassage de bi\u00e8re \/ S\u00e9minaire de brassage de bi\u00e8re incl. D\u00e9gustation de bi\u00e8re dans l'Eifel","description":"Brassage de la bi\u00e8re avec Erwin von der M\u00fchle. Apprend tout ce qu'il faut savoir de A \u00e0 Z sur le brassage de la bi\u00e8re.","robots":{"index":"index","follow":"follow","max-snippet":"max-snippet:-1","max-image-preview":"max-image-preview:large","max-video-preview":"max-video-preview:-1"},"canonical":"https:\/\/www.muehlebirgel.de\/fr\/brassage-de-biere-avec-erwin","og_locale":"fr_FR","og_type":"article","og_title":"Cours de brassage de bi\u00e8re \/ S\u00e9minaire de brassage de bi\u00e8re incl. D\u00e9gustation de bi\u00e8re dans l'Eifel","og_description":"Brassage de la bi\u00e8re avec Erwin von der M\u00fchle. Apprend tout ce qu'il faut savoir de A \u00e0 Z sur le brassage de la bi\u00e8re.","og_url":"https:\/\/www.muehlebirgel.de\/fr\/brassage-de-biere-avec-erwin\/","og_site_name":"Historische Wasserm\u00fchle Birgel","article_modified_time":"2025-12-29T12:55:10+00:00","og_image":[{"width":2560,"height":1440,"url":"https:\/\/www.muehlebirgel.de\/wp-content\/uploads\/2022\/09\/Braustuebchen-bearbeitet-2-scaled.jpg","type":"image\/jpeg"}],"twitter_card":"summary_large_image","twitter_misc":{"Dur\u00e9e de lecture estim\u00e9e":"1 minute"},"schema":{"@context":"https:\/\/schema.org","@graph":[{"@type":"WebPage","@id":"https:\/\/www.muehlebirgel.de\/fr\/brassage-de-biere-avec-erwin","url":"https:\/\/www.muehlebirgel.de\/fr\/brassage-de-biere-avec-erwin","name":"Cours de brassage de bi\u00e8re \/ S\u00e9minaire de brassage de bi\u00e8re incl. D\u00e9gustation de bi\u00e8re dans l'Eifel","isPartOf":{"@id":"https:\/\/www.muehlebirgel.de\/fr\/#website"},"primaryImageOfPage":{"@id":"https:\/\/www.muehlebirgel.de\/fr\/brassage-de-biere-avec-erwin#primaryimage"},"image":{"@id":"https:\/\/www.muehlebirgel.de\/fr\/brassage-de-biere-avec-erwin#primaryimage"},"thumbnailUrl":"https:\/\/www.muehlebirgel.de\/wp-content\/uploads\/2022\/09\/Braustuebchen-bearbeitet-2-300x169.jpg","datePublished":"2022-09-30T08:12:50+00:00","dateModified":"2025-12-29T12:55:10+00:00","description":"Brassage de la bi\u00e8re avec Erwin von der M\u00fchle. Apprend tout ce qu'il faut savoir de A \u00e0 Z sur le brassage de la bi\u00e8re.","breadcrumb":{"@id":"https:\/\/www.muehlebirgel.de\/fr\/brassage-de-biere-avec-erwin#breadcrumb"},"inLanguage":"fr-FR","potentialAction":[{"@type":"ReadAction","target":["https:\/\/www.muehlebirgel.de\/fr\/brassage-de-biere-avec-erwin"]}]},{"@type":"ImageObject","inLanguage":"fr-FR","@id":"https:\/\/www.muehlebirgel.de\/fr\/brassage-de-biere-avec-erwin#primaryimage","url":"https:\/\/www.muehlebirgel.de\/wp-content\/uploads\/2022\/09\/Braustuebchen-bearbeitet-2-300x169.jpg","contentUrl":"https:\/\/www.muehlebirgel.de\/wp-content\/uploads\/2022\/09\/Braustuebchen-bearbeitet-2-300x169.jpg"},{"@type":"BreadcrumbList","@id":"https:\/\/www.muehlebirgel.de\/fr\/brassage-de-biere-avec-erwin#breadcrumb","itemListElement":[{"@type":"ListItem","position":1,"name":"Startseite","item":"https:\/\/www.muehlebirgel.de\/fr"},{"@type":"ListItem","position":2,"name":"Dates et \u00e9v\u00e9nements dans le moulin \u00e0 eau historique","item":"https:\/\/www.muehlebirgel.de\/fr\/dates-et-evenements-dans-le-moulin-a-eau-historique"},{"@type":"ListItem","position":3,"name":"Cours de brassage de bi\u00e8re \/ S\u00e9minaire de brassage de bi\u00e8re incl. D\u00e9gustation de bi\u00e8re dans l&#8217;Eifel"}]},{"@type":"WebSite","@id":"https:\/\/www.muehlebirgel.de\/fr\/#website","url":"https:\/\/www.muehlebirgel.de\/fr\/","name":"Historische Wasserm\u00fchle Birgel","description":"Willkommen im M\u00fchlen-Erlebniszentrum","potentialAction":[{"@type":"SearchAction","target":{"@type":"EntryPoint","urlTemplate":"https:\/\/www.muehlebirgel.de\/fr\/?s={search_term_string}"},"query-input":{"@type":"PropertyValueSpecification","valueRequired":true,"valueName":"search_term_string"}}],"inLanguage":"fr-FR"}]}},"_links":{"self":[{"href":"https:\/\/www.muehlebirgel.de\/fr\/wp-json\/wp\/v2\/pages\/13438","targetHints":{"allow":["GET"]}}],"collection":[{"href":"https:\/\/www.muehlebirgel.de\/fr\/wp-json\/wp\/v2\/pages"}],"about":[{"href":"https:\/\/www.muehlebirgel.de\/fr\/wp-json\/wp\/v2\/types\/page"}],"author":[{"embeddable":true,"href":"https:\/\/www.muehlebirgel.de\/fr\/wp-json\/wp\/v2\/users\/5"}],"replies":[{"embeddable":true,"href":"https:\/\/www.muehlebirgel.de\/fr\/wp-json\/wp\/v2\/comments?post=13438"}],"version-history":[{"count":65,"href":"https:\/\/www.muehlebirgel.de\/fr\/wp-json\/wp\/v2\/pages\/13438\/revisions"}],"predecessor-version":[{"id":62641,"href":"https:\/\/www.muehlebirgel.de\/fr\/wp-json\/wp\/v2\/pages\/13438\/revisions\/62641"}],"up":[{"embeddable":true,"href":"https:\/\/www.muehlebirgel.de\/fr\/wp-json\/wp\/v2\/pages\/9705"}],"wp:attachment":[{"href":"https:\/\/www.muehlebirgel.de\/fr\/wp-json\/wp\/v2\/media?parent=13438"}],"curies":[{"name":"wp","href":"https:\/\/api.w.org\/{rel}","templated":true}]}}