{"id":28014,"date":"2023-06-28T09:07:48","date_gmt":"2023-06-28T08:07:48","guid":{"rendered":"https:\/\/www.muehlebirgel.de\/mariage-in-der-eifel-feiern\/recits-de-mariage-du-moulin-a-eau\/le-mariage-de-simone-et-manuel-2\/"},"modified":"2023-06-28T09:42:25","modified_gmt":"2023-06-28T08:42:25","slug":"le-mariage-de-simone-et-juergen","status":"publish","type":"page","link":"https:\/\/www.muehlebirgel.de\/fr\/le-mariage-de-simone-et-manuel-2","title":{"rendered":"Le mariage de Simone et J\u00fcrgen"},"content":{"rendered":"\n<h2 class=\"wp-block-heading\">Notre mariage dans le \u00ab\u00a0moulin \u00e0 eau historique de Birgel<\/h2>\n<div class=\"wp-block-image\">\n<figure class=\"alignleft size-large is-resized\"><img decoding=\"async\" src=\"https:\/\/www.muehlebirgel.de\/wp-content\/uploads\/2023\/06\/2023-05-13_SimoneJuergen_148-682x1024.jpg\" alt=\"\" class=\"wp-image-27792\" width=\"300\" srcset=\"https:\/\/www.muehlebirgel.de\/wp-content\/uploads\/2023\/06\/2023-05-13_SimoneJuergen_148-682x1024.jpg 682w, https:\/\/www.muehlebirgel.de\/wp-content\/uploads\/2023\/06\/2023-05-13_SimoneJuergen_148-640x960.jpg 640w, https:\/\/www.muehlebirgel.de\/wp-content\/uploads\/2023\/06\/2023-05-13_SimoneJuergen_148-400x600.jpg 400w\" sizes=\"(max-width: 682px) 100vw, 682px\" \/><\/figure><\/div>\n<p><\/p>\n\n<p>Bonjour cher Erwin et ch\u00e8re \u00e9quipe du moulin,  <\/p>\n\n<p>Cela fait d\u00e9j\u00e0 plus de 6 semaines que nous avons c\u00e9l\u00e9br\u00e9 notre mariage chez vous.  <\/p>\n\n<p>Nous pensons encore tr\u00e8s souvent \u00e0 cette belle journ\u00e9e. C&rsquo;est surtout gr\u00e2ce \u00e0 votre formidable engagement et \u00e0 votre organisation professionnelle que tout a si bien fonctionn\u00e9. Nos invit\u00e9s n&rsquo;ont pas tari d&rsquo;\u00e9loges et nous aimerions tous vous en faire profiter. Merci beaucoup, vous \u00eates une \u00e9quipe formidable.  <\/p>\n\n<p>Ci-joint quelques photos pour vous, qui refl\u00e8tent encore un peu la journ\u00e9e et l&rsquo;ambiance.  <\/p>\n\n<p>Nous vous souhaitons un bel \u00e9t\u00e9 et de bonnes vacances et esp\u00e9rons vous revoir bient\u00f4t au moulin.  <\/p>\n\n<p>Salutations,<\/p>\n\n<p>Simone &amp; J\u00fcrgen en juin 2023<\/p>\n\n<hr class=\"wp-block-separator has-alpha-channel-opacity\"\/>\n\n<p><\/p>\n\n<figure class=\"wp-block-gallery has-nested-images columns-default is-cropped wp-block-gallery-1 is-layout-flex wp-block-gallery-is-layout-flex\">\n<figure class=\"wp-block-image size-large\"><img loading=\"lazy\" decoding=\"async\" width=\"682\" height=\"1024\" data-id=\"27891\" src=\"https:\/\/www.muehlebirgel.de\/wp-content\/uploads\/2023\/06\/2023-05-13_SimoneJuergen_148-1-682x1024.jpg\" alt=\"\" class=\"wp-image-27891\" srcset=\"https:\/\/www.muehlebirgel.de\/wp-content\/uploads\/2023\/06\/2023-05-13_SimoneJuergen_148-1-682x1024.jpg 682w, https:\/\/www.muehlebirgel.de\/wp-content\/uploads\/2023\/06\/2023-05-13_SimoneJuergen_148-1-640x960.jpg 640w, https:\/\/www.muehlebirgel.de\/wp-content\/uploads\/2023\/06\/2023-05-13_SimoneJuergen_148-1-400x600.jpg 400w\" sizes=\"auto, (max-width: 682px) 100vw, 682px\" \/><\/figure>\n\n\n<figure class=\"wp-block-image size-large\"><img loading=\"lazy\" decoding=\"async\" width=\"1024\" height=\"683\" data-id=\"27869\" src=\"https:\/\/www.muehlebirgel.de\/wp-content\/uploads\/2023\/06\/2023-05-13_SimoneJuergen_04320-1024x683.jpg\" alt=\"\" class=\"wp-image-27869\" srcset=\"https:\/\/www.muehlebirgel.de\/wp-content\/uploads\/2023\/06\/2023-05-13_SimoneJuergen_04320-1024x683.jpg 1024w, https:\/\/www.muehlebirgel.de\/wp-content\/uploads\/2023\/06\/2023-05-13_SimoneJuergen_04320-768x512.jpg 768w, https:\/\/www.muehlebirgel.de\/wp-content\/uploads\/2023\/06\/2023-05-13_SimoneJuergen_04320-640x427.jpg 640w, https:\/\/www.muehlebirgel.de\/wp-content\/uploads\/2023\/06\/2023-05-13_SimoneJuergen_04320-400x267.jpg 400w\" sizes=\"auto, (max-width: 1024px) 100vw, 1024px\" \/><\/figure>\n\n\n<figure class=\"wp-block-image size-large\"><img loading=\"lazy\" decoding=\"async\" width=\"1024\" height=\"682\" data-id=\"27957\" src=\"https:\/\/www.muehlebirgel.de\/wp-content\/uploads\/2023\/06\/2023-05-13_SimoneJuergen_16475-1024x682.jpg\" alt=\"\" class=\"wp-image-27957\" srcset=\"https:\/\/www.muehlebirgel.de\/wp-content\/uploads\/2023\/06\/2023-05-13_SimoneJuergen_16475-1024x682.jpg 1024w, https:\/\/www.muehlebirgel.de\/wp-content\/uploads\/2023\/06\/2023-05-13_SimoneJuergen_16475-768x512.jpg 768w, https:\/\/www.muehlebirgel.de\/wp-content\/uploads\/2023\/06\/2023-05-13_SimoneJuergen_16475-640x427.jpg 640w, https:\/\/www.muehlebirgel.de\/wp-content\/uploads\/2023\/06\/2023-05-13_SimoneJuergen_16475-400x267.jpg 400w\" sizes=\"auto, (max-width: 1024px) 100vw, 1024px\" \/><\/figure>\n\n\n<figure class=\"wp-block-image size-large\"><img loading=\"lazy\" decoding=\"async\" width=\"1024\" height=\"683\" data-id=\"27814\" src=\"https:\/\/www.muehlebirgel.de\/wp-content\/uploads\/2023\/06\/2023-05-13_SimoneJuergen_023-1024x683.jpg\" alt=\"\" class=\"wp-image-27814\" srcset=\"https:\/\/www.muehlebirgel.de\/wp-content\/uploads\/2023\/06\/2023-05-13_SimoneJuergen_023-1024x683.jpg 1024w, https:\/\/www.muehlebirgel.de\/wp-content\/uploads\/2023\/06\/2023-05-13_SimoneJuergen_023-768x512.jpg 768w, https:\/\/www.muehlebirgel.de\/wp-content\/uploads\/2023\/06\/2023-05-13_SimoneJuergen_023-640x427.jpg 640w, https:\/\/www.muehlebirgel.de\/wp-content\/uploads\/2023\/06\/2023-05-13_SimoneJuergen_023-400x267.jpg 400w\" sizes=\"auto, (max-width: 1024px) 100vw, 1024px\" \/><\/figure>\n\n\n<figure class=\"wp-block-image size-large\"><img loading=\"lazy\" decoding=\"async\" width=\"1024\" height=\"683\" data-id=\"27858\" src=\"https:\/\/www.muehlebirgel.de\/wp-content\/uploads\/2023\/06\/2023-05-13_SimoneJuergen_098-1024x683.jpg\" alt=\"\" class=\"wp-image-27858\" srcset=\"https:\/\/www.muehlebirgel.de\/wp-content\/uploads\/2023\/06\/2023-05-13_SimoneJuergen_098-1024x683.jpg 1024w, https:\/\/www.muehlebirgel.de\/wp-content\/uploads\/2023\/06\/2023-05-13_SimoneJuergen_098-768x512.jpg 768w, https:\/\/www.muehlebirgel.de\/wp-content\/uploads\/2023\/06\/2023-05-13_SimoneJuergen_098-640x427.jpg 640w, https:\/\/www.muehlebirgel.de\/wp-content\/uploads\/2023\/06\/2023-05-13_SimoneJuergen_098-400x267.jpg 400w\" sizes=\"auto, (max-width: 1024px) 100vw, 1024px\" \/><\/figure>\n\n\n<figure class=\"wp-block-image size-large\"><img loading=\"lazy\" decoding=\"async\" width=\"1024\" height=\"682\" data-id=\"27825\" src=\"https:\/\/www.muehlebirgel.de\/wp-content\/uploads\/2023\/06\/2023-05-13_SimoneJuergen_10161-1024x682.jpg\" alt=\"\" class=\"wp-image-27825\" srcset=\"https:\/\/www.muehlebirgel.de\/wp-content\/uploads\/2023\/06\/2023-05-13_SimoneJuergen_10161-1024x682.jpg 1024w, https:\/\/www.muehlebirgel.de\/wp-content\/uploads\/2023\/06\/2023-05-13_SimoneJuergen_10161-768x512.jpg 768w, https:\/\/www.muehlebirgel.de\/wp-content\/uploads\/2023\/06\/2023-05-13_SimoneJuergen_10161-640x427.jpg 640w, https:\/\/www.muehlebirgel.de\/wp-content\/uploads\/2023\/06\/2023-05-13_SimoneJuergen_10161-400x267.jpg 400w\" sizes=\"auto, (max-width: 1024px) 100vw, 1024px\" \/><\/figure>\n\n\n<figure class=\"wp-block-image size-large\"><img loading=\"lazy\" decoding=\"async\" width=\"1024\" height=\"683\" data-id=\"27968\" src=\"https:\/\/www.muehlebirgel.de\/wp-content\/uploads\/2023\/06\/2023-05-13_SimoneJuergen_160-1024x683.jpg\" alt=\"\" class=\"wp-image-27968\" srcset=\"https:\/\/www.muehlebirgel.de\/wp-content\/uploads\/2023\/06\/2023-05-13_SimoneJuergen_160-1024x683.jpg 1024w, https:\/\/www.muehlebirgel.de\/wp-content\/uploads\/2023\/06\/2023-05-13_SimoneJuergen_160-768x512.jpg 768w, https:\/\/www.muehlebirgel.de\/wp-content\/uploads\/2023\/06\/2023-05-13_SimoneJuergen_160-640x427.jpg 640w, https:\/\/www.muehlebirgel.de\/wp-content\/uploads\/2023\/06\/2023-05-13_SimoneJuergen_160-400x267.jpg 400w\" sizes=\"auto, (max-width: 1024px) 100vw, 1024px\" \/><\/figure>\n\n\n<figure class=\"wp-block-image size-large\"><img loading=\"lazy\" decoding=\"async\" width=\"1024\" height=\"683\" data-id=\"27913\" src=\"https:\/\/www.muehlebirgel.de\/wp-content\/uploads\/2023\/06\/2023-05-13_SimoneJuergen_161-1024x683.jpg\" alt=\"\" class=\"wp-image-27913\" srcset=\"https:\/\/www.muehlebirgel.de\/wp-content\/uploads\/2023\/06\/2023-05-13_SimoneJuergen_161-1024x683.jpg 1024w, https:\/\/www.muehlebirgel.de\/wp-content\/uploads\/2023\/06\/2023-05-13_SimoneJuergen_161-768x512.jpg 768w, https:\/\/www.muehlebirgel.de\/wp-content\/uploads\/2023\/06\/2023-05-13_SimoneJuergen_161-640x427.jpg 640w, https:\/\/www.muehlebirgel.de\/wp-content\/uploads\/2023\/06\/2023-05-13_SimoneJuergen_161-400x267.jpg 400w\" sizes=\"auto, (max-width: 1024px) 100vw, 1024px\" \/><\/figure>\n\n\n<figure class=\"wp-block-image size-large\"><img loading=\"lazy\" decoding=\"async\" width=\"1024\" height=\"683\" data-id=\"27935\" src=\"https:\/\/www.muehlebirgel.de\/wp-content\/uploads\/2023\/06\/2023-05-13_SimoneJuergen_165-1024x683.jpg\" alt=\"\" class=\"wp-image-27935\" srcset=\"https:\/\/www.muehlebirgel.de\/wp-content\/uploads\/2023\/06\/2023-05-13_SimoneJuergen_165-1024x683.jpg 1024w, https:\/\/www.muehlebirgel.de\/wp-content\/uploads\/2023\/06\/2023-05-13_SimoneJuergen_165-768x512.jpg 768w, https:\/\/www.muehlebirgel.de\/wp-content\/uploads\/2023\/06\/2023-05-13_SimoneJuergen_165-640x427.jpg 640w, https:\/\/www.muehlebirgel.de\/wp-content\/uploads\/2023\/06\/2023-05-13_SimoneJuergen_165-400x267.jpg 400w\" sizes=\"auto, (max-width: 1024px) 100vw, 1024px\" \/><\/figure>\n\n\n<figure class=\"wp-block-image size-large\"><img loading=\"lazy\" decoding=\"async\" width=\"768\" height=\"1024\" data-id=\"27979\" src=\"https:\/\/www.muehlebirgel.de\/wp-content\/uploads\/2023\/06\/2023-05-13_SimoneJuergen_170-768x1024.jpg\" alt=\"\" class=\"wp-image-27979\" srcset=\"https:\/\/www.muehlebirgel.de\/wp-content\/uploads\/2023\/06\/2023-05-13_SimoneJuergen_170-768x1024.jpg 768w, https:\/\/www.muehlebirgel.de\/wp-content\/uploads\/2023\/06\/2023-05-13_SimoneJuergen_170-640x853.jpg 640w, https:\/\/www.muehlebirgel.de\/wp-content\/uploads\/2023\/06\/2023-05-13_SimoneJuergen_170-400x533.jpg 400w\" sizes=\"auto, (max-width: 768px) 100vw, 768px\" \/><\/figure>\n\n\n<figure class=\"wp-block-image size-large\"><img loading=\"lazy\" decoding=\"async\" width=\"768\" height=\"1024\" data-id=\"27946\" src=\"https:\/\/www.muehlebirgel.de\/wp-content\/uploads\/2023\/06\/2023-05-13_SimoneJuergen_166-768x1024.jpg\" alt=\"\" class=\"wp-image-27946\" srcset=\"https:\/\/www.muehlebirgel.de\/wp-content\/uploads\/2023\/06\/2023-05-13_SimoneJuergen_166-768x1024.jpg 768w, https:\/\/www.muehlebirgel.de\/wp-content\/uploads\/2023\/06\/2023-05-13_SimoneJuergen_166-640x853.jpg 640w, https:\/\/www.muehlebirgel.de\/wp-content\/uploads\/2023\/06\/2023-05-13_SimoneJuergen_166-400x533.jpg 400w\" sizes=\"auto, (max-width: 768px) 100vw, 768px\" \/><\/figure><\/figure>\n","protected":false},"excerpt":{"rendered":"<p>Notre mariage dans le \u00ab\u00a0moulin \u00e0 eau historique de Birgel Bonjour cher Erwin et ch\u00e8re \u00e9quipe du moulin, Cela fait d\u00e9j\u00e0 plus de 6 semaines que nous avons c\u00e9l\u00e9br\u00e9 notre mariage chez vous. Nous pensons encore tr\u00e8s souvent \u00e0 cette belle journ\u00e9e. C&rsquo;est surtout gr\u00e2ce \u00e0 votre formidable engagement et \u00e0 votre organisation professionnelle que [&hellip;]<\/p>\n","protected":false},"author":5,"featured_media":0,"parent":9864,"menu_order":25,"comment_status":"closed","ping_status":"closed","template":"","meta":{"footnotes":""},"class_list":["post-28014","page","type-page","status-publish","hentry"],"yoast_head":"<!-- This site is optimized with the Yoast SEO plugin v27.2 - https:\/\/yoast.com\/product\/yoast-seo-wordpress\/ -->\n<title>Le mariage de Simone et J\u00fcrgen - Historische Wasserm\u00fchle Birgel<\/title>\n<meta name=\"robots\" content=\"index, follow, max-snippet:-1, max-image-preview:large, max-video-preview:-1\" \/>\n<link rel=\"canonical\" href=\"https:\/\/www.muehlebirgel.de\/fr\/le-mariage-de-simone-et-manuel-2\" \/>\n<meta property=\"og:locale\" content=\"fr_FR\" \/>\n<meta property=\"og:type\" content=\"article\" \/>\n<meta property=\"og:title\" content=\"Le mariage de Simone et J\u00fcrgen - Historische Wasserm\u00fchle Birgel\" \/>\n<meta property=\"og:description\" content=\"Notre mariage dans le \u00ab\u00a0moulin \u00e0 eau historique de Birgel Bonjour cher Erwin et ch\u00e8re \u00e9quipe du moulin, Cela fait d\u00e9j\u00e0 plus de 6 semaines que nous avons c\u00e9l\u00e9br\u00e9 notre mariage chez vous. Nous pensons encore tr\u00e8s souvent \u00e0 cette belle journ\u00e9e. C&rsquo;est surtout gr\u00e2ce \u00e0 votre formidable engagement et \u00e0 votre organisation professionnelle que [&hellip;]\" \/>\n<meta property=\"og:url\" content=\"https:\/\/www.muehlebirgel.de\/fr\/le-mariage-de-simone-et-manuel-2\/\" \/>\n<meta property=\"og:site_name\" content=\"Historische Wasserm\u00fchle Birgel\" \/>\n<meta property=\"article:modified_time\" content=\"2023-06-28T08:42:25+00:00\" \/>\n<meta property=\"og:image\" content=\"https:\/\/www.muehlebirgel.de\/wp-content\/uploads\/2023\/06\/2023-05-13_SimoneJuergen_148-682x1024.jpg\" \/>\n<meta name=\"twitter:card\" content=\"summary_large_image\" \/>\n<meta name=\"twitter:label1\" content=\"Dur\u00e9e de lecture estim\u00e9e\" \/>\n\t<meta name=\"twitter:data1\" content=\"1 minute\" \/>\n<script type=\"application\/ld+json\" class=\"yoast-schema-graph\">{\"@context\":\"https:\/\/schema.org\",\"@graph\":[{\"@type\":\"WebPage\",\"@id\":\"https:\/\/www.muehlebirgel.de\/fr\/le-mariage-de-simone-et-manuel-2\",\"url\":\"https:\/\/www.muehlebirgel.de\/fr\/le-mariage-de-simone-et-manuel-2\",\"name\":\"Le mariage de Simone et J\u00fcrgen - Historische Wasserm\u00fchle Birgel\",\"isPartOf\":{\"@id\":\"https:\/\/www.muehlebirgel.de\/fr\/#website\"},\"primaryImageOfPage\":{\"@id\":\"https:\/\/www.muehlebirgel.de\/fr\/le-mariage-de-simone-et-manuel-2#primaryimage\"},\"image\":{\"@id\":\"https:\/\/www.muehlebirgel.de\/fr\/le-mariage-de-simone-et-manuel-2#primaryimage\"},\"thumbnailUrl\":\"https:\/\/www.muehlebirgel.de\/wp-content\/uploads\/2023\/06\/2023-05-13_SimoneJuergen_148-682x1024.jpg\",\"datePublished\":\"2023-06-28T08:07:48+00:00\",\"dateModified\":\"2023-06-28T08:42:25+00:00\",\"breadcrumb\":{\"@id\":\"https:\/\/www.muehlebirgel.de\/fr\/le-mariage-de-simone-et-manuel-2#breadcrumb\"},\"inLanguage\":\"fr-FR\",\"potentialAction\":[{\"@type\":\"ReadAction\",\"target\":[\"https:\/\/www.muehlebirgel.de\/fr\/le-mariage-de-simone-et-manuel-2\"]}]},{\"@type\":\"ImageObject\",\"inLanguage\":\"fr-FR\",\"@id\":\"https:\/\/www.muehlebirgel.de\/fr\/le-mariage-de-simone-et-manuel-2#primaryimage\",\"url\":\"https:\/\/www.muehlebirgel.de\/wp-content\/uploads\/2023\/06\/2023-05-13_SimoneJuergen_148-682x1024.jpg\",\"contentUrl\":\"https:\/\/www.muehlebirgel.de\/wp-content\/uploads\/2023\/06\/2023-05-13_SimoneJuergen_148-682x1024.jpg\"},{\"@type\":\"BreadcrumbList\",\"@id\":\"https:\/\/www.muehlebirgel.de\/fr\/le-mariage-de-simone-et-manuel-2#breadcrumb\",\"itemListElement\":[{\"@type\":\"ListItem\",\"position\":1,\"name\":\"Startseite\",\"item\":\"https:\/\/www.muehlebirgel.de\/fr\"},{\"@type\":\"ListItem\",\"position\":2,\"name\":\"C\u00e9l\u00e9brez votre mariage dans l&#8217;Eifel\",\"item\":\"https:\/\/www.muehlebirgel.de\/fr\/celebrez-votre-mariage-dans-leifel\"},{\"@type\":\"ListItem\",\"position\":3,\"name\":\"T\u00e9moignages de mariage du Moulin \u00e0 eau historique\",\"item\":\"https:\/\/www.muehlebirgel.de\/fr\/rapports-de-mariage-du-moulin-a-eau\"},{\"@type\":\"ListItem\",\"position\":4,\"name\":\"Le mariage de Simone et J\u00fcrgen\"}]},{\"@type\":\"WebSite\",\"@id\":\"https:\/\/www.muehlebirgel.de\/fr\/#website\",\"url\":\"https:\/\/www.muehlebirgel.de\/fr\/\",\"name\":\"Historische Wasserm\u00fchle Birgel\",\"description\":\"Willkommen im M\u00fchlen-Erlebniszentrum\",\"potentialAction\":[{\"@type\":\"SearchAction\",\"target\":{\"@type\":\"EntryPoint\",\"urlTemplate\":\"https:\/\/www.muehlebirgel.de\/fr\/?s={search_term_string}\"},\"query-input\":{\"@type\":\"PropertyValueSpecification\",\"valueRequired\":true,\"valueName\":\"search_term_string\"}}],\"inLanguage\":\"fr-FR\"}]}<\/script>\n<!-- \/ Yoast SEO plugin. -->","yoast_head_json":{"title":"Le mariage de Simone et J\u00fcrgen - Historische Wasserm\u00fchle Birgel","robots":{"index":"index","follow":"follow","max-snippet":"max-snippet:-1","max-image-preview":"max-image-preview:large","max-video-preview":"max-video-preview:-1"},"canonical":"https:\/\/www.muehlebirgel.de\/fr\/le-mariage-de-simone-et-manuel-2","og_locale":"fr_FR","og_type":"article","og_title":"Le mariage de Simone et J\u00fcrgen - Historische Wasserm\u00fchle Birgel","og_description":"Notre mariage dans le \u00ab\u00a0moulin \u00e0 eau historique de Birgel Bonjour cher Erwin et ch\u00e8re \u00e9quipe du moulin, Cela fait d\u00e9j\u00e0 plus de 6 semaines que nous avons c\u00e9l\u00e9br\u00e9 notre mariage chez vous. Nous pensons encore tr\u00e8s souvent \u00e0 cette belle journ\u00e9e. C&rsquo;est surtout gr\u00e2ce \u00e0 votre formidable engagement et \u00e0 votre organisation professionnelle que [&hellip;]","og_url":"https:\/\/www.muehlebirgel.de\/fr\/le-mariage-de-simone-et-manuel-2\/","og_site_name":"Historische Wasserm\u00fchle Birgel","article_modified_time":"2023-06-28T08:42:25+00:00","og_image":[{"url":"https:\/\/www.muehlebirgel.de\/wp-content\/uploads\/2023\/06\/2023-05-13_SimoneJuergen_148-682x1024.jpg","type":"","width":"","height":""}],"twitter_card":"summary_large_image","twitter_misc":{"Dur\u00e9e de lecture estim\u00e9e":"1 minute"},"schema":{"@context":"https:\/\/schema.org","@graph":[{"@type":"WebPage","@id":"https:\/\/www.muehlebirgel.de\/fr\/le-mariage-de-simone-et-manuel-2","url":"https:\/\/www.muehlebirgel.de\/fr\/le-mariage-de-simone-et-manuel-2","name":"Le mariage de Simone et J\u00fcrgen - Historische Wasserm\u00fchle Birgel","isPartOf":{"@id":"https:\/\/www.muehlebirgel.de\/fr\/#website"},"primaryImageOfPage":{"@id":"https:\/\/www.muehlebirgel.de\/fr\/le-mariage-de-simone-et-manuel-2#primaryimage"},"image":{"@id":"https:\/\/www.muehlebirgel.de\/fr\/le-mariage-de-simone-et-manuel-2#primaryimage"},"thumbnailUrl":"https:\/\/www.muehlebirgel.de\/wp-content\/uploads\/2023\/06\/2023-05-13_SimoneJuergen_148-682x1024.jpg","datePublished":"2023-06-28T08:07:48+00:00","dateModified":"2023-06-28T08:42:25+00:00","breadcrumb":{"@id":"https:\/\/www.muehlebirgel.de\/fr\/le-mariage-de-simone-et-manuel-2#breadcrumb"},"inLanguage":"fr-FR","potentialAction":[{"@type":"ReadAction","target":["https:\/\/www.muehlebirgel.de\/fr\/le-mariage-de-simone-et-manuel-2"]}]},{"@type":"ImageObject","inLanguage":"fr-FR","@id":"https:\/\/www.muehlebirgel.de\/fr\/le-mariage-de-simone-et-manuel-2#primaryimage","url":"https:\/\/www.muehlebirgel.de\/wp-content\/uploads\/2023\/06\/2023-05-13_SimoneJuergen_148-682x1024.jpg","contentUrl":"https:\/\/www.muehlebirgel.de\/wp-content\/uploads\/2023\/06\/2023-05-13_SimoneJuergen_148-682x1024.jpg"},{"@type":"BreadcrumbList","@id":"https:\/\/www.muehlebirgel.de\/fr\/le-mariage-de-simone-et-manuel-2#breadcrumb","itemListElement":[{"@type":"ListItem","position":1,"name":"Startseite","item":"https:\/\/www.muehlebirgel.de\/fr"},{"@type":"ListItem","position":2,"name":"C\u00e9l\u00e9brez votre mariage dans l&#8217;Eifel","item":"https:\/\/www.muehlebirgel.de\/fr\/celebrez-votre-mariage-dans-leifel"},{"@type":"ListItem","position":3,"name":"T\u00e9moignages de mariage du Moulin \u00e0 eau historique","item":"https:\/\/www.muehlebirgel.de\/fr\/rapports-de-mariage-du-moulin-a-eau"},{"@type":"ListItem","position":4,"name":"Le mariage de Simone et J\u00fcrgen"}]},{"@type":"WebSite","@id":"https:\/\/www.muehlebirgel.de\/fr\/#website","url":"https:\/\/www.muehlebirgel.de\/fr\/","name":"Historische Wasserm\u00fchle Birgel","description":"Willkommen im M\u00fchlen-Erlebniszentrum","potentialAction":[{"@type":"SearchAction","target":{"@type":"EntryPoint","urlTemplate":"https:\/\/www.muehlebirgel.de\/fr\/?s={search_term_string}"},"query-input":{"@type":"PropertyValueSpecification","valueRequired":true,"valueName":"search_term_string"}}],"inLanguage":"fr-FR"}]}},"_links":{"self":[{"href":"https:\/\/www.muehlebirgel.de\/fr\/wp-json\/wp\/v2\/pages\/28014","targetHints":{"allow":["GET"]}}],"collection":[{"href":"https:\/\/www.muehlebirgel.de\/fr\/wp-json\/wp\/v2\/pages"}],"about":[{"href":"https:\/\/www.muehlebirgel.de\/fr\/wp-json\/wp\/v2\/types\/page"}],"author":[{"embeddable":true,"href":"https:\/\/www.muehlebirgel.de\/fr\/wp-json\/wp\/v2\/users\/5"}],"replies":[{"embeddable":true,"href":"https:\/\/www.muehlebirgel.de\/fr\/wp-json\/wp\/v2\/comments?post=28014"}],"version-history":[{"count":6,"href":"https:\/\/www.muehlebirgel.de\/fr\/wp-json\/wp\/v2\/pages\/28014\/revisions"}],"predecessor-version":[{"id":28093,"href":"https:\/\/www.muehlebirgel.de\/fr\/wp-json\/wp\/v2\/pages\/28014\/revisions\/28093"}],"up":[{"embeddable":true,"href":"https:\/\/www.muehlebirgel.de\/fr\/wp-json\/wp\/v2\/pages\/9864"}],"wp:attachment":[{"href":"https:\/\/www.muehlebirgel.de\/fr\/wp-json\/wp\/v2\/media?parent=28014"}],"curies":[{"name":"wp","href":"https:\/\/api.w.org\/{rel}","templated":true}]}}