{"id":9667,"date":"2021-12-10T14:56:25","date_gmt":"2021-12-10T14:56:25","guid":{"rendered":"https:\/\/www.muehlebirgel.de\/a-propos-du-moulin-a-eau-historique\/"},"modified":"2025-07-07T08:47:08","modified_gmt":"2025-07-07T06:47:08","slug":"moulin","status":"publish","type":"page","link":"https:\/\/www.muehlebirgel.de\/fr\/moulin","title":{"rendered":"\u00c0 propos du moulin \u00e0 eau historique"},"content":{"rendered":"<div class=\"wp-block-image\">\n<figure class=\"alignleft\"><img loading=\"lazy\" decoding=\"async\" width=\"300\" height=\"212\" src=\"https:\/\/www.muehlebirgel.de\/wp-content\/uploads\/2009\/04\/Erwin-und-Mariette.jpg\" alt=\"&#xF6;lm&#xFC;hle\" class=\"wp-image-49\"\/><\/figure>\n<\/div>\n<h2 class=\"wp-block-heading\">Une vue de la chambre d&rsquo;h\u00f4tel est un voyage dans le pass\u00e9<\/h2>\n\n<p>Le vieux moulin &#8211; appel\u00e9 <a href=\"https:\/\/www.muehlebirgel.de\/fr\/moulin-a-farine-historique\">moulin \u00e0 c\u00e9r\u00e9ales<\/a> dans le langage courant &#8211; est le plus ancien des quatre moulins en \u00e9tat de marche sur le site des moulins \u00e0 Birgel\/Eifel. Il date du XIIIe si\u00e8cle et a \u00e9t\u00e9 repris en priv\u00e9 par Peter Reifferscheid pour la premi\u00e8re fois en 1917. Le moulin \u00e0 eau fut ensuite \u00e9quip\u00e9 d&rsquo;une turbine et devint ainsi le plus grand moulin de l&rsquo;arrondissement de Daun\/Vulkaneifel. En 1917, une scierie est \u00e9galement rattach\u00e9e \u00e0 l&rsquo;ancien moulin.<\/p>\n\n<p>La puissance de la turbine (20,9 kW \/ 28 CV) \u00e9tait suffisante pour alimenter les deux moulins par la force hydraulique.<br\/><\/p>\n\n<hr class=\"wp-block-separator has-alpha-channel-opacity\"\/>\n<div class=\"wp-block-image\">\n<figure class=\"alignleft\"><a href=\"https:\/\/www.muehlebirgel.de\/eifel-restaurant\"><img loading=\"lazy\" decoding=\"async\" width=\"300\" height=\"200\" src=\"https:\/\/www.muehlebirgel.de\/wp-content\/uploads\/2009\/04\/oelmuehle.jpg\" alt=\"&#xF6;lm&#xFC;hle\" class=\"wp-image-50\"\/><\/a><\/figure>\n<\/div>\n<h2 class=\"wp-block-heading\">Moulins &amp; restaurants<\/h2>\n\n<p>Apr\u00e8s la restauration du site du moulin en 1995, le chef meunier Erwin a ajout\u00e9 un <a href=\"https:\/\/www.muehlebirgel.de\/fr\/moulin-a-moutarde-historique\">moulin \u00e0 moutarde<\/a> et un <a href=\"https:\/\/www.muehlebirgel.de\/fr\/moulin-a-huile-historique\">moulin \u00e0 huile<\/a> sur son site en r\u00e9ponse au grand int\u00e9r\u00eat des visiteurs. Le <a href=\"https:\/\/www.muehlebirgel.de\/fr\/moulin-a-farine-historique\">site du moulin<\/a> compte \u00e9galement quatre <a href=\"https:\/\/www.muehlebirgel.de\/fr\/restaurant-eifel\">restaurants<\/a> qui servent des sp\u00e9cialit\u00e9s r\u00e9gionales. Vous trouverez un aper\u00e7u <a href=\"https:\/\/www.muehlebirgel.de\/fr\/restaurant-eifel\">ici<\/a>.<br\/><br\/><a href=\"https:\/\/www.muehlebirgel.de\/fr\/horaires-douvertures\">Cliquez ici pour les heures d&rsquo;ouverture !<br\/><\/a><a href=\"https:\/\/www.muehlebirgel.de\/traditionelle-muehlenkarte.html\">Cliquez ici pour les menus<\/a>!<\/p>\n\n<hr class=\"wp-block-separator has-alpha-channel-opacity\"\/>\n<div class=\"wp-block-image\">\n<figure class=\"alignleft size-full\"><a href=\"https:\/\/www.muehlebirgel.de\/schnapsbrennerei\"><img loading=\"lazy\" decoding=\"async\" width=\"300\" height=\"300\" src=\"https:\/\/www.muehlebirgel.de\/wp-content\/uploads\/2009\/04\/brenner-erwin-patrick.jpg\" alt=\"Brenner Erwin und Patrick\" class=\"wp-image-69\"\/><\/a><\/figure>\n<\/div>\n<h2 class=\"wp-block-heading\">La distillerie d&rsquo;eau-de-vie  <\/h2>\n\n<p>Le r\u00eave d&rsquo;Erwin a toujours \u00e9t\u00e9 de poss\u00e9der sa propre <a href=\"https:\/\/www.muehlebirgel.de\/fr\/distillerie\">distillerie<\/a>. Apr\u00e8s un long processus et de nombreux obstacles, il a pu r\u00e9aliser son r\u00eave<\/p>\n\n<p>Laissez-vous transporter dans le temps et apprenez tout ce que vous devez savoir sur la distillation de l&rsquo;eau-de-vie. Qu&rsquo;il s&rsquo;agisse de la construction, du balisage ou des fruits. Erwin est un expert en la mati\u00e8re et explique tout ce qu&rsquo;il faut savoir lors de notre <a href=\"https:\/\/www.muehlebirgel.de\/fr\/seminaire-cours-de-distillation-de-schnaps-dans-leifel\">cours de combustion d&rsquo;alcool<\/a>.<\/p>\n\n<p>En outre, vous avez la possibilit\u00e9 de d\u00e9guster l&rsquo;eau-de-vie distill\u00e9e par nos soins dans notre <a href=\"https:\/\/www.muehlebirgel.de\/fr\/shop\/liqueur\">boutique en ligne <\/a>ou sur place au moulin.<\/p>\n\n<p><a href=\"https:\/\/www.muehlebirgel.de\/fr\/distillerie\">En savoir plus&#8230;<\/a><\/p>\n\n<p><\/p>\n\n<hr class=\"wp-block-separator has-alpha-channel-opacity\"\/>\n<div class=\"wp-block-image\">\n<figure class=\"alignleft size-full\"><a href=\"https:\/\/www.muehlebirgel.de\/fr\/muehlen-baeckerei\"><img loading=\"lazy\" decoding=\"async\" width=\"300\" height=\"200\" src=\"https:\/\/www.muehlebirgel.de\/wp-content\/uploads\/2009\/04\/Backhaus.jpg\" alt=\"\" class=\"wp-image-53\"\/><\/a><\/figure>\n<\/div>\n<h2 class=\"wp-block-heading\">La boulangerie du moulin<\/h2>\n\n<p>La maison de la <a href=\"https:\/\/www.muehlebirgel.de\/fr\/muehlen-baeckerei\">boulangerie du moulin<\/a> provient de Bodenbach dans le Westerwald et a \u00e9t\u00e9 construite en 1659. C&rsquo;est l\u00e0 qu&rsquo;il a \u00e9t\u00e9 d\u00e9mont\u00e9 par le chef meunier Erwin et son \u00e9quipe du moulin, pour \u00eatre ensuite reconstruit \u00e0 l&rsquo;identique \u00e0 Birgel. Chez nous, on pr\u00e9pare un pain au levain naturel selon la recette de grand-m\u00e8re. Le levain naturel est pr\u00e9par\u00e9 par notre boulang\u00e8re du moulin elle-m\u00eame et cultiv\u00e9 pendant sept jours.  <\/p>\n\n<p>Ici aussi, vous avez la possibilit\u00e9 de vous plonger plus profond\u00e9ment dans la mati\u00e8re et de suivre notre <a href=\"https:\/\/www.muehlebirgel.de\/fr\/cours-romantique-de-patisserie-et-moutarde\">cours de p\u00e2tisserie &amp; moutarde<\/a>.<\/p>\n\n<p><a href=\"https:\/\/www.muehlebirgel.de\/fr\/muehlen-baeckerei\">En savoir plus&#8230;<\/a><\/p>\n\n<div style=\"height:50px\" aria-hidden=\"true\" class=\"wp-block-spacer\"><\/div>\n\n<h2 class=\"wp-block-heading\">Vous pourrez \u00e9galement admirer les moulins et machines suivants<\/h2>\n\n<div class=\"wp-block-columns is-layout-flex wp-container-core-columns-is-layout-9d6595d7 wp-block-columns-is-layout-flex\">\n<div class=\"wp-block-column is-layout-flow wp-block-column-is-layout-flow\"><div class=\"wp-block-image\">\n<figure class=\"aligncenter size-full\"><img loading=\"lazy\" decoding=\"async\" width=\"300\" height=\"200\" src=\"https:\/\/www.muehlebirgel.de\/wp-content\/uploads\/0014_Dampfmaschine-Thumbnail.jpg\" alt=\"\" class=\"wp-image-47667\"\/><\/figure>\n<\/div>\n\n\n<h4 class=\"wp-block-heading has-text-align-center\">Machine \u00e0 vapeur<\/h4>\n\n\n\n<p class=\"has-text-align-center\">Admirez la <a href=\"https:\/\/www.muehlebirgel.de\/fr\/machine-a-vapeur-historique\">machine \u00e0 vapeur<\/a> en parfait \u00e9tat de marche, construite en 1917. La machine, d&rsquo;une puissance de 80KW, a \u00e9t\u00e9 d\u00e9mont\u00e9e par nos soins et remont\u00e9e dans notre moulin. <\/p>\n<\/div>\n\n\n\n<div class=\"wp-block-column is-layout-flow wp-block-column-is-layout-flow\"><div class=\"wp-block-image\">\n<figure class=\"aligncenter size-full\"><img loading=\"lazy\" decoding=\"async\" width=\"300\" height=\"200\" src=\"https:\/\/www.muehlebirgel.de\/wp-content\/uploads\/0000_Senfmuehle-Thumbnail-1.jpg\" alt=\"\" class=\"wp-image-47711\"\/><\/figure>\n<\/div>\n\n\n<h4 class=\"wp-block-heading has-text-align-center\">Senfm\u00fchle<\/h4>\n\n\n\n<p class=\"has-text-align-center\">Dans notre <a href=\"https:\/\/www.muehlebirgel.de\/fr\/moulin-a-moutarde-historique\">moulin \u00e0 moutarde<\/a>, actionn\u00e9 par un moteur Peugeot vieux de 100 ans, nous fabriquons encore aujourd&rsquo;hui notre l\u00e9gendaire moutarde du moulin.<\/p>\n<\/div>\n\n\n\n<div class=\"wp-block-column is-layout-flow wp-block-column-is-layout-flow\"><div class=\"wp-block-image\">\n<figure class=\"aligncenter size-full\"><img loading=\"lazy\" decoding=\"async\" width=\"300\" height=\"200\" src=\"https:\/\/www.muehlebirgel.de\/wp-content\/uploads\/0001_Getreidemuehle-Thumbnail-1.jpg\" alt=\"\" class=\"wp-image-47733\"\/><\/figure>\n<\/div>\n\n\n<h4 class=\"wp-block-heading has-text-align-center\">Getreidem\u00fchle<\/h4>\n\n\n\n<p class=\"has-text-align-center\">Un autre point fort de notre moulin \u00e0 eau historique est le <a href=\"https:\/\/www.muehlebirgel.de\/fr\/moulin-a-farine-historique\">moulin \u00e0 c\u00e9r\u00e9ales<\/a>. Il s&rsquo;\u00e9tend sur trois \u00e9tages. Admirez le processus de fabrication de la farine du d\u00e9but \u00e0 la fin.  <\/p>\n<\/div>\n<\/div>\n\n<div style=\"height:20px\" aria-hidden=\"true\" class=\"wp-block-spacer\"><\/div>\n\n<div class=\"wp-block-columns is-layout-flex wp-container-core-columns-is-layout-9d6595d7 wp-block-columns-is-layout-flex\">\n<div class=\"wp-block-column is-layout-flow wp-block-column-is-layout-flow\"><div class=\"wp-block-image\">\n<figure class=\"aligncenter size-full\"><img loading=\"lazy\" decoding=\"async\" width=\"300\" height=\"200\" src=\"https:\/\/www.muehlebirgel.de\/wp-content\/uploads\/0011_Drehbank-Thumbnail-1.jpg\" alt=\"\" class=\"wp-image-47700\"\/><\/figure>\n<\/div>\n\n\n<h4 class=\"wp-block-heading has-text-align-center\">Tour m\u00e9canique<\/h4>\n\n\n\n<p class=\"has-text-align-center\">Notre tour, entra\u00een\u00e9 par la machine \u00e0 vapeur, convient au fraisage, au per\u00e7age et \u00e0 l&rsquo;usinage du m\u00e9tal.<\/p>\n<\/div>\n\n\n\n<div class=\"wp-block-column is-layout-flow wp-block-column-is-layout-flow\"><div class=\"wp-block-image\">\n<figure class=\"aligncenter size-full\"><img loading=\"lazy\" decoding=\"async\" width=\"300\" height=\"200\" src=\"https:\/\/www.muehlebirgel.de\/wp-content\/uploads\/0013_Oelpresse-Thumbnail-1.jpg\" alt=\"\" class=\"wp-image-47678\"\/><\/figure>\n<\/div>\n\n\n<h4 class=\"wp-block-heading has-text-align-center\">Presse \u00e0 huile m\u00e9canique<\/h4>\n\n\n\n<p class=\"has-text-align-center\">Depuis plus de 130 ans, cette presse \u00e0 huile produit de l&rsquo;huile fra\u00eechement press\u00e9e. Elle a une capacit\u00e9 de 300 litres par jour pour la production d&rsquo; <a href=\"\/?product_cat=rapsoel\" target=\"_blank\" rel=\"noreferrer noopener\">huile de colza<\/a> .<\/p>\n<\/div>\n\n\n\n<div class=\"wp-block-column is-layout-flow wp-block-column-is-layout-flow\"><div class=\"wp-block-image\">\n<figure class=\"aligncenter size-full\"><img loading=\"lazy\" decoding=\"async\" width=\"300\" height=\"200\" src=\"https:\/\/www.muehlebirgel.de\/wp-content\/uploads\/0012_Muehlenrad-Thumbnail-1.jpg\" alt=\"\" class=\"wp-image-47689\"\/><\/figure>\n<\/div>\n\n\n<h4 class=\"wp-block-heading has-text-align-center\">Roue de broyage<\/h4>\n\n\n\n<p class=\"has-text-align-center\">Outre le pressoir \u00e0 huile et la machine \u00e0 vapeur, la roue \u00e0 peinture est un autre outil historique que l&rsquo;on peut admirer en plein fonctionnement.<\/p>\n<\/div>\n<\/div>\n\n<div style=\"height:20px\" aria-hidden=\"true\" class=\"wp-block-spacer\"><\/div>\n\n<div class=\"wp-block-columns is-layout-flex wp-container-core-columns-is-layout-9d6595d7 wp-block-columns-is-layout-flex\">\n<div class=\"wp-block-column is-layout-flow wp-block-column-is-layout-flow\"><div class=\"wp-block-image\">\n<figure class=\"aligncenter size-full\"><img loading=\"lazy\" decoding=\"async\" width=\"300\" height=\"200\" src=\"https:\/\/www.muehlebirgel.de\/wp-content\/uploads\/0007_Schoepfbrauerei-Thumbnail-1.jpg\" alt=\"\" class=\"wp-image-47766\"\/><\/figure>\n<\/div>\n\n\n<h4 class=\"wp-block-heading has-text-align-center\">Brasserie Sch\u00f6pf<\/h4>\n\n\n\n<p class=\"has-text-align-center\">Dans notre brasserie de puisage, vous d\u00e9couvrirez comment les moines brassaient d\u00e9j\u00e0 la bi\u00e8re il y a plus de 150 ans. Aujourd&rsquo;hui, nous y produisons notre d\u00e9licieuse bi\u00e8re de moulin. <\/p>\n<\/div>\n\n\n\n<div class=\"wp-block-column is-layout-flow wp-block-column-is-layout-flow\"><div class=\"wp-block-image\">\n<figure class=\"aligncenter size-full\"><img loading=\"lazy\" decoding=\"async\" width=\"300\" height=\"200\" src=\"https:\/\/www.muehlebirgel.de\/wp-content\/uploads\/0009_Schrotmuehle-Thumbnail-1.jpg\" alt=\"\" class=\"wp-image-47744\"\/><\/figure>\n<\/div>\n\n\n<h4 class=\"wp-block-heading has-text-align-center\">Machine \u00e0 broyer<\/h4>\n\n\n\n<p class=\"has-text-align-center\">Dans notre concasseur, les grains sont broy\u00e9s pour \u00eatre pr\u00e9par\u00e9s pour un traitement ult\u00e9rieur.<\/p>\n<\/div>\n\n\n\n<div class=\"wp-block-column is-layout-flow wp-block-column-is-layout-flow\"><div class=\"wp-block-image\">\n<figure class=\"aligncenter size-full\"><img loading=\"lazy\" decoding=\"async\" width=\"300\" height=\"200\" src=\"https:\/\/www.muehlebirgel.de\/wp-content\/uploads\/0008_Generatoren-Thumbnail-1.jpg\" alt=\"\" class=\"wp-image-47755\"\/><\/figure>\n<\/div>\n\n\n<h4 class=\"wp-block-heading has-text-align-center\">G\u00e9n\u00e9rateurs et moteurs diesel<\/h4>\n\n\n\n<p class=\"has-text-align-center\">Beaucoup de nos attractions sont aliment\u00e9es par d&rsquo;anciens g\u00e9n\u00e9rateurs et moteurs et donnent une id\u00e9e de la fa\u00e7on dont le travail manuel a \u00e9t\u00e9 remplac\u00e9 par les machines.<\/p>\n<\/div>\n<\/div>\n\n<div style=\"height:20px\" aria-hidden=\"true\" class=\"wp-block-spacer\"><\/div>\n\n<div class=\"wp-block-columns is-layout-flex wp-container-core-columns-is-layout-9d6595d7 wp-block-columns-is-layout-flex\">\n<div class=\"wp-block-column is-layout-flow wp-block-column-is-layout-flow\"><div class=\"wp-block-image\">\n<figure class=\"aligncenter size-full\"><img loading=\"lazy\" decoding=\"async\" width=\"300\" height=\"200\" src=\"https:\/\/www.muehlebirgel.de\/wp-content\/uploads\/Wasserturbine-Thumbnail.webp\" alt=\"\" class=\"wp-image-47894\"\/><\/figure>\n<\/div>\n\n\n<h4 class=\"wp-block-heading has-text-align-center\">Turbine hydraulique<\/h4>\n\n\n\n<p class=\"has-text-align-center\">La turbine \u00e0 eau est le c\u0153ur du moulin \u00e0 c\u00e9r\u00e9ales. Avec ses 25 CV, elle permet de moudre jusqu&rsquo;\u00e0 70 quintaux de farine en un seul passage. <\/p>\n<\/div>\n\n\n\n<div class=\"wp-block-column is-layout-flow wp-block-column-is-layout-flow\"><\/div>\n\n\n\n<div class=\"wp-block-column is-layout-flow wp-block-column-is-layout-flow\"><\/div>\n<\/div>\n\n<h2 class=\"wp-block-heading\">Plus d&rsquo;informations sur le moulin<\/h2>\n\n<div style=\"height:15px\" aria-hidden=\"true\" class=\"wp-block-spacer\"><\/div>\n\n<div class=\"wp-block-columns is-layout-flex wp-container-core-columns-is-layout-9d6595d7 wp-block-columns-is-layout-flex\">\n<div class=\"wp-block-column is-layout-flow wp-block-column-is-layout-flow\">\n<figure class=\"wp-block-image size-full is-resized\"><img loading=\"lazy\" decoding=\"async\" width=\"300\" height=\"200\" src=\"https:\/\/www.muehlebirgel.de\/wp-content\/uploads\/2009\/04\/ferienhaeuser.jpg\" alt=\"\" class=\"wp-image-123\" style=\"width:330px;height:220px\"\/><\/figure>\n\n\n\n<h3 class=\"wp-block-heading has-text-align-center\"><a href=\"https:\/\/www.muehlebirgel.de\/fr\/vue-a-360-visite-virtuelle-du-moulin\">Visite guid\u00e9e du moulin \u00e0 360<\/a><\/h3>\n<\/div>\n\n\n\n<div class=\"wp-block-column is-layout-flow wp-block-column-is-layout-flow\">\n<figure class=\"wp-block-image size-large mediathek-thumbnail\"><img loading=\"lazy\" decoding=\"async\" width=\"1024\" height=\"682\" src=\"https:\/\/www.muehlebirgel.de\/wp-content\/uploads\/video-thumbnail-3-2-1024x682.webp\" alt=\"\" class=\"wp-image-58409\" style=\"object-fit:cover\" srcset=\"https:\/\/www.muehlebirgel.de\/wp-content\/uploads\/video-thumbnail-3-2-1024x682.webp 1024w, https:\/\/www.muehlebirgel.de\/wp-content\/uploads\/video-thumbnail-3-2-768x512.webp 768w, https:\/\/www.muehlebirgel.de\/wp-content\/uploads\/video-thumbnail-3-2-640x427.webp 640w, https:\/\/www.muehlebirgel.de\/wp-content\/uploads\/video-thumbnail-3-2-400x267.webp 400w\" sizes=\"auto, (max-width: 1024px) 100vw, 1024px\" \/><\/figure>\n\n\n\n<h3 class=\"wp-block-heading has-text-align-center\"><a href=\"https:\/\/www.muehlebirgel.de\/fr\/vue-a-360-visite-virtuelle-du-moulin\">M\u00e9diath\u00e8que<\/a><\/h3>\n<\/div>\n\n\n\n<div class=\"wp-block-column is-layout-flow wp-block-column-is-layout-flow\">\n<figure class=\"wp-block-image size-full is-resized\"><img loading=\"lazy\" decoding=\"async\" width=\"300\" height=\"200\" src=\"https:\/\/www.muehlebirgel.de\/wp-content\/uploads\/2022\/09\/Historischemuehlentafel300200.jpg\" alt=\"\" class=\"wp-image-11912\" style=\"width:332px;height:221px\"\/><\/figure>\n\n\n\n<h3 class=\"wp-block-heading has-text-align-center\"><a href=\"https:\/\/www.muehlebirgel.de\/fr\/revues\">T\u00e9moignages<\/a><\/h3>\n<\/div>\n<\/div>\n\n<div style=\"height:50px\" aria-hidden=\"true\" class=\"wp-block-spacer\"><\/div>\n<div class=\"wp-block-image\">\n<figure class=\"alignleft\"><img loading=\"lazy\" decoding=\"async\" width=\"300\" height=\"200\" src=\"https:\/\/www.muehlebirgel.de\/wp-content\/uploads\/2009\/04\/Muehle300x200.jpg\" alt=\"\" class=\"wp-image-52\"\/><\/figure>\n<\/div>\n<h2 class=\"wp-block-heading\">Technologie des moulins<br\/><\/h2>\n\n<p>Apr\u00e8s la restauration du site du moulin en 1995, le chef meunier Erwin a ajout\u00e9 un moulin \u00e0 moutarde et un moulin \u00e0 huile sur son site en r\u00e9ponse au grand int\u00e9r\u00eat des visiteurs.<\/p>\n\n<p><\/p>\n\n<p><\/p>\n\n<hr class=\"wp-block-separator has-alpha-channel-opacity\"\/>\n<div class=\"wp-block-image\">\n<figure class=\"alignleft\"><img loading=\"lazy\" decoding=\"async\" width=\"300\" height=\"200\" src=\"https:\/\/www.muehlebirgel.de\/wp-content\/uploads\/2009\/04\/Backhaus.jpg\" alt=\"\" class=\"wp-image-53\"\/><\/figure>\n<\/div>\n<h2 class=\"wp-block-heading\">Exp\u00e9riences au moulin<\/h2>\n\n<p>Diff\u00e9rents programmes sont propos\u00e9s chaque jour ou sur rendez-vous aux visiteurs du moulin. Il est possible de composer un programme de divertissement adapt\u00e9 aux diff\u00e9rentes occasions, qu&rsquo;il s&rsquo;agisse de f\u00eates de famille, de <a href=\"https:\/\/www.muehlebirgel.de\/betriebsausflug-eifel.html\">f\u00eates d&rsquo;entreprise<\/a>, d&rsquo;anniversaires d&rsquo;enfants, de <a href=\"https:\/\/www.muehlebirgel.de\/hochzeit-eifel.html\">mariages<\/a>, de <a href=\"https:\/\/www.muehlebirgel.de\/tagungen-und-seminare-der-eifel.html\">congr\u00e8s<\/a> ou d&rsquo;autres \u00e9v\u00e9nements.<\/p>\n\n<p><\/p>\n\n<p><\/p>\n\n<hr class=\"wp-block-separator has-alpha-channel-opacity\"\/>\n<div class=\"wp-block-image\">\n<figure class=\"alignleft\"><img loading=\"lazy\" decoding=\"async\" width=\"300\" height=\"200\" src=\"https:\/\/www.muehlebirgel.de\/wp-content\/uploads\/2009\/04\/senfmuehle.jpg\" alt=\"Senfmuele\" class=\"wp-image-54\"\/><\/figure>\n<\/div>\n<h2 class=\"wp-block-heading\">Produits gourmets<\/h2>\n\n<p>Les produits d&rsquo;\u00e9picerie fine fabriqu\u00e9s dans les diff\u00e9rents moulins sont produits par nos soins avec la plus grande qualit\u00e9 et le plus grand soin. <a href=\"https:\/\/www.muehlebirgel.de\/fr\/shop\/moutarde\" target=\"_blank\" rel=\"noreferrer noopener\">Moutarde<\/a>, <a href=\"https:\/\/www.muehlebirgel.de\/muehlen-baeckerei.html\">pain<\/a>, <a href=\"\/?product_cat=Essig-und-Oel\">huile<\/a> et farine compl\u00e8te sont les produits de qualit\u00e9 de notre moulin dans l&rsquo;Eifel.<br\/><a href=\"http:\/\/www.vom-guten-das-beste.de\/\" target=\"_blank\" rel=\"noreferrer noopener\">Informations et commande ici !<\/a><\/p>\n\n<p><\/p>\n\n<p><br\/><\/p>\n\n<hr class=\"wp-block-separator has-alpha-channel-opacity\"\/>\n<div class=\"wp-block-image\">\n<figure class=\"alignleft\"><img loading=\"lazy\" decoding=\"async\" width=\"280\" height=\"200\" src=\"https:\/\/www.muehlebirgel.de\/wp-content\/uploads\/2009\/04\/UNBENANNT_97.jpg\" alt=\"\" class=\"wp-image-55\"\/><\/figure>\n<\/div>\n<h2 class=\"wp-block-heading\">Vues sur le site du moulin<\/h2>\n\n<p>Si vous visitez notre moulin \u00e0 eau historique \u00e0 Birgel, vous ne devez pas manquer notre <a href=\"https:\/\/www.muehlebirgel.de\/senfmuehle.html\">moulin \u00e0 moutarde, moulin \u00e0<\/a> <a href=\"https:\/\/www.muehlebirgel.de\/oelmuehle.html\">huile, moulin \u00e0<\/a> <a href=\"https:\/\/www.muehlebirgel.de\/getreidemuehle.html\">grains<\/a> et la <a href=\"https:\/\/www.muehlebirgel.de\/muehlen-baeckerei.html\">boulangerie du moulin<\/a> .<\/p>\n\n<p><\/p>\n\n<p><\/p>\n\n<p><\/p>\n\n<hr class=\"wp-block-separator has-alpha-channel-opacity\"\/>\n<div class=\"wp-block-image\">\n<figure class=\"alignleft\"><img loading=\"lazy\" decoding=\"async\" width=\"300\" height=\"200\" src=\"https:\/\/www.muehlebirgel.de\/wp-content\/uploads\/2019\/12\/wolfgang-strakosch.png\" alt=\"\" class=\"wp-image-1096\"\/><\/figure>\n<\/div>\n<p>En savoir plus sur notre fabricant de meules <a href=\"https:\/\/www.wolfgang-strakosch.de\/\" target=\"_blank\" rel=\"noreferrer noopener\">Wolfgang Strakosch<\/a> .<\/p>\n\n<p><\/p>\n\n<p><\/p>\n\n<div style=\"height:100px\" aria-hidden=\"true\" class=\"wp-block-spacer\"><\/div>\n\n<h2 class=\"wp-block-heading\">Le pass\u00e9 r\u00e9cent du moulin<\/h2>\n\n<div style=\"height:10px\" aria-hidden=\"true\" class=\"wp-block-spacer\"><\/div>\n\n<div class=\"wp-block-getwid-content-timeline\" data-animation=\"none\" data-filling=\"true\"><div class=\"wp-block-getwid-content-timeline__line\"><div class=\"wp-block-getwid-content-timeline__bar\"><\/div><\/div><div class=\"wp-block-getwid-content-timeline__wrapper\">\n<div class=\"wp-block-getwid-content-timeline-item\"><div class=\"wp-block-getwid-content-timeline-item__wrapper\"><div class=\"wp-block-getwid-content-timeline-item__card\"><div class=\"wp-block-getwid-content-timeline-item__card-wrapper\"><div class=\"wp-block-getwid-content-timeline-item__image-wrapper\"><img loading=\"lazy\" decoding=\"async\" width=\"300\" height=\"200\" class=\"wp-block-getwid-content-timeline-item__image wp-image-81\" src=\"https:\/\/www.muehlebirgel.de\/wp-content\/uploads\/2009\/04\/Bundespraesident3HorstKoehler.jpg\" alt=\"\"\/><\/div><div class=\"wp-block-getwid-content-timeline-item__content-wrapper\">\n<h3 class=\"wp-block-heading\"><strong>2008<\/strong><\/h3>\n\n\n\n<p>En 2008, l&rsquo;\u00e9quipe du moulin \u00e9tait \u00e0 nouveau l&rsquo;invit\u00e9e du Festival du Pr\u00e9sident f\u00e9d\u00e9ral \u00e0 Berlin !<\/p>\n<\/div><\/div><\/div><div class=\"wp-block-getwid-content-timeline-item__point\"><div class=\"wp-block-getwid-content-timeline-item__point-content\"><\/div><\/div><div class=\"wp-block-getwid-content-timeline-item__meta\"><\/div><\/div><\/div>\n\n\n\n<div class=\"wp-block-getwid-content-timeline-item\"><div class=\"wp-block-getwid-content-timeline-item__wrapper\"><div class=\"wp-block-getwid-content-timeline-item__card\"><div class=\"wp-block-getwid-content-timeline-item__card-wrapper\"><div class=\"wp-block-getwid-content-timeline-item__image-wrapper\"><img loading=\"lazy\" decoding=\"async\" width=\"300\" height=\"200\" class=\"wp-block-getwid-content-timeline-item__image wp-image-88\" src=\"https:\/\/www.muehlebirgel.de\/wp-content\/uploads\/2009\/04\/bp-07-1.jpg\" alt=\"\"\/><\/div><div class=\"wp-block-getwid-content-timeline-item__content-wrapper\">\n<h3 class=\"wp-block-heading\"><strong>2007<\/strong><\/h3>\n\n\n\n<p>Encore une fois invit\u00e9 \u00e0 la f\u00eate d&rsquo;\u00e9t\u00e9 du pr\u00e9sident f\u00e9d\u00e9ral \u00e0 Berlin ! C&rsquo;est toujours une exp\u00e9rience et un d\u00e9fi de divertir 3000 invit\u00e9s, de lutter contre la pluie et de parler aux nombreuses c\u00e9l\u00e9brit\u00e9s. Erwin vd M\u00fchle accueille Horst K\u00f6hler, le 3e pr\u00e9sident et son \u00e9quipe de moulin.<\/p>\n<\/div><\/div><\/div><div class=\"wp-block-getwid-content-timeline-item__point\"><div class=\"wp-block-getwid-content-timeline-item__point-content\"><\/div><\/div><div class=\"wp-block-getwid-content-timeline-item__meta\"><\/div><\/div><\/div>\n\n\n\n<div class=\"wp-block-getwid-content-timeline-item\"><div class=\"wp-block-getwid-content-timeline-item__wrapper\"><div class=\"wp-block-getwid-content-timeline-item__card\"><div class=\"wp-block-getwid-content-timeline-item__card-wrapper\"><div class=\"wp-block-getwid-content-timeline-item__image-wrapper\"><img loading=\"lazy\" decoding=\"async\" width=\"300\" height=\"200\" class=\"wp-block-getwid-content-timeline-item__image wp-image-91\" src=\"https:\/\/www.muehlebirgel.de\/wp-content\/uploads\/2009\/04\/bp-04-1.jpg\" alt=\"\"\/><\/div><div class=\"wp-block-getwid-content-timeline-item__content-wrapper\">\n<h3 class=\"wp-block-heading\"><strong>2004<\/strong><\/h3>\n\n\n\n<p>Encore une fois le point culminant de l&rsquo;ann\u00e9e. Le moulin fait encore une fois partie de ceux choisis pour pr\u00e9senter ses produits au festival d&rsquo;\u00e9t\u00e9 du pr\u00e9sident f\u00e9d\u00e9ral.<\/p>\n<\/div><\/div><\/div><div class=\"wp-block-getwid-content-timeline-item__point\"><div class=\"wp-block-getwid-content-timeline-item__point-content\"><\/div><\/div><div class=\"wp-block-getwid-content-timeline-item__meta\"><\/div><\/div><\/div>\n\n\n\n<div class=\"wp-block-getwid-content-timeline-item\"><div class=\"wp-block-getwid-content-timeline-item__wrapper\"><div class=\"wp-block-getwid-content-timeline-item__card\"><div class=\"wp-block-getwid-content-timeline-item__card-wrapper\"><div class=\"wp-block-getwid-content-timeline-item__image-wrapper\"><img loading=\"lazy\" decoding=\"async\" width=\"500\" height=\"333\" class=\"wp-block-getwid-content-timeline-item__image wp-image-93\" src=\"https:\/\/www.muehlebirgel.de\/wp-content\/uploads\/2009\/04\/gruppenbild03.jpg\" alt=\"\" srcset=\"https:\/\/www.muehlebirgel.de\/wp-content\/uploads\/2009\/04\/gruppenbild03.jpg 500w, https:\/\/www.muehlebirgel.de\/wp-content\/uploads\/2009\/04\/gruppenbild03-400x266.jpg 400w, https:\/\/www.muehlebirgel.de\/wp-content\/uploads\/2009\/04\/gruppenbild03-367x244.jpg 367w\" sizes=\"auto, (max-width: 500px) 100vw, 500px\" \/><\/div><div class=\"wp-block-getwid-content-timeline-item__content-wrapper\">\n<h3 class=\"wp-block-heading\"><strong>2003<\/strong><\/h3>\n\n\n\n<p>L&rsquo;EMC au Festival du Pr\u00e9sident f\u00e9d\u00e9ral \u00e0 Berlin<\/p>\n<\/div><\/div><\/div><div class=\"wp-block-getwid-content-timeline-item__point\"><div class=\"wp-block-getwid-content-timeline-item__point-content\"><\/div><\/div><div class=\"wp-block-getwid-content-timeline-item__meta\"><\/div><\/div><\/div>\n\n\n\n<div class=\"wp-block-getwid-content-timeline-item\"><div class=\"wp-block-getwid-content-timeline-item__wrapper\"><div class=\"wp-block-getwid-content-timeline-item__card\"><div class=\"wp-block-getwid-content-timeline-item__card-wrapper\"><div class=\"wp-block-getwid-content-timeline-item__image-wrapper\"><img loading=\"lazy\" decoding=\"async\" width=\"300\" height=\"200\" class=\"wp-block-getwid-content-timeline-item__image wp-image-94\" src=\"https:\/\/www.muehlebirgel.de\/wp-content\/uploads\/2009\/04\/bp-02.jpg\" alt=\"\"\/><\/div><div class=\"wp-block-getwid-content-timeline-item__content-wrapper\">\n<h3 class=\"wp-block-heading\"><strong>2002<\/strong><\/h3>\n\n\n\n<p>Sous un soleil radieux, le pr\u00e9sident f\u00e9d\u00e9ral Johannes Rau et son \u00e9pouse Christina les ont invit\u00e9s \u00e0 une f\u00eate d&rsquo;\u00e9t\u00e9 dans le jardin de la Villa Bellevue \u00e0 Berlin. Sous le slogan \u00ab\u00a0Festival des cultures\u00a0\u00bb, une large palette de spectacles internationaux de danse et de musique a \u00e9t\u00e9 pr\u00e9sent\u00e9e sur la pelouse parfaitement stylis\u00e9e de Bellevue. Y compris l&rsquo;\u00e9quipe du moulin avec les sp\u00e9cialit\u00e9s Eifler.<\/p>\n<\/div><\/div><\/div><div class=\"wp-block-getwid-content-timeline-item__point\"><div class=\"wp-block-getwid-content-timeline-item__point-content\"><\/div><\/div><div class=\"wp-block-getwid-content-timeline-item__meta\"><\/div><\/div><\/div>\n\n\n\n<div class=\"wp-block-getwid-content-timeline-item\"><div class=\"wp-block-getwid-content-timeline-item__wrapper\"><div class=\"wp-block-getwid-content-timeline-item__card\"><div class=\"wp-block-getwid-content-timeline-item__card-wrapper\"><div class=\"wp-block-getwid-content-timeline-item__image-wrapper\"><img loading=\"lazy\" decoding=\"async\" width=\"300\" height=\"284\" class=\"wp-block-getwid-content-timeline-item__image wp-image-95\" src=\"https:\/\/www.muehlebirgel.de\/wp-content\/uploads\/2009\/04\/Beck02.jpg\" alt=\"\"\/><\/div><div class=\"wp-block-getwid-content-timeline-item__content-wrapper\">\n<h3 class=\"wp-block-heading\"><strong>Samedi 31 ao\u00fbt 2002 :<\/strong><\/h3>\n\n\n\n<p>Inauguration de l&rsquo;EURO M\u00dcHLEN-CENTER &#8211; le plus grand centre de moulins d&rsquo;Europe &#8211; par le ministre-pr\u00e9sident Kurt Beck<\/p>\n<\/div><\/div><\/div><div class=\"wp-block-getwid-content-timeline-item__point\"><div class=\"wp-block-getwid-content-timeline-item__point-content\"><\/div><\/div><div class=\"wp-block-getwid-content-timeline-item__meta\"><\/div><\/div><\/div>\n\n\n\n<div class=\"wp-block-getwid-content-timeline-item\"><div class=\"wp-block-getwid-content-timeline-item__wrapper\"><div class=\"wp-block-getwid-content-timeline-item__card\"><div class=\"wp-block-getwid-content-timeline-item__card-wrapper\"><div class=\"wp-block-getwid-content-timeline-item__image-wrapper\"><img loading=\"lazy\" decoding=\"async\" width=\"300\" height=\"200\" class=\"wp-block-getwid-content-timeline-item__image wp-image-99\" src=\"https:\/\/www.muehlebirgel.de\/wp-content\/uploads\/2009\/04\/marketingpreis.jpg\" alt=\"\"\/><\/div><div class=\"wp-block-getwid-content-timeline-item__content-wrapper\">\n<h3 class=\"wp-block-heading\"><strong>2001<\/strong><\/h3>\n\n\n\n<p>Prix marketing allemand pour le concept de salle de bain d&rsquo;Erwin Spohr dans l&rsquo;usine<\/p>\n<\/div><\/div><\/div><div class=\"wp-block-getwid-content-timeline-item__point\"><div class=\"wp-block-getwid-content-timeline-item__point-content\"><\/div><\/div><div class=\"wp-block-getwid-content-timeline-item__meta\"><\/div><\/div><\/div>\n\n\n\n<div class=\"wp-block-getwid-content-timeline-item\"><div class=\"wp-block-getwid-content-timeline-item__wrapper\"><div class=\"wp-block-getwid-content-timeline-item__card\"><div class=\"wp-block-getwid-content-timeline-item__card-wrapper\"><div class=\"wp-block-getwid-content-timeline-item__image-wrapper\"><img loading=\"lazy\" decoding=\"async\" width=\"300\" height=\"200\" class=\"wp-block-getwid-content-timeline-item__image wp-image-100\" src=\"https:\/\/www.muehlebirgel.de\/wp-content\/uploads\/2009\/04\/bp-01.jpg\" alt=\"\"\/><\/div><div class=\"wp-block-getwid-content-timeline-item__content-wrapper\">\n<h3 class=\"wp-block-heading\"><strong>2001<\/strong><\/h3>\n\n\n\n<p>Le moulin rend visite au pr\u00e9sident f\u00e9d\u00e9ral pour la troisi\u00e8me fois<\/p>\n<\/div><\/div><\/div><div class=\"wp-block-getwid-content-timeline-item__point\"><div class=\"wp-block-getwid-content-timeline-item__point-content\"><\/div><\/div><div class=\"wp-block-getwid-content-timeline-item__meta\"><\/div><\/div><\/div>\n\n\n\n<div class=\"wp-block-getwid-content-timeline-item\"><div class=\"wp-block-getwid-content-timeline-item__wrapper\"><div class=\"wp-block-getwid-content-timeline-item__card\"><div class=\"wp-block-getwid-content-timeline-item__card-wrapper\"><div class=\"wp-block-getwid-content-timeline-item__image-wrapper\"><img loading=\"lazy\" decoding=\"async\" width=\"300\" height=\"200\" class=\"wp-block-getwid-content-timeline-item__image wp-image-101\" src=\"https:\/\/www.muehlebirgel.de\/wp-content\/uploads\/2009\/04\/beck-muehlenteam.jpg\" alt=\"\"\/><\/div><div class=\"wp-block-getwid-content-timeline-item__content-wrapper\">\n<h3 class=\"wp-block-heading\"><strong>2000<\/strong><\/h3>\n\n\n\n<p>Le festival d&rsquo;\u00e9t\u00e9 annuel du gouvernement du Land de Rh\u00e9nanie-Palatinat \u00e9tait le dernier \u00e0 l&rsquo;ancien lieu de travail \u00e0 Bonn. Les nombreuses entreprises et produits de marque de Rh\u00e9nanie-Palatinat, qui pr\u00e9sentaient toute la diversit\u00e9 de l&rsquo;\u00c9tat, y ont \u00e9galement contribu\u00e9. Il s&rsquo;agit notamment de marques bien connues telles que la brasserie Bitburger, Deutsche Post, S\u00fcdwestrundfunk et l&rsquo;Association centrale de l&rsquo;artisanat des boulangers allemands. Le moulin \u00e0 eau historique de Birgel avec ses propres produits a fourni la note sp\u00e9ciale et toute la diversit\u00e9. Notre photo montre Kurt Beck et l&rsquo;\u00e9quipe de l&rsquo;usine.<\/p>\n<\/div><\/div><\/div><div class=\"wp-block-getwid-content-timeline-item__point\"><div class=\"wp-block-getwid-content-timeline-item__point-content\"><\/div><\/div><div class=\"wp-block-getwid-content-timeline-item__meta\"><\/div><\/div><\/div>\n\n\n\n<div class=\"wp-block-getwid-content-timeline-item has-card-right\"><div class=\"wp-block-getwid-content-timeline-item__wrapper\"><div class=\"wp-block-getwid-content-timeline-item__card\"><div class=\"wp-block-getwid-content-timeline-item__card-wrapper\"><div class=\"wp-block-getwid-content-timeline-item__image-wrapper\"><img loading=\"lazy\" decoding=\"async\" width=\"300\" height=\"200\" class=\"wp-block-getwid-content-timeline-item__image wp-image-102\" src=\"https:\/\/www.muehlebirgel.de\/wp-content\/uploads\/2009\/04\/bp-00.jpg\" alt=\"\"\/><\/div><div class=\"wp-block-getwid-content-timeline-item__content-wrapper\">\n<h3 class=\"wp-block-heading\"><strong>2000<\/strong><\/h3>\n\n\n\n<p>Birgeler pr\u00e9sente l&rsquo;Eifel \u00e0 la f\u00eate d&rsquo;\u00e9t\u00e9 du pr\u00e9sident f\u00e9d\u00e9ral<\/p>\n<\/div><\/div><\/div><div class=\"wp-block-getwid-content-timeline-item__point\"><div class=\"wp-block-getwid-content-timeline-item__point-content\"><\/div><\/div><div class=\"wp-block-getwid-content-timeline-item__meta\"><\/div><\/div><\/div>\n\n\n\n<div class=\"wp-block-getwid-content-timeline-item\"><div class=\"wp-block-getwid-content-timeline-item__wrapper\"><div class=\"wp-block-getwid-content-timeline-item__card\"><div class=\"wp-block-getwid-content-timeline-item__card-wrapper\"><div class=\"wp-block-getwid-content-timeline-item__image-wrapper\"><img loading=\"lazy\" decoding=\"async\" width=\"300\" height=\"200\" class=\"wp-block-getwid-content-timeline-item__image wp-image-99\" src=\"https:\/\/www.muehlebirgel.de\/wp-content\/uploads\/2009\/04\/marketingpreis.jpg\" alt=\"\"\/><\/div><div class=\"wp-block-getwid-content-timeline-item__content-wrapper\">\n<h3 class=\"wp-block-heading\"><strong>1999<\/strong><\/h3>\n\n\n\n<p>En 1999, l&rsquo;\u00e9quipe du moulin \u00e9tait l&rsquo;invit\u00e9e du Festival du Pr\u00e9sident f\u00e9d\u00e9ral \u00e0 Berlin !<\/p>\n<\/div><\/div><\/div><div class=\"wp-block-getwid-content-timeline-item__point\"><div class=\"wp-block-getwid-content-timeline-item__point-content\"><\/div><\/div><div class=\"wp-block-getwid-content-timeline-item__meta\"><\/div><\/div><\/div>\n<\/div><\/div>\n\n<div style=\"height:100px\" aria-hidden=\"true\" class=\"wp-block-spacer\"><\/div>\n\n<h2 class=\"wp-block-heading\">Galerie d&rsquo;images<\/h2>\n\n<p><a href=\"https:\/\/www.muehlebirgel.de\/panorama-bilder.html\">Panorama-Bilder<\/a><\/p>\n\n<div style=\"height:14px\" aria-hidden=\"true\" class=\"wp-block-spacer\"><\/div>\n\n<div class=\"wp-block-columns is-layout-flex wp-container-core-columns-is-layout-9d6595d7 wp-block-columns-is-layout-flex\">\n<div class=\"wp-block-column is-layout-flow wp-block-column-is-layout-flow\">\n<figure class=\"wp-block-image\"><img loading=\"lazy\" decoding=\"async\" width=\"300\" height=\"200\" src=\"https:\/\/www.muehlebirgel.de\/wp-content\/uploads\/2009\/04\/Bundespraesident3HorstKoehler.jpg\" alt=\"\" class=\"wp-image-81\"\/><\/figure>\n<\/div>\n\n\n\n<div class=\"wp-block-column is-layout-flow wp-block-column-is-layout-flow\">\n<figure class=\"wp-block-image is-resized\"><img loading=\"lazy\" decoding=\"async\" width=\"300\" height=\"210\" src=\"https:\/\/www.muehlebirgel.de\/wp-content\/uploads\/2009\/04\/PetterMaffay.jpg\" alt=\"\" class=\"wp-image-82\" style=\"height:200px\"\/><\/figure>\n<\/div>\n\n\n\n<div class=\"wp-block-column is-layout-flow wp-block-column-is-layout-flow\">\n<figure class=\"wp-block-image is-resized\"><img loading=\"lazy\" decoding=\"async\" width=\"298\" height=\"200\" src=\"https:\/\/www.muehlebirgel.de\/wp-content\/uploads\/2009\/04\/UNBENANNT_53.jpg\" alt=\"\" class=\"wp-image-83\" style=\"width:300px;height:200px\"\/><\/figure>\n<\/div>\n<\/div>\n\n<div class=\"wp-block-columns is-layout-flex wp-container-core-columns-is-layout-9d6595d7 wp-block-columns-is-layout-flex\">\n<div class=\"wp-block-column is-layout-flow wp-block-column-is-layout-flow\">\n<figure class=\"wp-block-image\"><img loading=\"lazy\" decoding=\"async\" width=\"298\" height=\"200\" src=\"https:\/\/www.muehlebirgel.de\/wp-content\/uploads\/2009\/04\/UNBENANNT_61.jpg\" alt=\"\" class=\"wp-image-84\"\/><\/figure>\n<\/div>\n\n\n\n<div class=\"wp-block-column is-layout-flow wp-block-column-is-layout-flow\">\n<figure class=\"wp-block-image is-resized\"><img loading=\"lazy\" decoding=\"async\" width=\"300\" height=\"225\" src=\"https:\/\/www.muehlebirgel.de\/wp-content\/uploads\/2009\/04\/Erwin-Theo-Waigel.jpg\" alt=\"\" class=\"wp-image-85\" style=\"height:200px\"\/><\/figure>\n<\/div>\n\n\n\n<div class=\"wp-block-column is-layout-flow wp-block-column-is-layout-flow\">\n<figure class=\"wp-block-image\"><img loading=\"lazy\" decoding=\"async\" width=\"300\" height=\"190\" src=\"https:\/\/www.muehlebirgel.de\/wp-content\/uploads\/2009\/04\/Muehlenteam-Familie-Koehler.jpg\" alt=\"\" class=\"wp-image-86\"\/><\/figure>\n<\/div>\n<\/div>\n\n<div class=\"wp-block-columns is-layout-flex wp-container-core-columns-is-layout-9d6595d7 wp-block-columns-is-layout-flex\">\n<div class=\"wp-block-column is-layout-flow wp-block-column-is-layout-flow\">\n<figure class=\"wp-block-image\"><img loading=\"lazy\" decoding=\"async\" width=\"300\" height=\"200\" src=\"https:\/\/www.muehlebirgel.de\/wp-content\/uploads\/2009\/04\/WolfgangThierseAbzug.jpg\" alt=\"\" class=\"wp-image-87\"\/><\/figure>\n<\/div>\n\n\n\n<div class=\"wp-block-column is-layout-flow wp-block-column-is-layout-flow\">\n<figure class=\"wp-block-image\"><img loading=\"lazy\" decoding=\"async\" width=\"300\" height=\"200\" src=\"https:\/\/www.muehlebirgel.de\/wp-content\/uploads\/2009\/04\/bp-07-1.jpg\" alt=\"\" class=\"wp-image-88\"\/><\/figure>\n<\/div>\n\n\n\n<div class=\"wp-block-column is-layout-flow wp-block-column-is-layout-flow\">\n<figure class=\"wp-block-image\"><img loading=\"lazy\" decoding=\"async\" width=\"300\" height=\"200\" src=\"https:\/\/www.muehlebirgel.de\/wp-content\/uploads\/2009\/04\/bp-07-2.jpg\" alt=\"\" class=\"wp-image-89\"\/><\/figure>\n<\/div>\n<\/div>\n\n<div class=\"wp-block-columns is-layout-flex wp-container-core-columns-is-layout-9d6595d7 wp-block-columns-is-layout-flex\">\n<div class=\"wp-block-column is-layout-flow wp-block-column-is-layout-flow\">\n<figure class=\"wp-block-image\"><img loading=\"lazy\" decoding=\"async\" width=\"300\" height=\"200\" src=\"https:\/\/www.muehlebirgel.de\/wp-content\/uploads\/2009\/04\/bp-07-3.jpg\" alt=\"\" class=\"wp-image-90\"\/><\/figure>\n<\/div>\n\n\n\n<div class=\"wp-block-column is-layout-flow wp-block-column-is-layout-flow\">\n<figure class=\"wp-block-image\"><img loading=\"lazy\" decoding=\"async\" width=\"300\" height=\"200\" src=\"https:\/\/www.muehlebirgel.de\/wp-content\/uploads\/2009\/04\/bp-04-1.jpg\" alt=\"\" class=\"wp-image-91\"\/><\/figure>\n<\/div>\n\n\n\n<div class=\"wp-block-column is-layout-flow wp-block-column-is-layout-flow\">\n<figure class=\"wp-block-image\"><img loading=\"lazy\" decoding=\"async\" width=\"300\" height=\"200\" src=\"https:\/\/www.muehlebirgel.de\/wp-content\/uploads\/2009\/04\/bp-04-2.jpg\" alt=\"\" class=\"wp-image-92\"\/><\/figure>\n<\/div>\n<\/div>\n\n<div class=\"wp-block-columns is-layout-flex wp-container-core-columns-is-layout-9d6595d7 wp-block-columns-is-layout-flex\">\n<div class=\"wp-block-column is-layout-flow wp-block-column-is-layout-flow\">\n<figure class=\"wp-block-image\"><img loading=\"lazy\" decoding=\"async\" width=\"500\" height=\"333\" src=\"https:\/\/www.muehlebirgel.de\/wp-content\/uploads\/2009\/04\/gruppenbild03.jpg\" alt=\"\" class=\"wp-image-93\" srcset=\"https:\/\/www.muehlebirgel.de\/wp-content\/uploads\/2009\/04\/gruppenbild03.jpg 500w, https:\/\/www.muehlebirgel.de\/wp-content\/uploads\/2009\/04\/gruppenbild03-400x266.jpg 400w, https:\/\/www.muehlebirgel.de\/wp-content\/uploads\/2009\/04\/gruppenbild03-367x244.jpg 367w\" sizes=\"auto, (max-width: 500px) 100vw, 500px\" \/><\/figure>\n<\/div>\n\n\n\n<div class=\"wp-block-column is-layout-flow wp-block-column-is-layout-flow\">\n<figure class=\"wp-block-image\"><img loading=\"lazy\" decoding=\"async\" width=\"300\" height=\"200\" src=\"https:\/\/www.muehlebirgel.de\/wp-content\/uploads\/2009\/04\/bp-02.jpg\" alt=\"bundespr&#xE4;sident\" class=\"wp-image-94\"\/><\/figure>\n<\/div>\n\n\n\n<div class=\"wp-block-column is-layout-flow wp-block-column-is-layout-flow\">\n<figure class=\"wp-block-image\"><img loading=\"lazy\" decoding=\"async\" width=\"280\" height=\"200\" src=\"https:\/\/www.muehlebirgel.de\/wp-content\/uploads\/2009\/04\/UNBENANNT_103.jpg\" alt=\"\" class=\"wp-image-96\"\/><\/figure>\n<\/div>\n<\/div>\n\n<div class=\"wp-block-columns is-layout-flex wp-container-core-columns-is-layout-9d6595d7 wp-block-columns-is-layout-flex\">\n<div class=\"wp-block-column is-layout-flow wp-block-column-is-layout-flow\">\n<figure class=\"wp-block-image\"><img loading=\"lazy\" decoding=\"async\" width=\"300\" height=\"194\" src=\"https:\/\/www.muehlebirgel.de\/wp-content\/uploads\/2009\/04\/UNBENANNT_88.jpg\" alt=\"\" class=\"wp-image-97\"\/><\/figure>\n<\/div>\n\n\n\n<div class=\"wp-block-column is-layout-flow wp-block-column-is-layout-flow\">\n<figure class=\"wp-block-image\"><img loading=\"lazy\" decoding=\"async\" width=\"300\" height=\"197\" src=\"https:\/\/www.muehlebirgel.de\/wp-content\/uploads\/2009\/04\/UNBENANNT_90.jpg\" alt=\"\" class=\"wp-image-98\"\/><\/figure>\n<\/div>\n\n\n\n<div class=\"wp-block-column is-layout-flow wp-block-column-is-layout-flow\">\n<figure class=\"wp-block-image\"><img loading=\"lazy\" decoding=\"async\" width=\"300\" height=\"200\" src=\"https:\/\/www.muehlebirgel.de\/wp-content\/uploads\/2009\/04\/beck-muehlenteam.jpg\" alt=\"kurt beck\" class=\"wp-image-101\"\/><\/figure>\n<\/div>\n<\/div>\n\n<div class=\"wp-block-columns is-layout-flex wp-container-core-columns-is-layout-9d6595d7 wp-block-columns-is-layout-flex\">\n<div class=\"wp-block-column is-layout-flow wp-block-column-is-layout-flow\">\n<figure class=\"wp-block-image\"><img loading=\"lazy\" decoding=\"async\" width=\"300\" height=\"241\" src=\"https:\/\/www.muehlebirgel.de\/wp-content\/uploads\/2009\/04\/Axel_Schultz_3.jpg\" alt=\"bundespr&#xE4;sident\" class=\"wp-image-104\"\/><\/figure>\n<\/div>\n\n\n\n<div class=\"wp-block-column is-layout-flow wp-block-column-is-layout-flow\">\n<figure class=\"wp-block-image\"><img loading=\"lazy\" decoding=\"async\" width=\"500\" height=\"333\" src=\"https:\/\/www.muehlebirgel.de\/wp-content\/uploads\/2009\/04\/gruppenbild03.jpg\" alt=\"\" class=\"wp-image-93\" srcset=\"https:\/\/www.muehlebirgel.de\/wp-content\/uploads\/2009\/04\/gruppenbild03.jpg 500w, https:\/\/www.muehlebirgel.de\/wp-content\/uploads\/2009\/04\/gruppenbild03-400x266.jpg 400w, https:\/\/www.muehlebirgel.de\/wp-content\/uploads\/2009\/04\/gruppenbild03-367x244.jpg 367w\" sizes=\"auto, (max-width: 500px) 100vw, 500px\" \/><\/figure>\n<\/div>\n\n\n\n<div class=\"wp-block-column is-layout-flow wp-block-column-is-layout-flow\">\n<figure class=\"wp-block-image\"><img loading=\"lazy\" decoding=\"async\" width=\"300\" height=\"280\" src=\"https:\/\/www.muehlebirgel.de\/wp-content\/uploads\/2009\/04\/Von_der_Lippe.jpg\" alt=\"bundespr&#xE4;sident\" class=\"wp-image-106\"\/><\/figure>\n<\/div>\n<\/div>\n\n<div class=\"wp-block-columns is-layout-flex wp-container-core-columns-is-layout-9d6595d7 wp-block-columns-is-layout-flex\">\n<div class=\"wp-block-column is-layout-flow wp-block-column-is-layout-flow\">\n<figure class=\"wp-block-image\"><img loading=\"lazy\" decoding=\"async\" width=\"300\" height=\"280\" src=\"https:\/\/www.muehlebirgel.de\/wp-content\/uploads\/2009\/04\/Von_der_Lippe.jpg\" alt=\"bundespr&#xE4;sident\" class=\"wp-image-106\"\/><\/figure>\n<\/div>\n\n\n\n<div class=\"wp-block-column is-layout-flow wp-block-column-is-layout-flow\">\n<figure class=\"wp-block-image\"><img loading=\"lazy\" decoding=\"async\" width=\"300\" height=\"355\" src=\"https:\/\/www.muehlebirgel.de\/wp-content\/uploads\/2009\/04\/Lippe_Foess.jpg\" alt=\"bundespr&#xE4;sident\" class=\"wp-image-105\"\/><\/figure>\n<\/div>\n\n\n\n<div class=\"wp-block-column is-layout-flow wp-block-column-is-layout-flow\">\n<figure class=\"wp-block-image\"><img loading=\"lazy\" decoding=\"async\" width=\"300\" height=\"284\" src=\"https:\/\/www.muehlebirgel.de\/wp-content\/uploads\/2009\/04\/Beck02.jpg\" alt=\"beck\" class=\"wp-image-95\"\/><\/figure>\n<\/div>\n<\/div>\n\n<p><\/p>\n","protected":false},"excerpt":{"rendered":"<p>Une vue de la chambre d&rsquo;h\u00f4tel est un voyage dans le pass\u00e9 Le vieux moulin &#8211; appel\u00e9 moulin \u00e0 c\u00e9r\u00e9ales dans le langage courant &#8211; est le plus ancien des quatre moulins en \u00e9tat de marche sur le site des moulins \u00e0 Birgel\/Eifel. Il date du XIIIe si\u00e8cle et a \u00e9t\u00e9 repris en priv\u00e9 par [&hellip;]<\/p>\n","protected":false},"author":1,"featured_media":0,"parent":0,"menu_order":2,"comment_status":"closed","ping_status":"closed","template":"","meta":{"footnotes":""},"class_list":["post-9667","page","type-page","status-publish","hentry"],"yoast_head":"<!-- This site is optimized with the Yoast SEO plugin v27.2 - https:\/\/yoast.com\/product\/yoast-seo-wordpress\/ -->\n<title>\u00c0 propos du moulin \u00e0 eau historique - Historische Wasserm\u00fchle Birgel<\/title>\n<meta name=\"robots\" content=\"index, follow, max-snippet:-1, max-image-preview:large, max-video-preview:-1\" \/>\n<link rel=\"canonical\" href=\"https:\/\/www.muehlebirgel.de\/fr\/moulin\" \/>\n<meta property=\"og:locale\" content=\"fr_FR\" \/>\n<meta property=\"og:type\" content=\"article\" \/>\n<meta property=\"og:title\" content=\"\u00c0 propos du moulin \u00e0 eau historique - Historische Wasserm\u00fchle Birgel\" \/>\n<meta property=\"og:description\" content=\"Une vue de la chambre d&rsquo;h\u00f4tel est un voyage dans le pass\u00e9 Le vieux moulin &#8211; appel\u00e9 moulin \u00e0 c\u00e9r\u00e9ales dans le langage courant &#8211; est le plus ancien des quatre moulins en \u00e9tat de marche sur le site des moulins \u00e0 Birgel\/Eifel. Il date du XIIIe si\u00e8cle et a \u00e9t\u00e9 repris en priv\u00e9 par [&hellip;]\" \/>\n<meta property=\"og:url\" content=\"https:\/\/www.muehlebirgel.de\/fr\/moulin\/\" \/>\n<meta property=\"og:site_name\" content=\"Historische Wasserm\u00fchle Birgel\" \/>\n<meta property=\"article:modified_time\" content=\"2025-07-07T06:47:08+00:00\" \/>\n<meta property=\"og:image\" content=\"https:\/\/www.muehlebirgel.de\/wp-content\/uploads\/2009\/04\/Erwin-und-Mariette.jpg\" \/>\n\t<meta property=\"og:image:width\" content=\"300\" \/>\n\t<meta property=\"og:image:height\" content=\"212\" \/>\n\t<meta property=\"og:image:type\" content=\"image\/jpeg\" \/>\n<meta name=\"twitter:card\" content=\"summary_large_image\" \/>\n<meta name=\"twitter:label1\" content=\"Dur\u00e9e de lecture estim\u00e9e\" \/>\n\t<meta name=\"twitter:data1\" content=\"6 minutes\" \/>\n<script type=\"application\/ld+json\" class=\"yoast-schema-graph\">{\"@context\":\"https:\/\/schema.org\",\"@graph\":[{\"@type\":\"WebPage\",\"@id\":\"https:\/\/www.muehlebirgel.de\/fr\/moulin\",\"url\":\"https:\/\/www.muehlebirgel.de\/fr\/moulin\",\"name\":\"\u00c0 propos du moulin \u00e0 eau historique - Historische Wasserm\u00fchle Birgel\",\"isPartOf\":{\"@id\":\"https:\/\/www.muehlebirgel.de\/fr\/#website\"},\"primaryImageOfPage\":{\"@id\":\"https:\/\/www.muehlebirgel.de\/fr\/moulin#primaryimage\"},\"image\":{\"@id\":\"https:\/\/www.muehlebirgel.de\/fr\/moulin#primaryimage\"},\"thumbnailUrl\":\"https:\/\/www.muehlebirgel.de\/wp-content\/uploads\/2009\/04\/Erwin-und-Mariette.jpg\",\"datePublished\":\"2021-12-10T14:56:25+00:00\",\"dateModified\":\"2025-07-07T06:47:08+00:00\",\"breadcrumb\":{\"@id\":\"https:\/\/www.muehlebirgel.de\/fr\/moulin#breadcrumb\"},\"inLanguage\":\"fr-FR\",\"potentialAction\":[{\"@type\":\"ReadAction\",\"target\":[\"https:\/\/www.muehlebirgel.de\/fr\/moulin\"]}]},{\"@type\":\"ImageObject\",\"inLanguage\":\"fr-FR\",\"@id\":\"https:\/\/www.muehlebirgel.de\/fr\/moulin#primaryimage\",\"url\":\"https:\/\/www.muehlebirgel.de\/wp-content\/uploads\/2009\/04\/Erwin-und-Mariette.jpg\",\"contentUrl\":\"https:\/\/www.muehlebirgel.de\/wp-content\/uploads\/2009\/04\/Erwin-und-Mariette.jpg\"},{\"@type\":\"BreadcrumbList\",\"@id\":\"https:\/\/www.muehlebirgel.de\/fr\/moulin#breadcrumb\",\"itemListElement\":[{\"@type\":\"ListItem\",\"position\":1,\"name\":\"Startseite\",\"item\":\"https:\/\/www.muehlebirgel.de\/fr\"},{\"@type\":\"ListItem\",\"position\":2,\"name\":\"\u00c0 propos du moulin \u00e0 eau historique\"}]},{\"@type\":\"WebSite\",\"@id\":\"https:\/\/www.muehlebirgel.de\/fr\/#website\",\"url\":\"https:\/\/www.muehlebirgel.de\/fr\/\",\"name\":\"Historische Wasserm\u00fchle Birgel\",\"description\":\"Willkommen im M\u00fchlen-Erlebniszentrum\",\"potentialAction\":[{\"@type\":\"SearchAction\",\"target\":{\"@type\":\"EntryPoint\",\"urlTemplate\":\"https:\/\/www.muehlebirgel.de\/fr\/?s={search_term_string}\"},\"query-input\":{\"@type\":\"PropertyValueSpecification\",\"valueRequired\":true,\"valueName\":\"search_term_string\"}}],\"inLanguage\":\"fr-FR\"}]}<\/script>\n<!-- \/ Yoast SEO plugin. -->","yoast_head_json":{"title":"\u00c0 propos du moulin \u00e0 eau historique - Historische Wasserm\u00fchle Birgel","robots":{"index":"index","follow":"follow","max-snippet":"max-snippet:-1","max-image-preview":"max-image-preview:large","max-video-preview":"max-video-preview:-1"},"canonical":"https:\/\/www.muehlebirgel.de\/fr\/moulin","og_locale":"fr_FR","og_type":"article","og_title":"\u00c0 propos du moulin \u00e0 eau historique - Historische Wasserm\u00fchle Birgel","og_description":"Une vue de la chambre d&rsquo;h\u00f4tel est un voyage dans le pass\u00e9 Le vieux moulin &#8211; appel\u00e9 moulin \u00e0 c\u00e9r\u00e9ales dans le langage courant &#8211; est le plus ancien des quatre moulins en \u00e9tat de marche sur le site des moulins \u00e0 Birgel\/Eifel. Il date du XIIIe si\u00e8cle et a \u00e9t\u00e9 repris en priv\u00e9 par [&hellip;]","og_url":"https:\/\/www.muehlebirgel.de\/fr\/moulin\/","og_site_name":"Historische Wasserm\u00fchle Birgel","article_modified_time":"2025-07-07T06:47:08+00:00","og_image":[{"width":300,"height":212,"url":"https:\/\/www.muehlebirgel.de\/wp-content\/uploads\/2009\/04\/Erwin-und-Mariette.jpg","type":"image\/jpeg"}],"twitter_card":"summary_large_image","twitter_misc":{"Dur\u00e9e de lecture estim\u00e9e":"6 minutes"},"schema":{"@context":"https:\/\/schema.org","@graph":[{"@type":"WebPage","@id":"https:\/\/www.muehlebirgel.de\/fr\/moulin","url":"https:\/\/www.muehlebirgel.de\/fr\/moulin","name":"\u00c0 propos du moulin \u00e0 eau historique - Historische Wasserm\u00fchle Birgel","isPartOf":{"@id":"https:\/\/www.muehlebirgel.de\/fr\/#website"},"primaryImageOfPage":{"@id":"https:\/\/www.muehlebirgel.de\/fr\/moulin#primaryimage"},"image":{"@id":"https:\/\/www.muehlebirgel.de\/fr\/moulin#primaryimage"},"thumbnailUrl":"https:\/\/www.muehlebirgel.de\/wp-content\/uploads\/2009\/04\/Erwin-und-Mariette.jpg","datePublished":"2021-12-10T14:56:25+00:00","dateModified":"2025-07-07T06:47:08+00:00","breadcrumb":{"@id":"https:\/\/www.muehlebirgel.de\/fr\/moulin#breadcrumb"},"inLanguage":"fr-FR","potentialAction":[{"@type":"ReadAction","target":["https:\/\/www.muehlebirgel.de\/fr\/moulin"]}]},{"@type":"ImageObject","inLanguage":"fr-FR","@id":"https:\/\/www.muehlebirgel.de\/fr\/moulin#primaryimage","url":"https:\/\/www.muehlebirgel.de\/wp-content\/uploads\/2009\/04\/Erwin-und-Mariette.jpg","contentUrl":"https:\/\/www.muehlebirgel.de\/wp-content\/uploads\/2009\/04\/Erwin-und-Mariette.jpg"},{"@type":"BreadcrumbList","@id":"https:\/\/www.muehlebirgel.de\/fr\/moulin#breadcrumb","itemListElement":[{"@type":"ListItem","position":1,"name":"Startseite","item":"https:\/\/www.muehlebirgel.de\/fr"},{"@type":"ListItem","position":2,"name":"\u00c0 propos du moulin \u00e0 eau historique"}]},{"@type":"WebSite","@id":"https:\/\/www.muehlebirgel.de\/fr\/#website","url":"https:\/\/www.muehlebirgel.de\/fr\/","name":"Historische Wasserm\u00fchle Birgel","description":"Willkommen im M\u00fchlen-Erlebniszentrum","potentialAction":[{"@type":"SearchAction","target":{"@type":"EntryPoint","urlTemplate":"https:\/\/www.muehlebirgel.de\/fr\/?s={search_term_string}"},"query-input":{"@type":"PropertyValueSpecification","valueRequired":true,"valueName":"search_term_string"}}],"inLanguage":"fr-FR"}]}},"_links":{"self":[{"href":"https:\/\/www.muehlebirgel.de\/fr\/wp-json\/wp\/v2\/pages\/9667","targetHints":{"allow":["GET"]}}],"collection":[{"href":"https:\/\/www.muehlebirgel.de\/fr\/wp-json\/wp\/v2\/pages"}],"about":[{"href":"https:\/\/www.muehlebirgel.de\/fr\/wp-json\/wp\/v2\/types\/page"}],"author":[{"embeddable":true,"href":"https:\/\/www.muehlebirgel.de\/fr\/wp-json\/wp\/v2\/users\/1"}],"replies":[{"embeddable":true,"href":"https:\/\/www.muehlebirgel.de\/fr\/wp-json\/wp\/v2\/comments?post=9667"}],"version-history":[{"count":21,"href":"https:\/\/www.muehlebirgel.de\/fr\/wp-json\/wp\/v2\/pages\/9667\/revisions"}],"predecessor-version":[{"id":58429,"href":"https:\/\/www.muehlebirgel.de\/fr\/wp-json\/wp\/v2\/pages\/9667\/revisions\/58429"}],"wp:attachment":[{"href":"https:\/\/www.muehlebirgel.de\/fr\/wp-json\/wp\/v2\/media?parent=9667"}],"curies":[{"name":"wp","href":"https:\/\/api.w.org\/{rel}","templated":true}]}}