{"id":9683,"date":"2021-12-10T14:56:48","date_gmt":"2021-12-10T14:56:48","guid":{"rendered":"https:\/\/www.muehlebirgel.de\/conferences-et-seminaires-dans-leifel\/"},"modified":"2023-03-28T14:51:12","modified_gmt":"2023-03-28T13:51:12","slug":"conferences-et-seminaires-dans-leifel","status":"publish","type":"page","link":"https:\/\/www.muehlebirgel.de\/fr\/conferences-et-seminaires-dans-leifel","title":{"rendered":"Conf\u00e9rences et s\u00e9minaires dans l&rsquo;Eifel"},"content":{"rendered":"<p><img loading=\"lazy\" decoding=\"async\" class=\"size-full wp-image-164 alignleft\" src=\"https:\/\/www.muehlebirgel.de\/wp-content\/uploads\/2009\/04\/seminar.jpg\" alt=\"\" width=\"300\" height=\"200\"><\/p>\n<p>Obtenir des informations actuelles et vivre des contenus dans le champ de tension de murs et de poutres de ch\u00eane tr\u00e8s anciens, voil\u00e0 ce qui fait des s\u00e9minaires organis\u00e9s dans le moulin \u00e0 eau une exp\u00e9rience particuli\u00e8re et durable, tant pour les organisateurs que pour les participants.<\/p>\n<p>A commencer par la salle de s\u00e9minaire, qui d\u00e9gage imm\u00e9diatement une sensation de calme cosy et libre. La cuisine du \u00ab\u00a0Moulin\u00a0\u00bb, servie dans la taverne, ou, peut-\u00eatre pour \u00e9teindre vos pens\u00e9es, pr\u00e9parer votre propre nourriture une fois, ou encore jouer \u00e0 des jeux de soci\u00e9t\u00e9 et de motivation avec notre chef meunier Erwin et son \u00e9quipe, laissez le monde de la pens\u00e9e exp\u00e9rimenter des moments diff\u00e9rents.<\/p>\n<p>\u00c0 la fin de chaque journ\u00e9e, dormir dans un appartement \u00e0 colombages d&rsquo;au moins 300 ans plonge chaque participant dans un r\u00eave.<\/p>\n<h2>Offre sp\u00e9ciale hiver<\/h2>\n<p>Vivez les mois d&rsquo;hiver dans l&rsquo;Eifel romantique avec notre offre sp\u00e9ciale hiver du <strong>17 novembre 2019 au 14 f\u00e9vrier 2020.<\/strong><\/p>\n<p>Les services suivants sont disponibles \u00e0 partir d&rsquo;au moins 10 personnes contiennent :<\/p>\n<ul>\n<li>Salle de conf\u00e9rence incl. technique. Equipement et \u00e9quipement pour 2 jours complets<\/li>\n<li>Boissons de la conf\u00e9rence (caf\u00e9, th\u00e9, sodas, eau min\u00e9rale) et viennoiseries maison &#8211; \u00e0 volont\u00e9 pendant toute la conf\u00e9rence<\/li>\n<li>1 x d\u00e9jeuner en rago\u00fbt le premier jour<\/li>\n<li>1 x d\u00e9jeuner en plat principal le deuxi\u00e8me jour<\/li>\n<li>1 d\u00eener de 3 plats<\/li>\n<li>Nuit\u00e9e en chambres individuelles et appartements individuels<\/li>\n<li>Buffet de petit d\u00e9jeuner<\/li>\n<li>En plus de la d\u00e9tente avant le d\u00eener, une visite guid\u00e9e de tous les moulins en activit\u00e9 (moulin \u00e0 grains, \u00e0 scie, \u00e0 moutarde et \u00e0 huile), ainsi que la boulangerie avec deux anciens fours en pierre et la distillerie historique de schnaps incl. une liqueur<\/li>\n<\/ul>\n<p><strong>Tarif sp\u00e9cial : 160 \u20ac<\/strong> par personne (du mardi au mercredi)<br \/>\n<strong>Tarif sp\u00e9cial : 180 \u20ac<\/strong> par personne (du jeudi au vendredi)<br \/>\nplus les boissons en mangeant apr\u00e8s la consommation<\/p>\n<p>Tarif pour la p\u00e9riode de mars 2020 \u00e0 octobre 2020 pour les prestations ci-dessus<br \/>\n210 \u20ac par personne<\/p>\n<p>Nous pouvons vous proposer les nuit\u00e9es suivantes dans les locaux du moulin :<\/p>\n<ul>\n<li>8 chambres doubles \u00e0 usage individuel dans l&rsquo;h\u00f4tel du moulin<\/li>\n<li>3 appartements dans les maisons \u00e0 colombages historiques avec une chambre \u00e0 usage unique<\/li>\n<li>3 appartements avec deux chambres \u00e0 usage unique ou avec occupation de 2 personnes<\/li>\n<\/ul>\n<p>Pour les groupes de conf\u00e9rence plus importants, nous pouvons r\u00e9server des nuit\u00e9es suppl\u00e9mentaires dans des maisons d&rsquo;h\u00f4tes \u00e0 Birgel.<\/p>\n<p>Nous serions heureux de vous fournir une offre individuelle selon vos souhaits.<\/p>\n<hr>\n<p><img loading=\"lazy\" decoding=\"async\" class=\" size-full wp-image-123\" src=\"https:\/\/www.muehlebirgel.de\/wp-content\/uploads\/2009\/04\/ferienhaeuser.jpg\" alt=\"\" width=\"300\" height=\"200\"><\/p>\n<p>Nous attendons avec impatience votre demande \u00e0<\/p>\n<p>T\u00e9l. : 06597\/92820 ou via notre <a href=\"https:\/\/www.muehlebirgel.de\/kontakt\">formulaire de contact<\/a> !<\/p>\n<p><strong>Photos panoramiques \u00e0 360\u00b0<\/strong> <a href=\"\/360grad\/seminar.html\">depuis la salle de s\u00e9minaire<\/a>&gt;&gt; et <a href=\"\/360grad\/festsaal.html\">de la salle de bal<\/a>&gt;&gt; <\/p>\n<p>En savoir plus sur <a href=\"https:\/\/www.muehlebirgel.de\/das-tagungshotel.html\">l&rsquo;h\u00f4tel de conf\u00e9rence<\/a> et <a href=\"https:\/\/www.muehlebirgel.de\/tagungshotel-und-seminare-preise.html\">nos tarifs<\/a><\/p>\n<hr>\n<p><img loading=\"lazy\" decoding=\"async\" class=\" size-full wp-image-111\" src=\"https:\/\/www.muehlebirgel.de\/wp-content\/uploads\/2009\/04\/Gewoelbekeller.jpg\" alt=\"\" width=\"300\" height=\"200\"><\/p>\n","protected":false},"excerpt":{"rendered":"<p>Obtenir des informations actuelles et vivre des contenus dans le champ de tension de murs et de poutres de ch\u00eane tr\u00e8s anciens, voil\u00e0 ce qui fait des s\u00e9minaires organis\u00e9s dans le moulin \u00e0 eau une exp\u00e9rience particuli\u00e8re et durable, tant pour les organisateurs que pour les participants. A commencer par la salle de s\u00e9minaire, qui [&hellip;]<\/p>\n","protected":false},"author":1,"featured_media":0,"parent":9816,"menu_order":3,"comment_status":"closed","ping_status":"closed","template":"","meta":{"footnotes":""},"class_list":["post-9683","page","type-page","status-publish","hentry"],"yoast_head":"<!-- This site is optimized with the Yoast SEO plugin v27.2 - https:\/\/yoast.com\/product\/yoast-seo-wordpress\/ -->\n<title>Conf\u00e9rences et s\u00e9minaires dans l&#039;Eifel - Historische Wasserm\u00fchle Birgel<\/title>\n<meta name=\"robots\" content=\"index, follow, max-snippet:-1, max-image-preview:large, max-video-preview:-1\" \/>\n<link rel=\"canonical\" href=\"https:\/\/www.muehlebirgel.de\/fr\/conferences-et-seminaires-dans-leifel\" \/>\n<meta property=\"og:locale\" content=\"fr_FR\" \/>\n<meta property=\"og:type\" content=\"article\" \/>\n<meta property=\"og:title\" content=\"Conf\u00e9rences et s\u00e9minaires dans l&#039;Eifel - Historische Wasserm\u00fchle Birgel\" \/>\n<meta property=\"og:description\" content=\"Obtenir des informations actuelles et vivre des contenus dans le champ de tension de murs et de poutres de ch\u00eane tr\u00e8s anciens, voil\u00e0 ce qui fait des s\u00e9minaires organis\u00e9s dans le moulin \u00e0 eau une exp\u00e9rience particuli\u00e8re et durable, tant pour les organisateurs que pour les participants. A commencer par la salle de s\u00e9minaire, qui [&hellip;]\" \/>\n<meta property=\"og:url\" content=\"https:\/\/www.muehlebirgel.de\/fr\/conferences-et-seminaires-dans-leifel\/\" \/>\n<meta property=\"og:site_name\" content=\"Historische Wasserm\u00fchle Birgel\" \/>\n<meta property=\"article:modified_time\" content=\"2023-03-28T13:51:12+00:00\" \/>\n<meta property=\"og:image\" content=\"https:\/\/www.muehlebirgel.de\/wp-content\/uploads\/2009\/04\/seminar.jpg\" \/>\n<meta name=\"twitter:card\" content=\"summary_large_image\" \/>\n<meta name=\"twitter:label1\" content=\"Dur\u00e9e de lecture estim\u00e9e\" \/>\n\t<meta name=\"twitter:data1\" content=\"2 minutes\" \/>\n<script type=\"application\/ld+json\" class=\"yoast-schema-graph\">{\"@context\":\"https:\/\/schema.org\",\"@graph\":[{\"@type\":\"WebPage\",\"@id\":\"https:\/\/www.muehlebirgel.de\/fr\/conferences-et-seminaires-dans-leifel\",\"url\":\"https:\/\/www.muehlebirgel.de\/fr\/conferences-et-seminaires-dans-leifel\",\"name\":\"Conf\u00e9rences et s\u00e9minaires dans l'Eifel - Historische Wasserm\u00fchle Birgel\",\"isPartOf\":{\"@id\":\"https:\/\/www.muehlebirgel.de\/fr\/#website\"},\"primaryImageOfPage\":{\"@id\":\"https:\/\/www.muehlebirgel.de\/fr\/conferences-et-seminaires-dans-leifel#primaryimage\"},\"image\":{\"@id\":\"https:\/\/www.muehlebirgel.de\/fr\/conferences-et-seminaires-dans-leifel#primaryimage\"},\"thumbnailUrl\":\"https:\/\/www.muehlebirgel.de\/wp-content\/uploads\/2009\/04\/seminar.jpg\",\"datePublished\":\"2021-12-10T14:56:48+00:00\",\"dateModified\":\"2023-03-28T13:51:12+00:00\",\"breadcrumb\":{\"@id\":\"https:\/\/www.muehlebirgel.de\/fr\/conferences-et-seminaires-dans-leifel#breadcrumb\"},\"inLanguage\":\"fr-FR\",\"potentialAction\":[{\"@type\":\"ReadAction\",\"target\":[\"https:\/\/www.muehlebirgel.de\/fr\/conferences-et-seminaires-dans-leifel\"]}]},{\"@type\":\"ImageObject\",\"inLanguage\":\"fr-FR\",\"@id\":\"https:\/\/www.muehlebirgel.de\/fr\/conferences-et-seminaires-dans-leifel#primaryimage\",\"url\":\"https:\/\/www.muehlebirgel.de\/wp-content\/uploads\/2009\/04\/seminar.jpg\",\"contentUrl\":\"https:\/\/www.muehlebirgel.de\/wp-content\/uploads\/2009\/04\/seminar.jpg\"},{\"@type\":\"BreadcrumbList\",\"@id\":\"https:\/\/www.muehlebirgel.de\/fr\/conferences-et-seminaires-dans-leifel#breadcrumb\",\"itemListElement\":[{\"@type\":\"ListItem\",\"position\":1,\"name\":\"Startseite\",\"item\":\"https:\/\/www.muehlebirgel.de\/fr\"},{\"@type\":\"ListItem\",\"position\":2,\"name\":\"Journ\u00e9e aventure dans l&#8217;Eifel\",\"item\":\"https:\/\/www.muehlebirgel.de\/fr\/journee-aventure-dans-leifel\"},{\"@type\":\"ListItem\",\"position\":3,\"name\":\"Conf\u00e9rences et s\u00e9minaires dans l&#8217;Eifel\"}]},{\"@type\":\"WebSite\",\"@id\":\"https:\/\/www.muehlebirgel.de\/fr\/#website\",\"url\":\"https:\/\/www.muehlebirgel.de\/fr\/\",\"name\":\"Historische Wasserm\u00fchle Birgel\",\"description\":\"Willkommen im M\u00fchlen-Erlebniszentrum\",\"potentialAction\":[{\"@type\":\"SearchAction\",\"target\":{\"@type\":\"EntryPoint\",\"urlTemplate\":\"https:\/\/www.muehlebirgel.de\/fr\/?s={search_term_string}\"},\"query-input\":{\"@type\":\"PropertyValueSpecification\",\"valueRequired\":true,\"valueName\":\"search_term_string\"}}],\"inLanguage\":\"fr-FR\"}]}<\/script>\n<!-- \/ Yoast SEO plugin. -->","yoast_head_json":{"title":"Conf\u00e9rences et s\u00e9minaires dans l'Eifel - Historische Wasserm\u00fchle Birgel","robots":{"index":"index","follow":"follow","max-snippet":"max-snippet:-1","max-image-preview":"max-image-preview:large","max-video-preview":"max-video-preview:-1"},"canonical":"https:\/\/www.muehlebirgel.de\/fr\/conferences-et-seminaires-dans-leifel","og_locale":"fr_FR","og_type":"article","og_title":"Conf\u00e9rences et s\u00e9minaires dans l'Eifel - Historische Wasserm\u00fchle Birgel","og_description":"Obtenir des informations actuelles et vivre des contenus dans le champ de tension de murs et de poutres de ch\u00eane tr\u00e8s anciens, voil\u00e0 ce qui fait des s\u00e9minaires organis\u00e9s dans le moulin \u00e0 eau une exp\u00e9rience particuli\u00e8re et durable, tant pour les organisateurs que pour les participants. A commencer par la salle de s\u00e9minaire, qui [&hellip;]","og_url":"https:\/\/www.muehlebirgel.de\/fr\/conferences-et-seminaires-dans-leifel\/","og_site_name":"Historische Wasserm\u00fchle Birgel","article_modified_time":"2023-03-28T13:51:12+00:00","og_image":[{"url":"https:\/\/www.muehlebirgel.de\/wp-content\/uploads\/2009\/04\/seminar.jpg","type":"","width":"","height":""}],"twitter_card":"summary_large_image","twitter_misc":{"Dur\u00e9e de lecture estim\u00e9e":"2 minutes"},"schema":{"@context":"https:\/\/schema.org","@graph":[{"@type":"WebPage","@id":"https:\/\/www.muehlebirgel.de\/fr\/conferences-et-seminaires-dans-leifel","url":"https:\/\/www.muehlebirgel.de\/fr\/conferences-et-seminaires-dans-leifel","name":"Conf\u00e9rences et s\u00e9minaires dans l'Eifel - Historische Wasserm\u00fchle Birgel","isPartOf":{"@id":"https:\/\/www.muehlebirgel.de\/fr\/#website"},"primaryImageOfPage":{"@id":"https:\/\/www.muehlebirgel.de\/fr\/conferences-et-seminaires-dans-leifel#primaryimage"},"image":{"@id":"https:\/\/www.muehlebirgel.de\/fr\/conferences-et-seminaires-dans-leifel#primaryimage"},"thumbnailUrl":"https:\/\/www.muehlebirgel.de\/wp-content\/uploads\/2009\/04\/seminar.jpg","datePublished":"2021-12-10T14:56:48+00:00","dateModified":"2023-03-28T13:51:12+00:00","breadcrumb":{"@id":"https:\/\/www.muehlebirgel.de\/fr\/conferences-et-seminaires-dans-leifel#breadcrumb"},"inLanguage":"fr-FR","potentialAction":[{"@type":"ReadAction","target":["https:\/\/www.muehlebirgel.de\/fr\/conferences-et-seminaires-dans-leifel"]}]},{"@type":"ImageObject","inLanguage":"fr-FR","@id":"https:\/\/www.muehlebirgel.de\/fr\/conferences-et-seminaires-dans-leifel#primaryimage","url":"https:\/\/www.muehlebirgel.de\/wp-content\/uploads\/2009\/04\/seminar.jpg","contentUrl":"https:\/\/www.muehlebirgel.de\/wp-content\/uploads\/2009\/04\/seminar.jpg"},{"@type":"BreadcrumbList","@id":"https:\/\/www.muehlebirgel.de\/fr\/conferences-et-seminaires-dans-leifel#breadcrumb","itemListElement":[{"@type":"ListItem","position":1,"name":"Startseite","item":"https:\/\/www.muehlebirgel.de\/fr"},{"@type":"ListItem","position":2,"name":"Journ\u00e9e aventure dans l&#8217;Eifel","item":"https:\/\/www.muehlebirgel.de\/fr\/journee-aventure-dans-leifel"},{"@type":"ListItem","position":3,"name":"Conf\u00e9rences et s\u00e9minaires dans l&#8217;Eifel"}]},{"@type":"WebSite","@id":"https:\/\/www.muehlebirgel.de\/fr\/#website","url":"https:\/\/www.muehlebirgel.de\/fr\/","name":"Historische Wasserm\u00fchle Birgel","description":"Willkommen im M\u00fchlen-Erlebniszentrum","potentialAction":[{"@type":"SearchAction","target":{"@type":"EntryPoint","urlTemplate":"https:\/\/www.muehlebirgel.de\/fr\/?s={search_term_string}"},"query-input":{"@type":"PropertyValueSpecification","valueRequired":true,"valueName":"search_term_string"}}],"inLanguage":"fr-FR"}]}},"_links":{"self":[{"href":"https:\/\/www.muehlebirgel.de\/fr\/wp-json\/wp\/v2\/pages\/9683","targetHints":{"allow":["GET"]}}],"collection":[{"href":"https:\/\/www.muehlebirgel.de\/fr\/wp-json\/wp\/v2\/pages"}],"about":[{"href":"https:\/\/www.muehlebirgel.de\/fr\/wp-json\/wp\/v2\/types\/page"}],"author":[{"embeddable":true,"href":"https:\/\/www.muehlebirgel.de\/fr\/wp-json\/wp\/v2\/users\/1"}],"replies":[{"embeddable":true,"href":"https:\/\/www.muehlebirgel.de\/fr\/wp-json\/wp\/v2\/comments?post=9683"}],"version-history":[{"count":1,"href":"https:\/\/www.muehlebirgel.de\/fr\/wp-json\/wp\/v2\/pages\/9683\/revisions"}],"predecessor-version":[{"id":25544,"href":"https:\/\/www.muehlebirgel.de\/fr\/wp-json\/wp\/v2\/pages\/9683\/revisions\/25544"}],"up":[{"embeddable":true,"href":"https:\/\/www.muehlebirgel.de\/fr\/wp-json\/wp\/v2\/pages\/9816"}],"wp:attachment":[{"href":"https:\/\/www.muehlebirgel.de\/fr\/wp-json\/wp\/v2\/media?parent=9683"}],"curies":[{"name":"wp","href":"https:\/\/api.w.org\/{rel}","templated":true}]}}