{"id":9704,"date":"2021-12-10T14:57:05","date_gmt":"2021-12-10T14:57:05","guid":{"rendered":"https:\/\/www.muehlebirgel.de\/brunch-de-jazz-legendaire-dans-leifel\/"},"modified":"2025-12-15T13:31:44","modified_gmt":"2025-12-15T12:31:44","slug":"legendaerer-jazz-brunch-in-der-eifel","status":"publish","type":"page","link":"https:\/\/www.muehlebirgel.de\/fr\/brunch-de-jazz-legendaire-dans-leifel","title":{"rendered":"Brunch de jazz l\u00e9gendaire dans l&rsquo;Eifel"},"content":{"rendered":"\n<h2 class=\"wp-block-heading\">Brunch jazz &#8211; un m\u00e9lange d&rsquo;exp\u00e9riences sonores rythm\u00e9es et de sp\u00e9cialit\u00e9s culinaires de l&rsquo;Eifel<\/h2>\n\n<p><\/p>\n\n<div class=\"wp-block-columns is-layout-flex wp-container-core-columns-is-layout-9d6595d7 wp-block-columns-is-layout-flex\">\n<div class=\"wp-block-column is-layout-flow wp-block-column-is-layout-flow\">\n<h2 class=\"wp-block-heading\">Le brunch jazz<\/h2>\n\n\n\n<p>Quatre fois par an, un brunch jazz est au programme du Moulin \u00e0 eau historique, tous les dimanches.<\/p>\n\n\n\n<p>Des groupes de jazz connus transforment la salle des f\u00eates en cave \u00e0 jazz pendant trois heures et demie ! Nous garantissons le divertissement \u00e0 l&rsquo;\u00e9tat pur. Les jazzmen offrent \u00e0 nos h\u00f4tes un accompagnement musical pour le brunch.<\/p>\n\n\n\n<p>Au brunch, des sp\u00e9cialit\u00e9s vari\u00e9es et d\u00e9licieuses et des d\u00e9lices de la gastronomie du moulin.<\/p>\n\n\n\n<p>R\u00e9servation des places n\u00e9cessaire !<\/p>\n\n\n\n<div class=\"wp-block-columns is-layout-flex wp-container-core-columns-is-layout-9d6595d7 wp-block-columns-is-layout-flex\">\n<div class=\"wp-block-column is-layout-flow wp-block-column-is-layout-flow\">\n<h2 class=\"wp-block-heading\">Dates &amp; prix<\/h2>\n\n\n\n<p>19 avril 2026<br\/>20 septembre 2026<br\/>25 octobre 2026<br\/>15 novembre 2026<\/p>\n\n\n\n<p><strong>46,50 \u20ac par personne<\/strong><\/p>\n<\/div>\n<\/div>\n<\/div>\n<\/div>\n\n<div class=\"wp-block-columns is-layout-flex wp-container-core-columns-is-layout-9d6595d7 wp-block-columns-is-layout-flex\">\n<div class=\"wp-block-column is-layout-flow wp-block-column-is-layout-flow\">\n<div class=\"wp-block-buttons is-layout-flex wp-block-buttons-is-layout-flex\">\n<div class=\"wp-block-button\"><a class=\"wp-block-button__link has-background wp-element-button\" href=\"https:\/\/www.eventbrite.de\/e\/jazz-brunch-in-der-eifel-tickets-1020451938217?aff=oddtdtcreator\" style=\"background-color:#d1410c\" target=\"_blank\" rel=\"noreferrer noopener\">R\u00e9servez vos billets maintenant sur Eventbrite !<\/a><\/div>\n<\/div>\n<\/div>\n<\/div>\n\n<p><strong>Nous nous r\u00e9jouissons de votre demande au T\u00e9l. : 06597\/92820 ou via notre <a href=\"https:\/\/www.muehlebirgel.de\/fr\/contacter\">formulaire de contact<\/a> !<\/strong><\/p>\n\n<figure class=\"wp-block-gallery has-nested-images columns-default is-cropped wp-block-gallery-1 is-layout-flex wp-block-gallery-is-layout-flex\">\n<figure class=\"wp-block-image size-large\"><img loading=\"lazy\" decoding=\"async\" width=\"300\" height=\"200\" data-id=\"12371\" src=\"https:\/\/www.muehlebirgel.de\/wp-content\/uploads\/2022\/09\/Powerkraut-1.jpg\" alt=\"\" class=\"wp-image-12371\"\/><\/figure>\n\n\n\n<figure class=\"wp-block-image size-large\"><img loading=\"lazy\" decoding=\"async\" width=\"300\" height=\"200\" data-id=\"129\" src=\"https:\/\/www.muehlebirgel.de\/wp-content\/uploads\/2009\/04\/174.jpg\" alt=\"\" class=\"wp-image-129\"\/><\/figure>\n\n\n\n<figure class=\"wp-block-image size-large\"><img loading=\"lazy\" decoding=\"async\" width=\"1024\" height=\"682\" data-id=\"200\" src=\"https:\/\/www.muehlebirgel.de\/wp-content\/uploads\/2009\/04\/Erwin_1376-1024x682.jpg\" alt=\"\" class=\"wp-image-200\" srcset=\"https:\/\/www.muehlebirgel.de\/wp-content\/uploads\/2009\/04\/Erwin_1376-1024x682.jpg 1024w, https:\/\/www.muehlebirgel.de\/wp-content\/uploads\/2009\/04\/Erwin_1376-600x400.jpg 600w, https:\/\/www.muehlebirgel.de\/wp-content\/uploads\/2009\/04\/Erwin_1376-768x511.jpg 768w, https:\/\/www.muehlebirgel.de\/wp-content\/uploads\/2009\/04\/Erwin_1376-640x426.jpg 640w, https:\/\/www.muehlebirgel.de\/wp-content\/uploads\/2009\/04\/Erwin_1376-400x266.jpg 400w, https:\/\/www.muehlebirgel.de\/wp-content\/uploads\/2009\/04\/Erwin_1376-367x244.jpg 367w\" sizes=\"auto, (max-width: 1024px) 100vw, 1024px\" \/><\/figure>\n\n\n\n<figure class=\"wp-block-image size-large\"><img loading=\"lazy\" decoding=\"async\" width=\"1024\" height=\"681\" data-id=\"199\" src=\"https:\/\/www.muehlebirgel.de\/wp-content\/uploads\/2009\/04\/Erwin_1374-1024x681.jpg\" alt=\"\" class=\"wp-image-199\" srcset=\"https:\/\/www.muehlebirgel.de\/wp-content\/uploads\/2009\/04\/Erwin_1374-1024x681.jpg 1024w, https:\/\/www.muehlebirgel.de\/wp-content\/uploads\/2009\/04\/Erwin_1374-600x399.jpg 600w, https:\/\/www.muehlebirgel.de\/wp-content\/uploads\/2009\/04\/Erwin_1374-768x511.jpg 768w, https:\/\/www.muehlebirgel.de\/wp-content\/uploads\/2009\/04\/Erwin_1374-640x426.jpg 640w, https:\/\/www.muehlebirgel.de\/wp-content\/uploads\/2009\/04\/Erwin_1374-400x266.jpg 400w, https:\/\/www.muehlebirgel.de\/wp-content\/uploads\/2009\/04\/Erwin_1374-367x244.jpg 367w\" sizes=\"auto, (max-width: 1024px) 100vw, 1024px\" \/><\/figure>\n\n\n\n<figure class=\"wp-block-image size-large\"><img loading=\"lazy\" decoding=\"async\" width=\"1024\" height=\"682\" data-id=\"201\" src=\"https:\/\/www.muehlebirgel.de\/wp-content\/uploads\/2009\/04\/Erwin_1387-1024x682.jpg\" alt=\"\" class=\"wp-image-201\" srcset=\"https:\/\/www.muehlebirgel.de\/wp-content\/uploads\/2009\/04\/Erwin_1387-1024x682.jpg 1024w, https:\/\/www.muehlebirgel.de\/wp-content\/uploads\/2009\/04\/Erwin_1387-600x400.jpg 600w, https:\/\/www.muehlebirgel.de\/wp-content\/uploads\/2009\/04\/Erwin_1387-768x511.jpg 768w, https:\/\/www.muehlebirgel.de\/wp-content\/uploads\/2009\/04\/Erwin_1387-640x426.jpg 640w, https:\/\/www.muehlebirgel.de\/wp-content\/uploads\/2009\/04\/Erwin_1387-400x266.jpg 400w, https:\/\/www.muehlebirgel.de\/wp-content\/uploads\/2009\/04\/Erwin_1387-367x244.jpg 367w\" sizes=\"auto, (max-width: 1024px) 100vw, 1024px\" \/><\/figure>\n\n\n\n<figure class=\"wp-block-image size-large\"><img loading=\"lazy\" decoding=\"async\" width=\"1024\" height=\"682\" data-id=\"202\" src=\"https:\/\/www.muehlebirgel.de\/wp-content\/uploads\/2009\/04\/Erwin_1393-1024x682.jpg\" alt=\"\" class=\"wp-image-202\" srcset=\"https:\/\/www.muehlebirgel.de\/wp-content\/uploads\/2009\/04\/Erwin_1393-1024x682.jpg 1024w, https:\/\/www.muehlebirgel.de\/wp-content\/uploads\/2009\/04\/Erwin_1393-600x400.jpg 600w, https:\/\/www.muehlebirgel.de\/wp-content\/uploads\/2009\/04\/Erwin_1393-768x511.jpg 768w, https:\/\/www.muehlebirgel.de\/wp-content\/uploads\/2009\/04\/Erwin_1393-640x426.jpg 640w, https:\/\/www.muehlebirgel.de\/wp-content\/uploads\/2009\/04\/Erwin_1393-400x266.jpg 400w, https:\/\/www.muehlebirgel.de\/wp-content\/uploads\/2009\/04\/Erwin_1393-367x244.jpg 367w\" sizes=\"auto, (max-width: 1024px) 100vw, 1024px\" \/><\/figure>\n<\/figure>\n","protected":false},"excerpt":{"rendered":"<p>Brunch jazz &#8211; un m\u00e9lange d&rsquo;exp\u00e9riences sonores rythm\u00e9es et de sp\u00e9cialit\u00e9s culinaires de l&rsquo;Eifel Le brunch jazz Quatre fois par an, un brunch jazz est au programme du Moulin \u00e0 eau historique, tous les dimanches. Des groupes de jazz connus transforment la salle des f\u00eates en cave \u00e0 jazz pendant trois heures et demie ! [&hellip;]<\/p>\n","protected":false},"author":1,"featured_media":0,"parent":9705,"menu_order":5,"comment_status":"closed","ping_status":"closed","template":"","meta":{"footnotes":""},"class_list":["post-9704","page","type-page","status-publish","hentry"],"yoast_head":"<!-- This site is optimized with the Yoast SEO plugin v27.2 - https:\/\/yoast.com\/product\/yoast-seo-wordpress\/ -->\n<title>Brunch de jazz l\u00e9gendaire dans l&#039;Eifel - Historische Wasserm\u00fchle Birgel<\/title>\n<meta name=\"robots\" content=\"index, follow, max-snippet:-1, max-image-preview:large, max-video-preview:-1\" \/>\n<link rel=\"canonical\" href=\"https:\/\/www.muehlebirgel.de\/fr\/brunch-de-jazz-legendaire-dans-leifel\" \/>\n<meta property=\"og:locale\" content=\"fr_FR\" \/>\n<meta property=\"og:type\" content=\"article\" \/>\n<meta property=\"og:title\" content=\"Brunch de jazz l\u00e9gendaire dans l&#039;Eifel - Historische Wasserm\u00fchle Birgel\" \/>\n<meta property=\"og:description\" content=\"Brunch jazz &#8211; un m\u00e9lange d&rsquo;exp\u00e9riences sonores rythm\u00e9es et de sp\u00e9cialit\u00e9s culinaires de l&rsquo;Eifel Le brunch jazz Quatre fois par an, un brunch jazz est au programme du Moulin \u00e0 eau historique, tous les dimanches. Des groupes de jazz connus transforment la salle des f\u00eates en cave \u00e0 jazz pendant trois heures et demie ! [&hellip;]\" \/>\n<meta property=\"og:url\" content=\"https:\/\/www.muehlebirgel.de\/fr\/brunch-de-jazz-legendaire-dans-leifel\/\" \/>\n<meta property=\"og:site_name\" content=\"Historische Wasserm\u00fchle Birgel\" \/>\n<meta property=\"article:modified_time\" content=\"2025-12-15T12:31:44+00:00\" \/>\n<meta property=\"og:image\" content=\"https:\/\/www.muehlebirgel.de\/wp-content\/uploads\/2022\/09\/Powerkraut-1.jpg\" \/>\n\t<meta property=\"og:image:width\" content=\"300\" \/>\n\t<meta property=\"og:image:height\" content=\"200\" \/>\n\t<meta property=\"og:image:type\" content=\"image\/jpeg\" \/>\n<meta name=\"twitter:card\" content=\"summary_large_image\" \/>\n<meta name=\"twitter:label1\" content=\"Dur\u00e9e de lecture estim\u00e9e\" \/>\n\t<meta name=\"twitter:data1\" content=\"1 minute\" \/>\n<script type=\"application\/ld+json\" class=\"yoast-schema-graph\">{\"@context\":\"https:\/\/schema.org\",\"@graph\":[{\"@type\":\"WebPage\",\"@id\":\"https:\/\/www.muehlebirgel.de\/fr\/brunch-de-jazz-legendaire-dans-leifel\",\"url\":\"https:\/\/www.muehlebirgel.de\/fr\/brunch-de-jazz-legendaire-dans-leifel\",\"name\":\"Brunch de jazz l\u00e9gendaire dans l'Eifel - Historische Wasserm\u00fchle Birgel\",\"isPartOf\":{\"@id\":\"https:\/\/www.muehlebirgel.de\/fr\/#website\"},\"primaryImageOfPage\":{\"@id\":\"https:\/\/www.muehlebirgel.de\/fr\/brunch-de-jazz-legendaire-dans-leifel#primaryimage\"},\"image\":{\"@id\":\"https:\/\/www.muehlebirgel.de\/fr\/brunch-de-jazz-legendaire-dans-leifel#primaryimage\"},\"thumbnailUrl\":\"https:\/\/www.muehlebirgel.de\/wp-content\/uploads\/2022\/09\/Powerkraut-1.jpg\",\"datePublished\":\"2021-12-10T14:57:05+00:00\",\"dateModified\":\"2025-12-15T12:31:44+00:00\",\"breadcrumb\":{\"@id\":\"https:\/\/www.muehlebirgel.de\/fr\/brunch-de-jazz-legendaire-dans-leifel#breadcrumb\"},\"inLanguage\":\"fr-FR\",\"potentialAction\":[{\"@type\":\"ReadAction\",\"target\":[\"https:\/\/www.muehlebirgel.de\/fr\/brunch-de-jazz-legendaire-dans-leifel\"]}]},{\"@type\":\"ImageObject\",\"inLanguage\":\"fr-FR\",\"@id\":\"https:\/\/www.muehlebirgel.de\/fr\/brunch-de-jazz-legendaire-dans-leifel#primaryimage\",\"url\":\"https:\/\/www.muehlebirgel.de\/wp-content\/uploads\/2022\/09\/Powerkraut-1.jpg\",\"contentUrl\":\"https:\/\/www.muehlebirgel.de\/wp-content\/uploads\/2022\/09\/Powerkraut-1.jpg\"},{\"@type\":\"BreadcrumbList\",\"@id\":\"https:\/\/www.muehlebirgel.de\/fr\/brunch-de-jazz-legendaire-dans-leifel#breadcrumb\",\"itemListElement\":[{\"@type\":\"ListItem\",\"position\":1,\"name\":\"Startseite\",\"item\":\"https:\/\/www.muehlebirgel.de\/fr\"},{\"@type\":\"ListItem\",\"position\":2,\"name\":\"Dates et \u00e9v\u00e9nements dans le moulin \u00e0 eau historique\",\"item\":\"https:\/\/www.muehlebirgel.de\/fr\/dates-et-evenements-dans-le-moulin-a-eau-historique\"},{\"@type\":\"ListItem\",\"position\":3,\"name\":\"Brunch de jazz l\u00e9gendaire dans l&#8217;Eifel\"}]},{\"@type\":\"WebSite\",\"@id\":\"https:\/\/www.muehlebirgel.de\/fr\/#website\",\"url\":\"https:\/\/www.muehlebirgel.de\/fr\/\",\"name\":\"Historische Wasserm\u00fchle Birgel\",\"description\":\"Willkommen im M\u00fchlen-Erlebniszentrum\",\"potentialAction\":[{\"@type\":\"SearchAction\",\"target\":{\"@type\":\"EntryPoint\",\"urlTemplate\":\"https:\/\/www.muehlebirgel.de\/fr\/?s={search_term_string}\"},\"query-input\":{\"@type\":\"PropertyValueSpecification\",\"valueRequired\":true,\"valueName\":\"search_term_string\"}}],\"inLanguage\":\"fr-FR\"}]}<\/script>\n<!-- \/ Yoast SEO plugin. -->","yoast_head_json":{"title":"Brunch de jazz l\u00e9gendaire dans l'Eifel - Historische Wasserm\u00fchle Birgel","robots":{"index":"index","follow":"follow","max-snippet":"max-snippet:-1","max-image-preview":"max-image-preview:large","max-video-preview":"max-video-preview:-1"},"canonical":"https:\/\/www.muehlebirgel.de\/fr\/brunch-de-jazz-legendaire-dans-leifel","og_locale":"fr_FR","og_type":"article","og_title":"Brunch de jazz l\u00e9gendaire dans l'Eifel - Historische Wasserm\u00fchle Birgel","og_description":"Brunch jazz &#8211; un m\u00e9lange d&rsquo;exp\u00e9riences sonores rythm\u00e9es et de sp\u00e9cialit\u00e9s culinaires de l&rsquo;Eifel Le brunch jazz Quatre fois par an, un brunch jazz est au programme du Moulin \u00e0 eau historique, tous les dimanches. Des groupes de jazz connus transforment la salle des f\u00eates en cave \u00e0 jazz pendant trois heures et demie ! [&hellip;]","og_url":"https:\/\/www.muehlebirgel.de\/fr\/brunch-de-jazz-legendaire-dans-leifel\/","og_site_name":"Historische Wasserm\u00fchle Birgel","article_modified_time":"2025-12-15T12:31:44+00:00","og_image":[{"width":300,"height":200,"url":"https:\/\/www.muehlebirgel.de\/wp-content\/uploads\/2022\/09\/Powerkraut-1.jpg","type":"image\/jpeg"}],"twitter_card":"summary_large_image","twitter_misc":{"Dur\u00e9e de lecture estim\u00e9e":"1 minute"},"schema":{"@context":"https:\/\/schema.org","@graph":[{"@type":"WebPage","@id":"https:\/\/www.muehlebirgel.de\/fr\/brunch-de-jazz-legendaire-dans-leifel","url":"https:\/\/www.muehlebirgel.de\/fr\/brunch-de-jazz-legendaire-dans-leifel","name":"Brunch de jazz l\u00e9gendaire dans l'Eifel - Historische Wasserm\u00fchle Birgel","isPartOf":{"@id":"https:\/\/www.muehlebirgel.de\/fr\/#website"},"primaryImageOfPage":{"@id":"https:\/\/www.muehlebirgel.de\/fr\/brunch-de-jazz-legendaire-dans-leifel#primaryimage"},"image":{"@id":"https:\/\/www.muehlebirgel.de\/fr\/brunch-de-jazz-legendaire-dans-leifel#primaryimage"},"thumbnailUrl":"https:\/\/www.muehlebirgel.de\/wp-content\/uploads\/2022\/09\/Powerkraut-1.jpg","datePublished":"2021-12-10T14:57:05+00:00","dateModified":"2025-12-15T12:31:44+00:00","breadcrumb":{"@id":"https:\/\/www.muehlebirgel.de\/fr\/brunch-de-jazz-legendaire-dans-leifel#breadcrumb"},"inLanguage":"fr-FR","potentialAction":[{"@type":"ReadAction","target":["https:\/\/www.muehlebirgel.de\/fr\/brunch-de-jazz-legendaire-dans-leifel"]}]},{"@type":"ImageObject","inLanguage":"fr-FR","@id":"https:\/\/www.muehlebirgel.de\/fr\/brunch-de-jazz-legendaire-dans-leifel#primaryimage","url":"https:\/\/www.muehlebirgel.de\/wp-content\/uploads\/2022\/09\/Powerkraut-1.jpg","contentUrl":"https:\/\/www.muehlebirgel.de\/wp-content\/uploads\/2022\/09\/Powerkraut-1.jpg"},{"@type":"BreadcrumbList","@id":"https:\/\/www.muehlebirgel.de\/fr\/brunch-de-jazz-legendaire-dans-leifel#breadcrumb","itemListElement":[{"@type":"ListItem","position":1,"name":"Startseite","item":"https:\/\/www.muehlebirgel.de\/fr"},{"@type":"ListItem","position":2,"name":"Dates et \u00e9v\u00e9nements dans le moulin \u00e0 eau historique","item":"https:\/\/www.muehlebirgel.de\/fr\/dates-et-evenements-dans-le-moulin-a-eau-historique"},{"@type":"ListItem","position":3,"name":"Brunch de jazz l\u00e9gendaire dans l&#8217;Eifel"}]},{"@type":"WebSite","@id":"https:\/\/www.muehlebirgel.de\/fr\/#website","url":"https:\/\/www.muehlebirgel.de\/fr\/","name":"Historische Wasserm\u00fchle Birgel","description":"Willkommen im M\u00fchlen-Erlebniszentrum","potentialAction":[{"@type":"SearchAction","target":{"@type":"EntryPoint","urlTemplate":"https:\/\/www.muehlebirgel.de\/fr\/?s={search_term_string}"},"query-input":{"@type":"PropertyValueSpecification","valueRequired":true,"valueName":"search_term_string"}}],"inLanguage":"fr-FR"}]}},"_links":{"self":[{"href":"https:\/\/www.muehlebirgel.de\/fr\/wp-json\/wp\/v2\/pages\/9704","targetHints":{"allow":["GET"]}}],"collection":[{"href":"https:\/\/www.muehlebirgel.de\/fr\/wp-json\/wp\/v2\/pages"}],"about":[{"href":"https:\/\/www.muehlebirgel.de\/fr\/wp-json\/wp\/v2\/types\/page"}],"author":[{"embeddable":true,"href":"https:\/\/www.muehlebirgel.de\/fr\/wp-json\/wp\/v2\/users\/1"}],"replies":[{"embeddable":true,"href":"https:\/\/www.muehlebirgel.de\/fr\/wp-json\/wp\/v2\/comments?post=9704"}],"version-history":[{"count":62,"href":"https:\/\/www.muehlebirgel.de\/fr\/wp-json\/wp\/v2\/pages\/9704\/revisions"}],"predecessor-version":[{"id":62286,"href":"https:\/\/www.muehlebirgel.de\/fr\/wp-json\/wp\/v2\/pages\/9704\/revisions\/62286"}],"up":[{"embeddable":true,"href":"https:\/\/www.muehlebirgel.de\/fr\/wp-json\/wp\/v2\/pages\/9705"}],"wp:attachment":[{"href":"https:\/\/www.muehlebirgel.de\/fr\/wp-json\/wp\/v2\/media?parent=9704"}],"curies":[{"name":"wp","href":"https:\/\/api.w.org\/{rel}","templated":true}]}}