{"id":9759,"date":"2021-12-10T14:58:07","date_gmt":"2021-12-10T14:58:07","guid":{"rendered":"https:\/\/www.muehlebirgel.de\/voyage-seniors-dans-leifel\/"},"modified":"2025-05-05T10:16:50","modified_gmt":"2025-05-05T08:16:50","slug":"excursion-des-seniors-dans-lile-difer","status":"publish","type":"page","link":"https:\/\/www.muehlebirgel.de\/fr\/voyage-seniors-dans-leifel","title":{"rendered":"Voyage seniors dans l&rsquo;Eifel"},"content":{"rendered":"\n<div class=\"wp-block-cover alignfull\" style=\"min-height:800px;aspect-ratio:unset;\"><img loading=\"lazy\" decoding=\"async\" width=\"1800\" height=\"1801\" class=\"wp-block-cover__image-background wp-image-15172\" alt=\"\" src=\"https:\/\/www.muehlebirgel.de\/wp-content\/uploads\/2023\/03\/Essen-Saegewerk.jpg\" data-object-fit=\"cover\" srcset=\"https:\/\/www.muehlebirgel.de\/wp-content\/uploads\/2023\/03\/Essen-Saegewerk.jpg 1800w, https:\/\/www.muehlebirgel.de\/wp-content\/uploads\/2023\/03\/Essen-Saegewerk-1024x1024.jpg 1024w, https:\/\/www.muehlebirgel.de\/wp-content\/uploads\/2023\/03\/Essen-Saegewerk-768x768.jpg 768w, https:\/\/www.muehlebirgel.de\/wp-content\/uploads\/2023\/03\/Essen-Saegewerk-1536x1536.jpg 1536w, https:\/\/www.muehlebirgel.de\/wp-content\/uploads\/2023\/03\/Essen-Saegewerk-640x640.jpg 640w, https:\/\/www.muehlebirgel.de\/wp-content\/uploads\/2023\/03\/Essen-Saegewerk-400x400.jpg 400w\" sizes=\"auto, (max-width: 1800px) 100vw, 1800px\" \/><span aria-hidden=\"true\" class=\"wp-block-cover__background has-black-background-color has-background-dim\"><\/span><div class=\"wp-block-cover__inner-container is-layout-flow wp-block-cover-is-layout-flow\">\n<div class=\"wp-block-columns alignwide is-layout-flex wp-container-core-columns-is-layout-9d6595d7 wp-block-columns-is-layout-flex\">\n<div class=\"wp-block-column is-layout-flow wp-block-column-is-layout-flow\" style=\"flex-basis:90%\">\n<h2 class=\"wp-block-heading hero-headline has-light-color has-text-color has-link-color wp-elements-bce4e93885d0f81ee3a76a4a201409c8\" style=\"font-size:72px\">Excursion pour les seniors \u00e0<br\/>Moulin \u00e0 eau historique de Birgel<\/h2>\n<\/div>\n<\/div>\n<\/div><\/div>\n\n<div style=\"height:19px\" aria-hidden=\"true\" class=\"wp-block-spacer\"><\/div>\n\n<p>Le moulin \u00e0 eau historique de Birgel est une destination merveilleuse pour les excursions de seniors et offre une exp\u00e9rience nostalgique qui rappelle \u00e0 de nombreux visiteurs \u00e2g\u00e9s les temps pass\u00e9s. C&rsquo;est avec beaucoup d&rsquo;enthousiasme que vous pourrez explorer les moulins en parfait \u00e9tat de fonctionnement qui constituaient autrefois le c\u0153ur de notre communaut\u00e9. Vous trouverez un r\u00e9sum\u00e9 de ces informations dans notre <a href=\"https:\/\/www.muehlebirgel.de\/wp-content\/uploads\/Seniorenausflugsflyer.pdf\">d\u00e9pliant<\/a>.<\/p>\n\n<p><strong>Remarque : tous les points d&rsquo;int\u00e9r\u00eat de notre moulin sont de plain-pied, accessibles aux personnes \u00e0 mobilit\u00e9 r\u00e9duite et accessibles par de courtes distances.<\/strong><\/p>\n\n<figure class=\"wp-block-embed is-type-video is-provider-youtube wp-block-embed-youtube wp-embed-aspect-16-9 wp-has-aspect-ratio\"><div class=\"wp-block-embed__wrapper\">\n<iframe loading=\"lazy\" title=\"Rundflug \u00fcber die Historische Wasserm\u00fchle Birgel in der Eifel\" width=\"1140\" height=\"641\" src=\"https:\/\/www.youtube.com\/embed\/aX79kTSf0N4?feature=oembed\" frameborder=\"0\" allow=\"accelerometer; autoplay; clipboard-write; encrypted-media; gyroscope; picture-in-picture; web-share\" referrerpolicy=\"strict-origin-when-cross-origin\" allowfullscreen><\/iframe>\n<\/div><\/figure>\n\n<hr class=\"wp-block-separator has-alpha-channel-opacity\"\/>\n\n<h2 class=\"wp-block-heading\">Exemple de d\u00e9roulement de la journ\u00e9e &#8211; Programme individuel possible sur demande<\/h2>\n\n<div style=\"height:20px\" aria-hidden=\"true\" class=\"wp-block-spacer\"><\/div>\n\n<div class=\"wp-block-columns is-layout-flex wp-container-core-columns-is-layout-9d6595d7 wp-block-columns-is-layout-flex\">\n<div class=\"wp-block-column is-layout-flow wp-block-column-is-layout-flow\" style=\"flex-basis:33.33%\">\n<figure class=\"wp-block-image size-full is-resized\"><img loading=\"lazy\" decoding=\"async\" width=\"300\" height=\"212\" src=\"https:\/\/www.muehlebirgel.de\/wp-content\/uploads\/2009\/04\/Erwin-und-Mariette.jpg\" alt=\"&#xF6;lm&#xFC;hle\" class=\"wp-image-49\" style=\"width:300px\"\/><\/figure>\n\n\n\n<div style=\"height:10px\" aria-hidden=\"true\" class=\"wp-block-spacer\"><\/div>\n\n\n\n<figure class=\"wp-block-image size-full\"><img loading=\"lazy\" decoding=\"async\" width=\"300\" height=\"200\" src=\"https:\/\/www.muehlebirgel.de\/wp-content\/uploads\/muehlenbaeckerei-gruppenfuehrung.webp\" alt=\"\" class=\"wp-image-40720\"\/><\/figure>\n<\/div>\n\n\n\n<div class=\"wp-block-column is-layout-flow wp-block-column-is-layout-flow\" style=\"flex-basis:66.66%\">\n<h2 class=\"wp-block-heading\">Arriv\u00e9e vers 10h45<\/h2>\n\n\n\n<h2 class=\"wp-block-heading\">Accueil par le chef meunier Erwin<\/h2>\n\n\n\n<h3 class=\"wp-block-heading\">11:00 heures<\/h3>\n\n\n\n<h2 class=\"wp-block-heading\">D\u00e9but de la visite  <\/h2>\n\n\n\n<p>Dans notre <a href=\"https:\/\/www.muehlebirgel.de\/fr\/muehlen-baeckerei\">fournil<\/a>, les visiteurs assistent \u00e0 la fabrication des miches de pain \u00e0 partir du levain. On vous montrera et on vous expliquera comment on cuit dans les fours en pierre. Ce pain peut ensuite \u00eatre achet\u00e9. <a href=\"https:\/\/www.muehlebirgel.de\/historische-muehle.html\">Tous nos moulins<\/a> sont accessibles de plain-pied, m\u00eame pour les personnes \u00e2g\u00e9es.<\/p>\n\n\n\n<p>Les visiteurs visitent ensuite notre moulin \u00e0 c\u00e9r\u00e9ales et notre scierie. Tandis que le moulin moud du grain, une grille horizontale actionn\u00e9e par la force hydraulique coupe du bois dans la scierie. <a href=\"https:\/\/www.muehlebirgel.de\/360grad\/getreidemuehle.html\">Images panoramiques \u00e0 360\u00b0 du moulin &gt;&gt;<\/a> (dans une nouvelle fen\u00eatre)<\/p>\n\n\n\n<p>Notre <a href=\"https:\/\/www.muehlebirgel.de\/senfmuehle.html\">moulin \u00e0 moutarde<\/a> permet de tester le piquant de la moutarde et notre <a href=\"https:\/\/www.muehlebirgel.de\/schnapsbrennerei.html\">distillerie d&rsquo;eau-de-vie<\/a> sert \u00e0 chacun une eau-de-vie ou une liqueur de sa propre fabrication.<\/p>\n\n\n\n<div style=\"height:10px\" aria-hidden=\"true\" class=\"wp-block-spacer\"><\/div>\n<\/div>\n<\/div>\n\n<div style=\"height:20px\" aria-hidden=\"true\" class=\"wp-block-spacer\"><\/div>\n\n<div class=\"wp-block-columns is-layout-flex wp-container-core-columns-is-layout-9d6595d7 wp-block-columns-is-layout-flex\">\n<div class=\"wp-block-column is-layout-flow wp-block-column-is-layout-flow\" style=\"flex-basis:33.33%\">\n<figure class=\"wp-block-image size-full\"><img loading=\"lazy\" decoding=\"async\" width=\"300\" height=\"200\" src=\"https:\/\/www.muehlebirgel.de\/wp-content\/uploads\/2022\/11\/Weihnachtsgans-Rothkol-Knoedel-300x200-1.jpg\" alt=\"\" class=\"wp-image-14495\"\/><\/figure>\n<\/div>\n\n\n\n<div class=\"wp-block-column is-layout-flow wp-block-column-is-layout-flow\" style=\"flex-basis:66.66%\">\n<h2 class=\"wp-block-heading\">Pause d\u00e9jeuner<\/h2>\n\n\n\n<h3 class=\"wp-block-heading\">12:00 heures<\/h3>\n\n\n\n<div style=\"height:10px\" aria-hidden=\"true\" class=\"wp-block-spacer\"><\/div>\n\n\n\n<p>Notre menu \u00e0 trois plats de la cuisine du moulin, qui comprend les d\u00e9lices suivants, constitue un temps fort culinaire :<\/p>\n\n\n\n<ul class=\"wp-block-list\">\n<li>Pain de meule au saindoux cr\u00e9pitant<\/li>\n\n\n\n<li>soupe du jour<\/li>\n\n\n\n<li>Plat principal (choix d&rsquo;un des trois plats)\n<ul class=\"wp-block-list\">\n<li>Eminc\u00e9 de moulin \u00e0 la sauce champagne-moutarde-cassis avec p\u00e2tes maison et l\u00e9gumes du march\u00e9<\/li>\n\n\n\n<li>R\u00f4ti de cro\u00fbte \u00e0 la moutarde de Birgel avec quenelles de fromage de sarrasin et l\u00e9gumes du march\u00e9  <\/li>\n\n\n\n<li>Filet de sandre \u00e0 la sauce moutarde \u00e0 l&rsquo;estragon, pommes de terre et l\u00e9gumes du march\u00e9<\/li>\n<\/ul>\n<\/li>\n\n\n\n<li>le dessert<\/li>\n<\/ul>\n<\/div>\n<\/div>\n\n<div class=\"wp-block-columns is-layout-flex wp-container-core-columns-is-layout-9d6595d7 wp-block-columns-is-layout-flex\">\n<div class=\"wp-block-column is-layout-flow wp-block-column-is-layout-flow\" style=\"flex-basis:33.33%\">\n<figure class=\"wp-block-image size-full\"><img loading=\"lazy\" decoding=\"async\" width=\"300\" height=\"200\" src=\"https:\/\/www.muehlebirgel.de\/wp-content\/uploads\/2009\/04\/getreidemuehle.jpg\" alt=\"Historische Wasserm&#xFC;hle\" class=\"wp-image-194\"\/><\/figure>\n<\/div>\n\n\n\n<div class=\"wp-block-column is-layout-flow wp-block-column-is-layout-flow\" style=\"flex-basis:66.66%\">\n<h2 class=\"wp-block-heading\">Visite guid\u00e9e en groupe<\/h2>\n\n\n\n<h3 class=\"wp-block-heading\">14:00 heures<\/h3>\n\n\n\n<div style=\"height:10px\" aria-hidden=\"true\" class=\"wp-block-spacer\"><\/div>\n\n\n\n<p>Continuez \u00e0 d\u00e9couvrir les secrets de notre moulin avec une visite guid\u00e9e compl\u00e8te qui fait revivre l&rsquo;histoire et la technique de notre installation.<\/p>\n<\/div>\n<\/div>\n\n<div class=\"wp-block-columns is-layout-flex wp-container-core-columns-is-layout-9d6595d7 wp-block-columns-is-layout-flex\">\n<div class=\"wp-block-column is-layout-flow wp-block-column-is-layout-flow\" style=\"flex-basis:33.33%\">\n<figure class=\"wp-block-image size-full\"><img loading=\"lazy\" decoding=\"async\" width=\"300\" height=\"200\" src=\"https:\/\/www.muehlebirgel.de\/wp-content\/uploads\/laedchen-thumbnail.webp\" alt=\"\" class=\"wp-image-39026\"\/><\/figure>\n<\/div>\n\n\n\n<div class=\"wp-block-column is-layout-flow wp-block-column-is-layout-flow\" style=\"flex-basis:66.66%\">\n<h2 class=\"wp-block-heading\">Possibilit\u00e9 de faire des achats dans le \u00ab\u00a0M\u00fchlenl\u00e4dchen<\/h2>\n\n\n\n<h3 class=\"wp-block-heading\">15:15 heures<\/h3>\n\n\n\n<div style=\"height:10px\" aria-hidden=\"true\" class=\"wp-block-spacer\"><\/div>\n\n\n\n<p>Les participants ont maintenant la possibilit\u00e9 de parcourir notre boutique du moulin. Vous pouvez acheter ici tous les produits fabriqu\u00e9s dans notre moulin. Il est \u00e9galement possible de commander les produits \u00e0 domicile via notre <a href=\"https:\/\/www.muehlebirgel.de\/shop\">boutique en ligne<\/a>.<\/p>\n<\/div>\n<\/div>\n\n<div class=\"wp-block-columns is-layout-flex wp-container-core-columns-is-layout-9d6595d7 wp-block-columns-is-layout-flex\">\n<div class=\"wp-block-column is-layout-flow wp-block-column-is-layout-flow\" style=\"flex-basis:33.33%\">\n<figure class=\"wp-block-image size-full is-resized\"><img loading=\"lazy\" decoding=\"async\" width=\"1772\" height=\"1584\" src=\"https:\/\/www.muehlebirgel.de\/wp-content\/uploads\/2023\/03\/Saegewerk.jpg\" alt=\"\" class=\"wp-image-15186\" style=\"width:300px\" srcset=\"https:\/\/www.muehlebirgel.de\/wp-content\/uploads\/2023\/03\/Saegewerk.jpg 1772w, https:\/\/www.muehlebirgel.de\/wp-content\/uploads\/2023\/03\/Saegewerk-1024x915.jpg 1024w, https:\/\/www.muehlebirgel.de\/wp-content\/uploads\/2023\/03\/Saegewerk-768x687.jpg 768w, https:\/\/www.muehlebirgel.de\/wp-content\/uploads\/2023\/03\/Saegewerk-1536x1373.jpg 1536w, https:\/\/www.muehlebirgel.de\/wp-content\/uploads\/2023\/03\/Saegewerk-640x572.jpg 640w, https:\/\/www.muehlebirgel.de\/wp-content\/uploads\/2023\/03\/Saegewerk-400x358.jpg 400w\" sizes=\"auto, (max-width: 1772px) 100vw, 1772px\" \/><\/figure>\n<\/div>\n\n\n\n<div class=\"wp-block-column is-layout-flow wp-block-column-is-layout-flow\" style=\"flex-basis:66.66%\">\n<h2 class=\"wp-block-heading\">Caf\u00e9 et g\u00e2teaux<\/h2>\n\n\n\n<h3 class=\"wp-block-heading\">15:30 heures<\/h3>\n\n\n\n<div style=\"height:10px\" aria-hidden=\"true\" class=\"wp-block-spacer\"><\/div>\n\n\n\n<p>Savourez une d\u00e9licieuse part de g\u00e2teau avec une tasse de caf\u00e9 ou de th\u00e9.<\/p>\n\n\n\n<h2 class=\"wp-block-heading\">D\u00e9part<\/h2>\n\n\n\n<h3 class=\"wp-block-heading\">vers 16h15<\/h3>\n<\/div>\n<\/div>\n\n<hr class=\"wp-block-separator has-alpha-channel-opacity\"\/>\n\n<p>La journ\u00e9e est termin\u00e9e et l&rsquo;excursion des seniors dans l&rsquo;Eifel, \u00e0 Birgel, au moulin \u00e0 eau historique, a \u00e9t\u00e9 un grand succ\u00e8s. Nous sommes donc satisfaits des belles exp\u00e9riences de l&rsquo;invit\u00e9 et continuons d&rsquo;entendre la phrase\u00a0: \u00ab\u00a0Cette excursion \u00e9tait g\u00e9niale\u00a0! Nous reviendrons au moulin et le raconterons comme un conseil d&rsquo;excursion pour les seniors\u00a0\u00bb<\/p>\n\n<hr class=\"wp-block-separator has-alpha-channel-opacity\"\/>\n\n<div class=\"wp-block-columns is-layout-flex wp-container-core-columns-is-layout-9d6595d7 wp-block-columns-is-layout-flex\">\n<div class=\"wp-block-column is-layout-flow wp-block-column-is-layout-flow\">\n<h2 class=\"wp-block-heading\">Grand parking pour bus<\/h2>\n\n\n\n<p>Notre parking pour bus est grand et offre beaucoup d&rsquo;espace pour les bus. Deux emplacements couverts permettent aux bus de se garer \u00e0 l&rsquo;abri des intemp\u00e9ries. De nombreux conducteurs de bus sont d\u00e9j\u00e0 ravis de cette offre pratique.  <br\/><br\/><\/p>\n<\/div>\n\n\n\n<div class=\"wp-block-column is-layout-flow wp-block-column-is-layout-flow\">\n<figure class=\"wp-block-image size-large\"><img loading=\"lazy\" decoding=\"async\" width=\"1024\" height=\"438\" src=\"https:\/\/www.muehlebirgel.de\/wp-content\/uploads\/busparkplatz-muehle-1024x438.webp\" alt=\"\" class=\"wp-image-50663\" srcset=\"https:\/\/www.muehlebirgel.de\/wp-content\/uploads\/busparkplatz-muehle-1024x438.webp 1024w, https:\/\/www.muehlebirgel.de\/wp-content\/uploads\/busparkplatz-muehle-768x328.webp 768w, https:\/\/www.muehlebirgel.de\/wp-content\/uploads\/busparkplatz-muehle-640x273.webp 640w, https:\/\/www.muehlebirgel.de\/wp-content\/uploads\/busparkplatz-muehle-400x171.webp 400w\" sizes=\"auto, (max-width: 1024px) 100vw, 1024px\" \/><\/figure>\n<\/div>\n<\/div>\n\n<hr class=\"wp-block-separator has-alpha-channel-opacity\"\/>\n\n<h2 class=\"wp-block-heading\">T\u00e9moignage d&rsquo;une excursion pour seniors<\/h2>\n\n<blockquote class=\"wp-block-quote has-text-align-left is-style-large is-layout-flow wp-block-quote-is-layout-flow\">\n<p class=\"has-text-align-left\">Ch\u00e8re \u00e9quipe du moulin,<\/p>\n\n\n\n<p>Je tiens \u00e0 vous remercier tous particuli\u00e8rement. Pour la simplicit\u00e9 des d\u00e9marches, l&rsquo;accueil chaleureux, la visite guid\u00e9e pleine d&rsquo;amour, le d\u00e9licieux repas et le service tr\u00e8s aimable. <\/p>\n\n\n\n<p>Tous les participants ont \u00e9t\u00e9 ravis de l&rsquo;excursion et du programme.<\/p>\n\n\n\n<p class=\"has-text-align-left\">Salutations amicales de F.<br\/>Joachim L.<\/p>\n<\/blockquote>\n\n<div class=\"wp-block-columns is-layout-flex wp-container-core-columns-is-layout-9d6595d7 wp-block-columns-is-layout-flex\">\n<div class=\"wp-block-column is-layout-flow wp-block-column-is-layout-flow\">\n<h2 class=\"wp-block-heading\">T\u00e9moignage de la paroisse \u00e9vang\u00e9lique de Clarenbach (Cologne)<\/h2>\n\n\n\n<blockquote class=\"wp-block-quote has-text-align-left is-style-large is-layout-flow wp-block-quote-is-layout-flow\">\n<p class=\"has-text-align-left\">Ch\u00e8re \u00e9quipe du moulin,<\/p>\n\n\n\n<p class=\"has-text-align-left\">Nous tenons \u00e0 vous remercier encore une fois pour cette merveilleuse journ\u00e9e, qui a \u00e9t\u00e9 marqu\u00e9e par la gentillesse, le professionnalisme, l&rsquo;attention port\u00e9e aux invit\u00e9s, un d\u00e9licieux repas, un excellent g\u00e2teau, un caf\u00e9 d\u00e9licieux.  <\/p>\n\n\n\n<p class=\"has-text-align-left\">\u00ab\u00a0Vous avez vraiment tout compris\u00a0\u00bb, peut-on dire. Dans le d\u00e9sert du service actuel, o\u00f9 l&rsquo;on est malheureusement trop souvent confront\u00e9 \u00e0 des personnes de mauvaise humeur, o\u00f9 l&rsquo;on entend toujours parler de \u00ab\u00a0manque de personnel\u00a0\u00bb, vous nous avez vraiment convaincus du contraire. Difficile de faire mieux. Nous sommes rentr\u00e9s chez nous enchant\u00e9s et d\u00e9tendus et avons beaucoup appr\u00e9ci\u00e9 la journ\u00e9e elle-m\u00eame.     <\/p>\n\n\n\n<p class=\"has-text-align-left\">Un grand merci pour cela !<\/p>\n\n\n\n<p class=\"has-text-align-left\">Meilleures salutations de Cologne<\/p>\n\n\n\n<p class=\"has-text-align-left\">Kerstin S.<\/p>\n<cite>Bureau de la paroisse \u00e9vang\u00e9lique de Clarenbach<\/cite><\/blockquote>\n<\/div>\n\n\n\n<div class=\"wp-block-column is-layout-flow wp-block-column-is-layout-flow\">\n<h2 class=\"wp-block-heading has-text-align-left\">Rapport d&rsquo;exp\u00e9rience de l&rsquo;excursion des seniors de la commune de Selters (Taunus)<\/h2>\n\n\n\n<blockquote class=\"wp-block-quote has-text-align-center is-style-large is-layout-flow wp-block-quote-is-layout-flow\">\n<p class=\"has-text-align-left\">Ch\u00e8re \u00e9quipe du Moulin \u00e0 eau historique,<\/p>\n\n\n\n<p class=\"has-text-align-left\">Je voudrais vous remercier encore une fois pour la belle journ\u00e9e que nos seniors ont pu passer avec vous. Au cours des deux derniers jours, j&rsquo;ai re\u00e7u des r\u00e9actions positives et de grandes louanges que je suis heureux de partager.<\/p>\n\n\n\n<p class=\"has-text-align-left\">Les visites \u00e9taient int\u00e9ressantes, la nourriture d\u00e9licieuse, le personnel tr\u00e8s aimable et pr\u00e9venant et tous les souhaits ont \u00e9t\u00e9 satisfaits, que demander de plus.<\/p>\n\n\n\n<p class=\"has-text-align-left\">Merci encore, meilleures salutations \u00e0 Erwin ainsi qu&rsquo;\u00e0 tout le personnel, y compris en cuisine, et nous reviendrons certainement !<\/p>\n\n\n\n<p class=\"has-text-align-left\">Salutations amicales<\/p>\n\n\n\n<p class=\"has-text-align-left\">Rita B.<\/p>\n\n\n<div class=\"wp-block-image\">\n<figure class=\"alignleft size-full\"><img loading=\"lazy\" decoding=\"async\" width=\"215\" height=\"88\" src=\"https:\/\/www.muehlebirgel.de\/wp-content\/uploads\/image-1.png\" alt=\"\" class=\"wp-image-40990\"\/><\/figure>\n<\/div>\n\n\n<div style=\"height:24px\" aria-hidden=\"true\" class=\"wp-block-spacer\"><\/div>\n<\/blockquote>\n<\/div>\n<\/div>\n\n<div class=\"wp-block-columns is-layout-flex wp-container-core-columns-is-layout-9d6595d7 wp-block-columns-is-layout-flex\">\n<div class=\"wp-block-column is-layout-flow wp-block-column-is-layout-flow\">\n<h2 class=\"wp-block-heading\">T\u00e9moignage du Service Senior de la Ville de Luxembourg<\/h2>\n\n\n\n<blockquote class=\"wp-block-quote has-text-align-center is-style-large is-layout-flow wp-block-quote-is-layout-flow\">\n<p class=\"has-text-align-left\">Ch\u00e8re \u00e9quipe du moulin \u00e0 eau de Birgel,<\/p>\n\n\n\n<p class=\"has-text-align-left\">Le mercredi 16\/08, nous sommes venus vous rendre visite.<br\/>C&rsquo;\u00e9tait une journ\u00e9e magnifique et tr\u00e8s int\u00e9ressante.<br\/>Merci pour cette tr\u00e8s belle visite et un grand merci pour le d\u00e9licieux repas de midi.<br\/>Nous avons \u00e9t\u00e9 tr\u00e8s bien accueillis \u00e0 Birgel et nos seniors ont pu raconter beaucoup de choses sur le chemin du retour.<\/p>\n\n\n\n<p class=\"has-text-align-left\">Nous vous souhaitons beaucoup de succ\u00e8s et nous reviendrons avec plaisir.<\/p>\n\n\n\n<p class=\"has-text-align-left\">Mat beschte Gr\u00e9iss \/ Meilleures salutations  <\/p>\n<cite>&#8211; Olivier Alesch, Educateur dipl\u00f4m\u00e9, Ville de Luxembourg<\/cite><\/blockquote>\n<\/div>\n\n\n\n<div class=\"wp-block-column is-layout-flow wp-block-column-is-layout-flow\">\n<h2 class=\"wp-block-heading\">Rapport d&rsquo;exp\u00e9rience de la communaut\u00e9 de communes de Cochem<\/h2>\n\n\n\n<div style=\"height:20px\" aria-hidden=\"true\" class=\"wp-block-spacer\"><\/div>\n\n\n\n<figure class=\"wp-block-image size-large is-resized\"><a href=\"https:\/\/www.muehlebirgel.de\/wp-content\/uploads\/Zeitungsartikel-Seniorenfahrt-Mai-24.pdf\" target=\"_blank\" rel=\"noreferrer noopener\"><img loading=\"lazy\" decoding=\"async\" width=\"724\" height=\"1024\" src=\"https:\/\/www.muehlebirgel.de\/wp-content\/uploads\/vg-cochem-artikel-724x1024.png\" alt=\"\" class=\"wp-image-40655\" style=\"width:527px;height:auto\" srcset=\"https:\/\/www.muehlebirgel.de\/wp-content\/uploads\/vg-cochem-artikel-724x1024.png 724w, https:\/\/www.muehlebirgel.de\/wp-content\/uploads\/vg-cochem-artikel-640x905.png 640w, https:\/\/www.muehlebirgel.de\/wp-content\/uploads\/vg-cochem-artikel-400x565.png 400w\" sizes=\"auto, (max-width: 724px) 100vw, 724px\" \/><\/a><figcaption class=\"wp-element-caption\">Cliquez ou tapez pour agrandir<\/figcaption><\/figure>\n<\/div>\n<\/div>\n\n<hr class=\"wp-block-separator has-alpha-channel-opacity\"\/>\n\n<div style=\"height:30px\" aria-hidden=\"true\" class=\"wp-block-spacer\"><\/div>\n\n<div class=\"wp-block-columns is-layout-flex wp-container-core-columns-is-layout-9d6595d7 wp-block-columns-is-layout-flex\">\n<div class=\"wp-block-column is-layout-flow wp-block-column-is-layout-flow\">\n<h2 class=\"wp-block-heading\">Appelez-nous ou \u00e9crivez-nous !<\/h2>\n\n\n\n<div style=\"height:20px\" aria-hidden=\"true\" class=\"wp-block-spacer\"><\/div>\n\n\n\n<p>Vous \u00eates int\u00e9ress\u00e9 et souhaitez obtenir des informations ou effectuer une r\u00e9servation gratuitement ? Alors utilisez le formulaire de contact \u00e0 droite ou appelez-nous au num\u00e9ro suivant <a href=\"tel:+49659792820\">+49 6597 92820<\/a>.  <\/p>\n\n\n\n<p><strong>N&rsquo;h\u00e9sitez pas \u00e0 nous contacter !<\/strong><\/p>\n<\/div>\n\n\n\n<div class=\"wp-block-column is-layout-flow wp-block-column-is-layout-flow\">\n<div class=\"wp-block-contact-form-7-contact-form-selector\">\n<div class=\"wpcf7 no-js\" id=\"wpcf7-f40338-o1\" lang=\"fr-FR\" dir=\"ltr\" data-wpcf7-id=\"40338\">\n<div class=\"screen-reader-response\"><p role=\"status\" aria-live=\"polite\" aria-atomic=\"true\"><\/p> <ul><\/ul><\/div>\n<form action=\"\/fr\/wp-json\/wp\/v2\/pages\/9759#wpcf7-f40338-o1\" method=\"post\" class=\"wpcf7-form init\" aria-label=\"Formulaire de contact\" novalidate=\"novalidate\" data-status=\"init\">\n<fieldset class=\"hidden-fields-container\"><input type=\"hidden\" name=\"_wpcf7\" value=\"40338\" \/><input type=\"hidden\" name=\"_wpcf7_version\" value=\"6.1.5\" \/><input type=\"hidden\" name=\"_wpcf7_locale\" value=\"fr_FR\" \/><input type=\"hidden\" name=\"_wpcf7_unit_tag\" value=\"wpcf7-f40338-o1\" \/><input type=\"hidden\" name=\"_wpcf7_container_post\" value=\"0\" \/><input type=\"hidden\" name=\"_wpcf7_posted_data_hash\" value=\"\" \/><input type=\"hidden\" name=\"_wpcf7_recaptcha_response\" value=\"\" \/>\n<\/fieldset>\n<label> Votre nom (*)\n    <span class=\"wpcf7-form-control-wrap\" data-name=\"your-name\"><input size=\"40\" maxlength=\"400\" class=\"wpcf7-form-control wpcf7-text wpcf7-validates-as-required\" aria-required=\"true\" aria-invalid=\"false\" value=\"\" type=\"text\" name=\"your-name\" \/><\/span> <\/label>\n\n<label> Adresse e-mail (*)\n    <span class=\"wpcf7-form-control-wrap\" data-name=\"your-email\"><input size=\"40\" maxlength=\"400\" class=\"wpcf7-form-control wpcf7-email wpcf7-validates-as-required wpcf7-text wpcf7-validates-as-email\" aria-required=\"true\" aria-invalid=\"false\" value=\"\" type=\"email\" name=\"your-email\" \/><\/span> <\/label>\n\n<label> Votre message\n    <span class=\"wpcf7-form-control-wrap\" data-name=\"your-message\"><textarea cols=\"40\" rows=\"10\" maxlength=\"2000\" class=\"wpcf7-form-control wpcf7-textarea\" aria-invalid=\"false\" name=\"your-message\"><\/textarea><\/span> <\/label>\n\n<input class=\"wpcf7-form-control wpcf7-submit has-spinner\" type=\"submit\" value=\"Envoyer\" \/><div class=\"wpcf7-response-output\" aria-hidden=\"true\"><\/div>\n<\/form>\n<\/div>\n<\/div>\n<\/div>\n<\/div>\n\n<p><\/p>\n","protected":false},"excerpt":{"rendered":"<p>Le moulin \u00e0 eau historique de Birgel est une destination merveilleuse pour les excursions de seniors et offre une exp\u00e9rience nostalgique qui rappelle \u00e0 de nombreux visiteurs \u00e2g\u00e9s les temps pass\u00e9s. C&rsquo;est avec beaucoup d&rsquo;enthousiasme que vous pourrez explorer les moulins en parfait \u00e9tat de fonctionnement qui constituaient autrefois le c\u0153ur de notre communaut\u00e9. Vous [&hellip;]<\/p>\n","protected":false},"author":1,"featured_media":0,"parent":9816,"menu_order":2,"comment_status":"closed","ping_status":"closed","template":"","meta":{"footnotes":""},"class_list":["post-9759","page","type-page","status-publish","hentry"],"yoast_head":"<!-- This site is optimized with the Yoast SEO plugin v27.2 - https:\/\/yoast.com\/product\/yoast-seo-wordpress\/ -->\n<title>Voyage seniors dans l&#039;Eifel - Historische Wasserm\u00fchle Birgel<\/title>\n<meta name=\"robots\" content=\"index, follow, max-snippet:-1, max-image-preview:large, max-video-preview:-1\" \/>\n<link rel=\"canonical\" href=\"https:\/\/www.muehlebirgel.de\/fr\/voyage-seniors-dans-leifel\" \/>\n<meta property=\"og:locale\" content=\"fr_FR\" \/>\n<meta property=\"og:type\" content=\"article\" \/>\n<meta property=\"og:title\" content=\"Voyage seniors dans l&#039;Eifel - Historische Wasserm\u00fchle Birgel\" \/>\n<meta property=\"og:description\" content=\"Le moulin \u00e0 eau historique de Birgel est une destination merveilleuse pour les excursions de seniors et offre une exp\u00e9rience nostalgique qui rappelle \u00e0 de nombreux visiteurs \u00e2g\u00e9s les temps pass\u00e9s. C&rsquo;est avec beaucoup d&rsquo;enthousiasme que vous pourrez explorer les moulins en parfait \u00e9tat de fonctionnement qui constituaient autrefois le c\u0153ur de notre communaut\u00e9. Vous [&hellip;]\" \/>\n<meta property=\"og:url\" content=\"https:\/\/www.muehlebirgel.de\/fr\/voyage-seniors-dans-leifel\/\" \/>\n<meta property=\"og:site_name\" content=\"Historische Wasserm\u00fchle Birgel\" \/>\n<meta property=\"article:modified_time\" content=\"2025-05-05T08:16:50+00:00\" \/>\n<meta property=\"og:image\" content=\"https:\/\/www.muehlebirgel.de\/wp-content\/uploads\/2023\/03\/Essen-Saegewerk-1024x1024.jpg\" \/>\n\t<meta property=\"og:image:width\" content=\"1024\" \/>\n\t<meta property=\"og:image:height\" content=\"1024\" \/>\n\t<meta property=\"og:image:type\" content=\"image\/jpeg\" \/>\n<meta name=\"twitter:card\" content=\"summary_large_image\" \/>\n<meta name=\"twitter:label1\" content=\"Dur\u00e9e de lecture estim\u00e9e\" \/>\n\t<meta name=\"twitter:data1\" content=\"5 minutes\" \/>\n<script type=\"application\/ld+json\" class=\"yoast-schema-graph\">{\"@context\":\"https:\/\/schema.org\",\"@graph\":[{\"@type\":\"WebPage\",\"@id\":\"https:\/\/www.muehlebirgel.de\/fr\/voyage-seniors-dans-leifel\",\"url\":\"https:\/\/www.muehlebirgel.de\/fr\/voyage-seniors-dans-leifel\",\"name\":\"Voyage seniors dans l'Eifel - Historische Wasserm\u00fchle Birgel\",\"isPartOf\":{\"@id\":\"https:\/\/www.muehlebirgel.de\/fr\/#website\"},\"primaryImageOfPage\":{\"@id\":\"https:\/\/www.muehlebirgel.de\/fr\/voyage-seniors-dans-leifel#primaryimage\"},\"image\":{\"@id\":\"https:\/\/www.muehlebirgel.de\/fr\/voyage-seniors-dans-leifel#primaryimage\"},\"thumbnailUrl\":\"https:\/\/www.muehlebirgel.de\/wp-content\/uploads\/2023\/03\/Essen-Saegewerk.jpg\",\"datePublished\":\"2021-12-10T14:58:07+00:00\",\"dateModified\":\"2025-05-05T08:16:50+00:00\",\"breadcrumb\":{\"@id\":\"https:\/\/www.muehlebirgel.de\/fr\/voyage-seniors-dans-leifel#breadcrumb\"},\"inLanguage\":\"fr-FR\",\"potentialAction\":[{\"@type\":\"ReadAction\",\"target\":[\"https:\/\/www.muehlebirgel.de\/fr\/voyage-seniors-dans-leifel\"]}]},{\"@type\":\"ImageObject\",\"inLanguage\":\"fr-FR\",\"@id\":\"https:\/\/www.muehlebirgel.de\/fr\/voyage-seniors-dans-leifel#primaryimage\",\"url\":\"https:\/\/www.muehlebirgel.de\/wp-content\/uploads\/2023\/03\/Essen-Saegewerk.jpg\",\"contentUrl\":\"https:\/\/www.muehlebirgel.de\/wp-content\/uploads\/2023\/03\/Essen-Saegewerk.jpg\"},{\"@type\":\"BreadcrumbList\",\"@id\":\"https:\/\/www.muehlebirgel.de\/fr\/voyage-seniors-dans-leifel#breadcrumb\",\"itemListElement\":[{\"@type\":\"ListItem\",\"position\":1,\"name\":\"Startseite\",\"item\":\"https:\/\/www.muehlebirgel.de\/fr\"},{\"@type\":\"ListItem\",\"position\":2,\"name\":\"Journ\u00e9e aventure dans l&#8217;Eifel\",\"item\":\"https:\/\/www.muehlebirgel.de\/fr\/journee-aventure-dans-leifel\"},{\"@type\":\"ListItem\",\"position\":3,\"name\":\"Voyage seniors dans l&#8217;Eifel\"}]},{\"@type\":\"WebSite\",\"@id\":\"https:\/\/www.muehlebirgel.de\/fr\/#website\",\"url\":\"https:\/\/www.muehlebirgel.de\/fr\/\",\"name\":\"Historische Wasserm\u00fchle Birgel\",\"description\":\"Willkommen im M\u00fchlen-Erlebniszentrum\",\"potentialAction\":[{\"@type\":\"SearchAction\",\"target\":{\"@type\":\"EntryPoint\",\"urlTemplate\":\"https:\/\/www.muehlebirgel.de\/fr\/?s={search_term_string}\"},\"query-input\":{\"@type\":\"PropertyValueSpecification\",\"valueRequired\":true,\"valueName\":\"search_term_string\"}}],\"inLanguage\":\"fr-FR\"}]}<\/script>\n<!-- \/ Yoast SEO plugin. -->","yoast_head_json":{"title":"Voyage seniors dans l'Eifel - Historische Wasserm\u00fchle Birgel","robots":{"index":"index","follow":"follow","max-snippet":"max-snippet:-1","max-image-preview":"max-image-preview:large","max-video-preview":"max-video-preview:-1"},"canonical":"https:\/\/www.muehlebirgel.de\/fr\/voyage-seniors-dans-leifel","og_locale":"fr_FR","og_type":"article","og_title":"Voyage seniors dans l'Eifel - Historische Wasserm\u00fchle Birgel","og_description":"Le moulin \u00e0 eau historique de Birgel est une destination merveilleuse pour les excursions de seniors et offre une exp\u00e9rience nostalgique qui rappelle \u00e0 de nombreux visiteurs \u00e2g\u00e9s les temps pass\u00e9s. C&rsquo;est avec beaucoup d&rsquo;enthousiasme que vous pourrez explorer les moulins en parfait \u00e9tat de fonctionnement qui constituaient autrefois le c\u0153ur de notre communaut\u00e9. Vous [&hellip;]","og_url":"https:\/\/www.muehlebirgel.de\/fr\/voyage-seniors-dans-leifel\/","og_site_name":"Historische Wasserm\u00fchle Birgel","article_modified_time":"2025-05-05T08:16:50+00:00","og_image":[{"width":1024,"height":1024,"url":"https:\/\/www.muehlebirgel.de\/wp-content\/uploads\/2023\/03\/Essen-Saegewerk-1024x1024.jpg","type":"image\/jpeg"}],"twitter_card":"summary_large_image","twitter_misc":{"Dur\u00e9e de lecture estim\u00e9e":"5 minutes"},"schema":{"@context":"https:\/\/schema.org","@graph":[{"@type":"WebPage","@id":"https:\/\/www.muehlebirgel.de\/fr\/voyage-seniors-dans-leifel","url":"https:\/\/www.muehlebirgel.de\/fr\/voyage-seniors-dans-leifel","name":"Voyage seniors dans l'Eifel - Historische Wasserm\u00fchle Birgel","isPartOf":{"@id":"https:\/\/www.muehlebirgel.de\/fr\/#website"},"primaryImageOfPage":{"@id":"https:\/\/www.muehlebirgel.de\/fr\/voyage-seniors-dans-leifel#primaryimage"},"image":{"@id":"https:\/\/www.muehlebirgel.de\/fr\/voyage-seniors-dans-leifel#primaryimage"},"thumbnailUrl":"https:\/\/www.muehlebirgel.de\/wp-content\/uploads\/2023\/03\/Essen-Saegewerk.jpg","datePublished":"2021-12-10T14:58:07+00:00","dateModified":"2025-05-05T08:16:50+00:00","breadcrumb":{"@id":"https:\/\/www.muehlebirgel.de\/fr\/voyage-seniors-dans-leifel#breadcrumb"},"inLanguage":"fr-FR","potentialAction":[{"@type":"ReadAction","target":["https:\/\/www.muehlebirgel.de\/fr\/voyage-seniors-dans-leifel"]}]},{"@type":"ImageObject","inLanguage":"fr-FR","@id":"https:\/\/www.muehlebirgel.de\/fr\/voyage-seniors-dans-leifel#primaryimage","url":"https:\/\/www.muehlebirgel.de\/wp-content\/uploads\/2023\/03\/Essen-Saegewerk.jpg","contentUrl":"https:\/\/www.muehlebirgel.de\/wp-content\/uploads\/2023\/03\/Essen-Saegewerk.jpg"},{"@type":"BreadcrumbList","@id":"https:\/\/www.muehlebirgel.de\/fr\/voyage-seniors-dans-leifel#breadcrumb","itemListElement":[{"@type":"ListItem","position":1,"name":"Startseite","item":"https:\/\/www.muehlebirgel.de\/fr"},{"@type":"ListItem","position":2,"name":"Journ\u00e9e aventure dans l&#8217;Eifel","item":"https:\/\/www.muehlebirgel.de\/fr\/journee-aventure-dans-leifel"},{"@type":"ListItem","position":3,"name":"Voyage seniors dans l&#8217;Eifel"}]},{"@type":"WebSite","@id":"https:\/\/www.muehlebirgel.de\/fr\/#website","url":"https:\/\/www.muehlebirgel.de\/fr\/","name":"Historische Wasserm\u00fchle Birgel","description":"Willkommen im M\u00fchlen-Erlebniszentrum","potentialAction":[{"@type":"SearchAction","target":{"@type":"EntryPoint","urlTemplate":"https:\/\/www.muehlebirgel.de\/fr\/?s={search_term_string}"},"query-input":{"@type":"PropertyValueSpecification","valueRequired":true,"valueName":"search_term_string"}}],"inLanguage":"fr-FR"}]}},"_links":{"self":[{"href":"https:\/\/www.muehlebirgel.de\/fr\/wp-json\/wp\/v2\/pages\/9759","targetHints":{"allow":["GET"]}}],"collection":[{"href":"https:\/\/www.muehlebirgel.de\/fr\/wp-json\/wp\/v2\/pages"}],"about":[{"href":"https:\/\/www.muehlebirgel.de\/fr\/wp-json\/wp\/v2\/types\/page"}],"author":[{"embeddable":true,"href":"https:\/\/www.muehlebirgel.de\/fr\/wp-json\/wp\/v2\/users\/1"}],"replies":[{"embeddable":true,"href":"https:\/\/www.muehlebirgel.de\/fr\/wp-json\/wp\/v2\/comments?post=9759"}],"version-history":[{"count":40,"href":"https:\/\/www.muehlebirgel.de\/fr\/wp-json\/wp\/v2\/pages\/9759\/revisions"}],"predecessor-version":[{"id":55045,"href":"https:\/\/www.muehlebirgel.de\/fr\/wp-json\/wp\/v2\/pages\/9759\/revisions\/55045"}],"up":[{"embeddable":true,"href":"https:\/\/www.muehlebirgel.de\/fr\/wp-json\/wp\/v2\/pages\/9816"}],"wp:attachment":[{"href":"https:\/\/www.muehlebirgel.de\/fr\/wp-json\/wp\/v2\/media?parent=9759"}],"curies":[{"name":"wp","href":"https:\/\/api.w.org\/{rel}","templated":true}]}}