{"id":9780,"date":"2021-12-10T14:58:28","date_gmt":"2021-12-10T14:58:28","guid":{"rendered":"https:\/\/www.muehlebirgel.de\/conferences-et-seminaires-dans-leifel\/hotel-de-conference-eifel\/"},"modified":"2025-10-07T13:02:39","modified_gmt":"2025-10-07T11:02:39","slug":"tagungshotel-eifel","status":"publish","type":"page","link":"https:\/\/www.muehlebirgel.de\/fr\/hotel-de-conference-eifel","title":{"rendered":"H\u00f4tel de conf\u00e9rence Eifel dans un moulin \u00e0 eau historique"},"content":{"rendered":"<div class=\"wpb-content-wrapper\"><p>[vc_row][vc_column][vc_column_text css=\u00a0\u00bb\u00a0\u00bb css_params=\u00a0\u00bb\u00a0\u00bb]<\/p>\n<h2 class=\"wp-block-heading\">R\u00e9unions, conf\u00e9rences, formations, team buildings ou incentives<\/h2>\n<p><!-- \/wp:post-content -->&nbsp;<\/p>\n<p><!-- wp:heading --><\/p>\n<h2 class=\"wp-block-heading\">Le moulin \u00e0 eau historique est l&rsquo;endroit id\u00e9al au milieu de l&rsquo;Eifel volcanique &#8211; en option \u00e9galement avec un programme cadre passionnant<\/h2>\n<p><!-- \/wp:heading -->&nbsp;<\/p>\n<p><!-- wp:image {\"align\":\"left\",\"id\":164} --><\/p>\n<figure class=\"wp-block-image alignleft\"><img loading=\"lazy\" decoding=\"async\" width=\"300\" height=\"200\" class=\"wp-image-164\" src=\"https:\/\/www.muehlebirgel.de\/wp-content\/uploads\/2009\/04\/seminar.jpg\" alt=\"\"><\/figure>\n<p><!-- \/wp:image --><\/p>\n<p><!-- wp:paragraph -->Obtenir des informations actuelles et vivre des contenus dans le champ de tension de murs et de poutres de ch\u00eane tr\u00e8s anciens, voil\u00e0 ce qui fait des s\u00e9minaires organis\u00e9s dans le moulin \u00e0 eau une exp\u00e9rience particuli\u00e8re et durable, tant pour les organisateurs que pour les participants.<\/p>\n<p><!-- \/wp:paragraph --><\/p>\n<p><!-- wp:paragraph -->A commencer par la salle de s\u00e9minaire, qui d\u00e9gage imm\u00e9diatement une sensation de calme cosy et libre. La cuisine du Moulin, servie \u00e0 l&rsquo;auberge, ou, peut-\u00eatre pour couper court aux pens\u00e9es, pr\u00e9parer soi-m\u00eame son repas pour une fois, jusqu&rsquo;aux jeux de soci\u00e9t\u00e9 et de motivation avec notre chef meunier Erwin et son \u00e9quipe, font vivre d&rsquo;autres temps \u00e0 l&rsquo;esprit.<\/p>\n<p><!-- \/wp:paragraph -->&nbsp;<\/p>\n<p><!-- wp:spacer {\"height\":\"10px\"} --><\/p>\n<div class=\"wp-block-spacer\" style=\"height: 10px;\" aria-hidden=\"true\">&nbsp;<\/div>\n<p><!-- \/wp:spacer --><\/p>\n<p><!-- wp:paragraph -->\u00c0 la fin de chaque journ\u00e9e, dormir dans un appartement \u00e0 colombages d&rsquo;au moins 300 ans plonge chaque participant dans un r\u00eave.<\/p>\n<p><!-- \/wp:paragraph --><\/p>\n<p><!-- wp:paragraph -->Les capacit\u00e9s suivantes sont disponibles pour vos conf\u00e9rences<\/p>\n<p><!-- \/wp:paragraph -->&nbsp;<\/p>\n<p><!-- wp:separator --><\/p>\n<hr class=\"wp-block-separator has-alpha-channel-opacity\">\n<p><!-- \/wp:separator -->&nbsp;<\/p>\n<p><!-- wp:heading --><\/p>\n<h2 class=\"wp-block-heading\">Salles de r\u00e9unions<\/h2>\n<p><!-- \/wp:heading -->&nbsp;<\/p>\n<p><!-- wp:image {\"align\":\"left\",\"id\":123} --><\/p>\n<figure class=\"wp-block-image alignleft\"><img loading=\"lazy\" decoding=\"async\" width=\"300\" height=\"200\" class=\"wp-image-123\" src=\"https:\/\/www.muehlebirgel.de\/wp-content\/uploads\/2009\/04\/ferienhaeuser.jpg\" alt=\"\"><\/figure>\n<p><!-- \/wp:image --><\/p>\n<p><!-- wp:paragraph -->Notre h\u00f4tel de conf\u00e9rence incl. Le complexe d&rsquo;appartements dispose de 14 chambres et convient donc aux petits s\u00e9minaires et r\u00e9unions s&rsquo;ils durent au moins 2 jours. Nous sommes \u00e9galement heureux d&rsquo;organiser des nuit\u00e9es suppl\u00e9mentaires \u00e0 proximit\u00e9 imm\u00e9diate du moulin. Le moulin \u00e0 eau historique est \u00e9galement id\u00e9al pour les grandes \u00e9quipes &#8211; avec 34 lits, les grands groupes peuvent \u00e9galement profiter de notre offre.<\/p>\n<p><!-- \/wp:paragraph -->&nbsp;<\/p>\n<p><!-- wp:paragraph \/-->&nbsp;<\/p>\n<p><!-- wp:paragraph \/-->&nbsp;<\/p>\n<p><!-- wp:separator --><\/p>\n<hr class=\"wp-block-separator has-alpha-channel-opacity\">\n<p><!-- \/wp:separator -->&nbsp;<\/p>\n<p><!-- wp:image {\"align\":\"left\",\"id\":26889} --><\/p>\n<figure class=\"wp-block-image alignleft\"><img loading=\"lazy\" decoding=\"async\" width=\"300\" height=\"200\" class=\"wp-image-26889 alignleft\" src=\"https:\/\/www.muehlebirgel.de\/wp-content\/uploads\/2023\/05\/happy-speaker-demonstrating-something-on-the-paper-300x200.jpg\" alt=\"\"><\/figure>\n<p><!-- \/wp:image -->&nbsp;<\/p>\n<p><!-- wp:table --><\/p>\n<figure class=\"wp-block-table\">\n<table>\n<tbody>\n<tr>\n<td> Maison de s\u00e9minaire<\/td>\n<td>Salle \u00e0 colombages<\/td>\n<td> jusqu&rsquo;\u00e0 24<\/td>\n<\/tr>\n<tr>\n<td> Maison de conf\u00e9rence<\/td>\n<td>Galerie du Brenn<\/td>\n<td> jusqu&rsquo;\u00e0 250<\/td>\n<\/tr>\n<\/tbody>\n<\/table>\n<\/figure>\n<hr>\n<p><strong>Exemple de prestations \u00e0 partir de 10 personnes<\/strong><\/p>\n<ul>\n<li>Salle de conf\u00e9rence incl. technique. \u00c9quipement et mat\u00e9riel<\/li>\n<li>Boissons pour le congr\u00e8s (caf\u00e9, th\u00e9, boissons non alcoolis\u00e9es, eau min\u00e9rale), ainsi que des p\u00e2tisseries faites maison<\/li>\n<li>1 x d\u00e9jeuner en rago\u00fbt le premier jour<\/li>\n<li>1 x d\u00e9jeuner en plat principal le deuxi\u00e8me jour<\/li>\n<li>1 d\u00eener de 3 plats<\/li>\n<li>H\u00e9bergement en chambre individuelle, appartement individuel et appartement de vacances individuel<\/li>\n<li>Buffet de petit d\u00e9jeuner<\/li>\n<\/ul>\n<p><!-- \/wp:table -->&nbsp;<\/p>\n<p><!-- wp:image {\"align\":\"left\",\"id\":178} --><\/p>\n<figure class=\"wp-block-image alignleft\"><img loading=\"lazy\" decoding=\"async\" width=\"300\" height=\"200\" class=\"wp-image-178\" src=\"https:\/\/www.muehlebirgel.de\/wp-content\/uploads\/2009\/04\/muehlenhotel2.jpg\" alt=\"\"><\/figure>\n<p><!-- \/wp:image --><\/p>\n<p><!-- wp:paragraph -->Nos programmes de team building donneront \u00e0 vos r\u00e9unions l&rsquo;humour et la force dont vous avez besoin.<\/p>\n<p><!-- \/wp:paragraph --><\/p>\n<p><!-- wp:paragraph -->Laissez-nous vous conseiller et nous vous promettons un s\u00e9minaire r\u00e9ussi.<\/p>\n<p><!-- \/wp:paragraph --><\/p>\n<p><!-- wp:paragraph --><strong>Nous nous r\u00e9jouissons de votre demande \u00e0<br \/>T\u00e9l. : 06597\/92820 ou via notre<a href=\"https:\/\/www.muehlebirgel.de\/kontakt\">formulaire de contact<br \/><\/a>!<\/strong><\/p>\n<p><!-- \/wp:paragraph --><\/p>\n<p>&nbsp;<\/p>\n<p><!-- wp:paragraph \/--><\/p>\n<p>&nbsp;<\/p>\n<p>[\/vc_column_text][\/vc_column][\/vc_row]<\/p>\n<\/div>","protected":false},"excerpt":{"rendered":"<p>[vc_row][vc_column][vc_column_text css=\u00a0\u00bb\u00a0\u00bb css_params=\u00a0\u00bb\u00a0\u00bb] R\u00e9unions, conf\u00e9rences, formations, team buildings ou incentives &nbsp; Le moulin \u00e0 eau historique est l&rsquo;endroit id\u00e9al au milieu de l&rsquo;Eifel volcanique &#8211; en option \u00e9galement avec un programme cadre passionnant &nbsp; Obtenir des informations actuelles et vivre des contenus dans le champ de tension de murs et de poutres de ch\u00eane tr\u00e8s [&hellip;]<\/p>\n","protected":false},"author":1,"featured_media":0,"parent":0,"menu_order":1,"comment_status":"closed","ping_status":"closed","template":"","meta":{"footnotes":""},"class_list":["post-9780","page","type-page","status-publish","hentry"],"yoast_head":"<!-- This site is optimized with the Yoast SEO plugin v27.2 - https:\/\/yoast.com\/product\/yoast-seo-wordpress\/ -->\n<title>H\u00f4tel de conf\u00e9rence Eifel dans un moulin \u00e0 eau historique - Historische Wasserm\u00fchle Birgel<\/title>\n<meta name=\"robots\" content=\"index, follow, max-snippet:-1, max-image-preview:large, max-video-preview:-1\" \/>\n<link rel=\"canonical\" href=\"https:\/\/www.muehlebirgel.de\/fr\/hotel-de-conference-eifel\" \/>\n<meta property=\"og:locale\" content=\"fr_FR\" \/>\n<meta property=\"og:type\" content=\"article\" \/>\n<meta property=\"og:title\" content=\"H\u00f4tel de conf\u00e9rence Eifel dans un moulin \u00e0 eau historique - Historische Wasserm\u00fchle Birgel\" \/>\n<meta property=\"og:description\" content=\"[vc_row][vc_column][vc_column_text css=\u00a0\u00bb\u00a0\u00bb css_params=\u00a0\u00bb\u00a0\u00bb] R\u00e9unions, conf\u00e9rences, formations, team buildings ou incentives &nbsp; Le moulin \u00e0 eau historique est l&rsquo;endroit id\u00e9al au milieu de l&rsquo;Eifel volcanique &#8211; en option \u00e9galement avec un programme cadre passionnant &nbsp; Obtenir des informations actuelles et vivre des contenus dans le champ de tension de murs et de poutres de ch\u00eane tr\u00e8s [&hellip;]\" \/>\n<meta property=\"og:url\" content=\"https:\/\/www.muehlebirgel.de\/fr\/hotel-de-conference-eifel\/\" \/>\n<meta property=\"og:site_name\" content=\"Historische Wasserm\u00fchle Birgel\" \/>\n<meta property=\"article:modified_time\" content=\"2025-10-07T11:02:39+00:00\" \/>\n<meta property=\"og:image\" content=\"https:\/\/www.muehlebirgel.de\/wp-content\/uploads\/2009\/04\/seminar.jpg\" \/>\n\t<meta property=\"og:image:width\" content=\"300\" \/>\n\t<meta property=\"og:image:height\" content=\"200\" \/>\n\t<meta property=\"og:image:type\" content=\"image\/jpeg\" \/>\n<meta name=\"twitter:card\" content=\"summary_large_image\" \/>\n<meta name=\"twitter:label1\" content=\"Dur\u00e9e de lecture estim\u00e9e\" \/>\n\t<meta name=\"twitter:data1\" content=\"2 minutes\" \/>\n<script type=\"application\/ld+json\" class=\"yoast-schema-graph\">{\"@context\":\"https:\/\/schema.org\",\"@graph\":[{\"@type\":\"WebPage\",\"@id\":\"https:\/\/www.muehlebirgel.de\/fr\/hotel-de-conference-eifel\",\"url\":\"https:\/\/www.muehlebirgel.de\/fr\/hotel-de-conference-eifel\",\"name\":\"H\u00f4tel de conf\u00e9rence Eifel dans un moulin \u00e0 eau historique - Historische Wasserm\u00fchle Birgel\",\"isPartOf\":{\"@id\":\"https:\/\/www.muehlebirgel.de\/fr\/#website\"},\"primaryImageOfPage\":{\"@id\":\"https:\/\/www.muehlebirgel.de\/fr\/hotel-de-conference-eifel#primaryimage\"},\"image\":{\"@id\":\"https:\/\/www.muehlebirgel.de\/fr\/hotel-de-conference-eifel#primaryimage\"},\"thumbnailUrl\":\"https:\/\/www.muehlebirgel.de\/wp-content\/uploads\/2009\/04\/seminar.jpg\",\"datePublished\":\"2021-12-10T14:58:28+00:00\",\"dateModified\":\"2025-10-07T11:02:39+00:00\",\"breadcrumb\":{\"@id\":\"https:\/\/www.muehlebirgel.de\/fr\/hotel-de-conference-eifel#breadcrumb\"},\"inLanguage\":\"fr-FR\",\"potentialAction\":[{\"@type\":\"ReadAction\",\"target\":[\"https:\/\/www.muehlebirgel.de\/fr\/hotel-de-conference-eifel\"]}]},{\"@type\":\"ImageObject\",\"inLanguage\":\"fr-FR\",\"@id\":\"https:\/\/www.muehlebirgel.de\/fr\/hotel-de-conference-eifel#primaryimage\",\"url\":\"https:\/\/www.muehlebirgel.de\/wp-content\/uploads\/2009\/04\/seminar.jpg\",\"contentUrl\":\"https:\/\/www.muehlebirgel.de\/wp-content\/uploads\/2009\/04\/seminar.jpg\"},{\"@type\":\"BreadcrumbList\",\"@id\":\"https:\/\/www.muehlebirgel.de\/fr\/hotel-de-conference-eifel#breadcrumb\",\"itemListElement\":[{\"@type\":\"ListItem\",\"position\":1,\"name\":\"Startseite\",\"item\":\"https:\/\/www.muehlebirgel.de\/fr\"},{\"@type\":\"ListItem\",\"position\":2,\"name\":\"H\u00f4tel de conf\u00e9rence Eifel dans un moulin \u00e0 eau historique\"}]},{\"@type\":\"WebSite\",\"@id\":\"https:\/\/www.muehlebirgel.de\/fr\/#website\",\"url\":\"https:\/\/www.muehlebirgel.de\/fr\/\",\"name\":\"Historische Wasserm\u00fchle Birgel\",\"description\":\"Willkommen im M\u00fchlen-Erlebniszentrum\",\"potentialAction\":[{\"@type\":\"SearchAction\",\"target\":{\"@type\":\"EntryPoint\",\"urlTemplate\":\"https:\/\/www.muehlebirgel.de\/fr\/?s={search_term_string}\"},\"query-input\":{\"@type\":\"PropertyValueSpecification\",\"valueRequired\":true,\"valueName\":\"search_term_string\"}}],\"inLanguage\":\"fr-FR\"}]}<\/script>\n<!-- \/ Yoast SEO plugin. -->","yoast_head_json":{"title":"H\u00f4tel de conf\u00e9rence Eifel dans un moulin \u00e0 eau historique - Historische Wasserm\u00fchle Birgel","robots":{"index":"index","follow":"follow","max-snippet":"max-snippet:-1","max-image-preview":"max-image-preview:large","max-video-preview":"max-video-preview:-1"},"canonical":"https:\/\/www.muehlebirgel.de\/fr\/hotel-de-conference-eifel","og_locale":"fr_FR","og_type":"article","og_title":"H\u00f4tel de conf\u00e9rence Eifel dans un moulin \u00e0 eau historique - Historische Wasserm\u00fchle Birgel","og_description":"[vc_row][vc_column][vc_column_text css=\u00a0\u00bb\u00a0\u00bb css_params=\u00a0\u00bb\u00a0\u00bb] R\u00e9unions, conf\u00e9rences, formations, team buildings ou incentives &nbsp; Le moulin \u00e0 eau historique est l&rsquo;endroit id\u00e9al au milieu de l&rsquo;Eifel volcanique &#8211; en option \u00e9galement avec un programme cadre passionnant &nbsp; Obtenir des informations actuelles et vivre des contenus dans le champ de tension de murs et de poutres de ch\u00eane tr\u00e8s [&hellip;]","og_url":"https:\/\/www.muehlebirgel.de\/fr\/hotel-de-conference-eifel\/","og_site_name":"Historische Wasserm\u00fchle Birgel","article_modified_time":"2025-10-07T11:02:39+00:00","og_image":[{"width":300,"height":200,"url":"https:\/\/www.muehlebirgel.de\/wp-content\/uploads\/2009\/04\/seminar.jpg","type":"image\/jpeg"}],"twitter_card":"summary_large_image","twitter_misc":{"Dur\u00e9e de lecture estim\u00e9e":"2 minutes"},"schema":{"@context":"https:\/\/schema.org","@graph":[{"@type":"WebPage","@id":"https:\/\/www.muehlebirgel.de\/fr\/hotel-de-conference-eifel","url":"https:\/\/www.muehlebirgel.de\/fr\/hotel-de-conference-eifel","name":"H\u00f4tel de conf\u00e9rence Eifel dans un moulin \u00e0 eau historique - Historische Wasserm\u00fchle Birgel","isPartOf":{"@id":"https:\/\/www.muehlebirgel.de\/fr\/#website"},"primaryImageOfPage":{"@id":"https:\/\/www.muehlebirgel.de\/fr\/hotel-de-conference-eifel#primaryimage"},"image":{"@id":"https:\/\/www.muehlebirgel.de\/fr\/hotel-de-conference-eifel#primaryimage"},"thumbnailUrl":"https:\/\/www.muehlebirgel.de\/wp-content\/uploads\/2009\/04\/seminar.jpg","datePublished":"2021-12-10T14:58:28+00:00","dateModified":"2025-10-07T11:02:39+00:00","breadcrumb":{"@id":"https:\/\/www.muehlebirgel.de\/fr\/hotel-de-conference-eifel#breadcrumb"},"inLanguage":"fr-FR","potentialAction":[{"@type":"ReadAction","target":["https:\/\/www.muehlebirgel.de\/fr\/hotel-de-conference-eifel"]}]},{"@type":"ImageObject","inLanguage":"fr-FR","@id":"https:\/\/www.muehlebirgel.de\/fr\/hotel-de-conference-eifel#primaryimage","url":"https:\/\/www.muehlebirgel.de\/wp-content\/uploads\/2009\/04\/seminar.jpg","contentUrl":"https:\/\/www.muehlebirgel.de\/wp-content\/uploads\/2009\/04\/seminar.jpg"},{"@type":"BreadcrumbList","@id":"https:\/\/www.muehlebirgel.de\/fr\/hotel-de-conference-eifel#breadcrumb","itemListElement":[{"@type":"ListItem","position":1,"name":"Startseite","item":"https:\/\/www.muehlebirgel.de\/fr"},{"@type":"ListItem","position":2,"name":"H\u00f4tel de conf\u00e9rence Eifel dans un moulin \u00e0 eau historique"}]},{"@type":"WebSite","@id":"https:\/\/www.muehlebirgel.de\/fr\/#website","url":"https:\/\/www.muehlebirgel.de\/fr\/","name":"Historische Wasserm\u00fchle Birgel","description":"Willkommen im M\u00fchlen-Erlebniszentrum","potentialAction":[{"@type":"SearchAction","target":{"@type":"EntryPoint","urlTemplate":"https:\/\/www.muehlebirgel.de\/fr\/?s={search_term_string}"},"query-input":{"@type":"PropertyValueSpecification","valueRequired":true,"valueName":"search_term_string"}}],"inLanguage":"fr-FR"}]}},"_links":{"self":[{"href":"https:\/\/www.muehlebirgel.de\/fr\/wp-json\/wp\/v2\/pages\/9780","targetHints":{"allow":["GET"]}}],"collection":[{"href":"https:\/\/www.muehlebirgel.de\/fr\/wp-json\/wp\/v2\/pages"}],"about":[{"href":"https:\/\/www.muehlebirgel.de\/fr\/wp-json\/wp\/v2\/types\/page"}],"author":[{"embeddable":true,"href":"https:\/\/www.muehlebirgel.de\/fr\/wp-json\/wp\/v2\/users\/1"}],"replies":[{"embeddable":true,"href":"https:\/\/www.muehlebirgel.de\/fr\/wp-json\/wp\/v2\/comments?post=9780"}],"version-history":[{"count":27,"href":"https:\/\/www.muehlebirgel.de\/fr\/wp-json\/wp\/v2\/pages\/9780\/revisions"}],"predecessor-version":[{"id":60834,"href":"https:\/\/www.muehlebirgel.de\/fr\/wp-json\/wp\/v2\/pages\/9780\/revisions\/60834"}],"wp:attachment":[{"href":"https:\/\/www.muehlebirgel.de\/fr\/wp-json\/wp\/v2\/media?parent=9780"}],"curies":[{"name":"wp","href":"https:\/\/api.w.org\/{rel}","templated":true}]}}