{"id":9800,"date":"2021-12-10T14:58:48","date_gmt":"2021-12-10T14:58:48","guid":{"rendered":"https:\/\/www.muehlebirgel.de\/hotel-romantique-dans-leifel-moulin-a-eau-historique-de-birgel\/eifelsteig-300-km-de-randonnee-sur-leifelsteig\/"},"modified":"2026-04-02T14:57:40","modified_gmt":"2026-04-02T12:57:40","slug":"eifelsteig-300km-randonnee-sur-le-eifelsteig","status":"publish","type":"page","link":"https:\/\/www.muehlebirgel.de\/fr\/eifelsteig-300-km-de-randonnee-sur-leifelsteig","title":{"rendered":"Eifelsteig &#8211; 300 km de randonn\u00e9e sur l&rsquo;Eifelsteig"},"content":{"rendered":"\n<div class=\"wp-block-columns is-layout-flex wp-container-core-columns-is-layout-9d6595d7 wp-block-columns-is-layout-flex\">\n<div class=\"wp-block-column is-vertically-aligned-top is-layout-flow wp-block-column-is-layout-flow\" style=\"flex-basis:33%\">\n<figure class=\"wp-block-image is-resized\"><img loading=\"lazy\" decoding=\"async\" width=\"300\" height=\"200\" src=\"https:\/\/www.muehlebirgel.de\/wp-content\/uploads\/2009\/04\/muehlenhotel2.jpg\" alt=\"\" class=\"wp-image-178\" style=\"width:344px;height:auto\"\/><\/figure>\n<\/div>\n\n\n\n<div class=\"wp-block-column is-layout-flow wp-block-column-is-layout-flow\">\n<h2 class=\"wp-block-heading\">Service de navette gratuit Eifelsteig<\/h2>\n\n\n\n<ul class=\"wp-block-list\">\n<li>Service de navette gratuit pour les clients de l&rsquo;h\u00f4tel du Moulin \u00e0 eau historique<\/li>\n\n\n\n<li>Service d&rsquo;enl\u00e8vement et de livraison<\/li>\n\n\n\n<li>Point de rencontre : Mirbach<\/li>\n\n\n\n<li>Veuillez appeler au moins 1 heure avant le ramassage.<\/li>\n<\/ul>\n\n\n\n<p><strong>Vous pouvez nous contacter par t\u00e9l\u00e9phone <a href=\"tel:+49659792820\"> au +49 6597 92820<\/a>.<\/strong> <strong>Une inscription est n\u00e9cessaire.<\/strong><\/p>\n<\/div>\n<\/div>\n\n<hr class=\"wp-block-separator has-alpha-channel-opacity\"\/>\n\n<div class=\"wp-block-columns is-layout-flex wp-container-core-columns-is-layout-9d6595d7 wp-block-columns-is-layout-flex\">\n<div class=\"wp-block-column is-vertically-aligned-top is-layout-flow wp-block-column-is-layout-flow\" style=\"flex-basis:33%\">\n<figure class=\"wp-block-image size-full is-resized\"><img loading=\"lazy\" decoding=\"async\" width=\"300\" height=\"200\" src=\"https:\/\/www.muehlebirgel.de\/wp-content\/uploads\/2009\/04\/wandern.jpg\" alt=\"\" class=\"wp-image-180\" style=\"width:345px;height:auto\"\/><\/figure>\n<\/div>\n\n\n\n<div class=\"wp-block-column is-layout-flow wp-block-column-is-layout-flow\">\n<p>R\u00e9cemment achev\u00e9, l&rsquo;<a href=\"https:\/\/www.eifelsteig.de\/\">Eifelsteig<\/a> fait d\u00e9j\u00e0 partie des \u00ab\u00a0Top Trails of Germany\u00a0\u00bb. Entre Aix-la-Chapelle et Tr\u00e8ves, elle relie les plus belles parties de l&rsquo;Eifel sur une longueur de 300 km. De la ville imp\u00e9riale d&rsquo;Aix-la-Chapelle, il traverse les landes des Hautes Fagnes, la vall\u00e9e de la Rur avec ses r\u00e9servoirs, le parc national de l&rsquo;Eifel via le Vulkaneifel, le sud de l&rsquo;Eifel jusqu&rsquo;\u00e0 la plus ancienne ville d&rsquo;Allemagne, jusqu&rsquo;\u00e0 Tr\u00e8ves. De jolies petites villes le long du chemin comme Daun, Gerolstein, Manderscheid ou Hillesheim invitent \u00e0 la fl\u00e2nerie et \u00e0 la pause. Il y a un paysage vari\u00e9 avec de belles vues encore et encore, ainsi que des randonn\u00e9es \u00e0 travers des for\u00eats calmes et denses. Le chemin emprunte principalement des sentiers naturels et est tr\u00e8s bien balis\u00e9 pour qu&rsquo;il soit impossible de se perdre.<\/p>\n<\/div>\n<\/div>\n\n<hr class=\"wp-block-separator has-alpha-channel-opacity\"\/>\n\n<div class=\"wp-block-columns is-layout-flex wp-container-core-columns-is-layout-9d6595d7 wp-block-columns-is-layout-flex\">\n<div class=\"wp-block-column is-vertically-aligned-top is-layout-flow wp-block-column-is-layout-flow\" style=\"flex-basis:33%\">\n<figure class=\"wp-block-image size-full is-resized\"><img loading=\"lazy\" decoding=\"async\" width=\"300\" height=\"200\" src=\"https:\/\/www.muehlebirgel.de\/wp-content\/uploads\/2009\/04\/wanderschuhe.jpg\" alt=\"\" class=\"wp-image-239\" style=\"width:345px;height:auto\"\/><\/figure>\n<\/div>\n\n\n\n<div class=\"wp-block-column is-layout-flow wp-block-column-is-layout-flow\">\n<p>Vous pouvez r\u00e9server une <a href=\"https:\/\/www.muehlebirgel.de\/wandern-eifel.html\">randonn\u00e9e<\/a> sur l&rsquo;Eifelsteig sous forme de forfait ou vous pouvez opter pour des \u00e9tapes individuelles.<\/p>\n\n\n\n<p>L&rsquo;\u00e9tape longue de 25,5 km entre Mirbach et Hillesheim vous emm\u00e8ne en environ 6 heures \u00e0 travers une for\u00eat claire et des plateaux sur le terrain des carri\u00e8res de calcaire et \u00e0 travers de belles vall\u00e9es devant la cascade de Dreim\u00fchlen dans la vall\u00e9e d&rsquo;Ahbach. Le lendemain, il va \u00e0 20 km de la belle ville de Hillesheim avec un mur de la ville du 13\u00e8me si\u00e8cle et le mus\u00e9e du crime \u00e0 travers le Kylltal jusqu&rsquo;\u00e0 la ville thermale de Gerolstein avec les \u00ab\u00a0Gerolsteiner Dolomites\u00a0\u00bb.<\/p>\n<\/div>\n<\/div>\n\n<hr class=\"wp-block-separator has-alpha-channel-opacity\"\/>\n\n<div class=\"wp-block-columns is-layout-flex wp-container-core-columns-is-layout-9d6595d7 wp-block-columns-is-layout-flex\">\n<div class=\"wp-block-column is-vertically-aligned-top is-layout-flow wp-block-column-is-layout-flow\" style=\"flex-basis:33%\">\n<figure class=\"wp-block-image is-resized\"><img loading=\"lazy\" decoding=\"async\" width=\"300\" height=\"200\" src=\"https:\/\/www.muehlebirgel.de\/wp-content\/uploads\/2009\/04\/ferienhaeuser.jpg\" alt=\"Eifel Ferienhaueser\" class=\"wp-image-123\" style=\"width:345px;height:auto\"\/><\/figure>\n<\/div>\n\n\n\n<div class=\"wp-block-column is-layout-flow wp-block-column-is-layout-flow\">\n<p>Non loin de Hillesheim se trouve le Birgeler M\u00fchle. Notre <a href=\"https:\/\/www.muehlebirgel.de\/eifel-hotel.html\">h\u00f4tel Eifel<\/a> et notre <a href=\"https:\/\/www.muehlebirgel.de\/restaurant-eifel.html\">restaurant Eifel<\/a> sont install\u00e9s dans ce <a href=\"https:\/\/www.muehlebirgel.de\/historische-muehle.html\">moulin \u00e0 eau historique<\/a> . Nous exploitons \u00e9galement un <a href=\"https:\/\/www.muehlebirgel.de\/oelmuehle.html\">moulin \u00e0 huile<\/a> , un <a href=\"https:\/\/www.muehlebirgel.de\/senfmuehle.html\">moulin \u00e0 moutarde<\/a> et un <a href=\"https:\/\/www.muehlebirgel.de\/muehlen-baeckerei.html\">moulin \u00e0 pain<\/a> . Nous transformons les produits qui y sont fabriqu\u00e9s dans notre restaurant. En plus <a href=\"https:\/\/www.muehlebirgel.de\/eifel-hotel.html\">des chambres d&rsquo;h\u00f4tel<\/a> , nous proposons \u00e9galement <a href=\"https:\/\/www.muehlebirgel.de\/eifel-appartement.html\">des appartements \u00e0 colombages<\/a> . L&rsquo;un des temps forts de notre \u00e9tablissement est la<a href=\"https:\/\/www.muehlebirgel.de\/koelsche-muehlenabend\">\u00ab\u00a0soir\u00e9e des moulins de Cologne<\/a>\u00ab\u00a0. De plus, divers <a href=\"https:\/\/www.muehlebirgel.de\/termine-und-events-der-eifel.html\">rendez-vous et \u00e9v\u00e9nements<\/a> ont lieu encore et encore.<\/p>\n<\/div>\n<\/div>\n\n<p><\/p>\n","protected":false},"excerpt":{"rendered":"<p>Service de navette gratuit Eifelsteig Vous pouvez nous contacter par t\u00e9l\u00e9phone au +49 6597 92820. Une inscription est n\u00e9cessaire. R\u00e9cemment achev\u00e9, l&rsquo;Eifelsteig fait d\u00e9j\u00e0 partie des \u00ab\u00a0Top Trails of Germany\u00a0\u00bb. Entre Aix-la-Chapelle et Tr\u00e8ves, elle relie les plus belles parties de l&rsquo;Eifel sur une longueur de 300 km. De la ville imp\u00e9riale d&rsquo;Aix-la-Chapelle, il traverse [&hellip;]<\/p>\n","protected":false},"author":1,"featured_media":0,"parent":9709,"menu_order":17,"comment_status":"closed","ping_status":"closed","template":"","meta":{"footnotes":""},"class_list":["post-9800","page","type-page","status-publish","hentry"],"yoast_head":"<!-- This site is optimized with the Yoast SEO plugin v27.2 - https:\/\/yoast.com\/product\/yoast-seo-wordpress\/ -->\n<title>Eifelsteig - 300 km de randonn\u00e9e sur l&#039;Eifelsteig - Historische Wasserm\u00fchle Birgel<\/title>\n<meta name=\"robots\" content=\"index, follow, max-snippet:-1, max-image-preview:large, max-video-preview:-1\" \/>\n<link rel=\"canonical\" href=\"https:\/\/www.muehlebirgel.de\/fr\/eifelsteig-300-km-de-randonnee-sur-leifelsteig\" \/>\n<meta property=\"og:locale\" content=\"fr_FR\" \/>\n<meta property=\"og:type\" content=\"article\" \/>\n<meta property=\"og:title\" content=\"Eifelsteig - 300 km de randonn\u00e9e sur l&#039;Eifelsteig - Historische Wasserm\u00fchle Birgel\" \/>\n<meta property=\"og:description\" content=\"Service de navette gratuit Eifelsteig Vous pouvez nous contacter par t\u00e9l\u00e9phone au +49 6597 92820. Une inscription est n\u00e9cessaire. R\u00e9cemment achev\u00e9, l&rsquo;Eifelsteig fait d\u00e9j\u00e0 partie des \u00ab\u00a0Top Trails of Germany\u00a0\u00bb. Entre Aix-la-Chapelle et Tr\u00e8ves, elle relie les plus belles parties de l&rsquo;Eifel sur une longueur de 300 km. De la ville imp\u00e9riale d&rsquo;Aix-la-Chapelle, il traverse [&hellip;]\" \/>\n<meta property=\"og:url\" content=\"https:\/\/www.muehlebirgel.de\/fr\/eifelsteig-300-km-de-randonnee-sur-leifelsteig\/\" \/>\n<meta property=\"og:site_name\" content=\"Historische Wasserm\u00fchle Birgel\" \/>\n<meta property=\"article:modified_time\" content=\"2026-04-02T12:57:40+00:00\" \/>\n<meta property=\"og:image\" content=\"https:\/\/www.muehlebirgel.de\/wp-content\/uploads\/2009\/04\/muehlenhotel2.jpg\" \/>\n\t<meta property=\"og:image:width\" content=\"300\" \/>\n\t<meta property=\"og:image:height\" content=\"200\" \/>\n\t<meta property=\"og:image:type\" content=\"image\/jpeg\" \/>\n<meta name=\"twitter:card\" content=\"summary_large_image\" \/>\n<meta name=\"twitter:label1\" content=\"Dur\u00e9e de lecture estim\u00e9e\" \/>\n\t<meta name=\"twitter:data1\" content=\"2 minutes\" \/>\n<script type=\"application\/ld+json\" class=\"yoast-schema-graph\">{\"@context\":\"https:\/\/schema.org\",\"@graph\":[{\"@type\":\"WebPage\",\"@id\":\"https:\/\/www.muehlebirgel.de\/fr\/eifelsteig-300-km-de-randonnee-sur-leifelsteig\",\"url\":\"https:\/\/www.muehlebirgel.de\/fr\/eifelsteig-300-km-de-randonnee-sur-leifelsteig\",\"name\":\"Eifelsteig - 300 km de randonn\u00e9e sur l'Eifelsteig - Historische Wasserm\u00fchle Birgel\",\"isPartOf\":{\"@id\":\"https:\/\/www.muehlebirgel.de\/fr\/#website\"},\"primaryImageOfPage\":{\"@id\":\"https:\/\/www.muehlebirgel.de\/fr\/eifelsteig-300-km-de-randonnee-sur-leifelsteig#primaryimage\"},\"image\":{\"@id\":\"https:\/\/www.muehlebirgel.de\/fr\/eifelsteig-300-km-de-randonnee-sur-leifelsteig#primaryimage\"},\"thumbnailUrl\":\"https:\/\/www.muehlebirgel.de\/wp-content\/uploads\/2009\/04\/muehlenhotel2.jpg\",\"datePublished\":\"2021-12-10T14:58:48+00:00\",\"dateModified\":\"2026-04-02T12:57:40+00:00\",\"breadcrumb\":{\"@id\":\"https:\/\/www.muehlebirgel.de\/fr\/eifelsteig-300-km-de-randonnee-sur-leifelsteig#breadcrumb\"},\"inLanguage\":\"fr-FR\",\"potentialAction\":[{\"@type\":\"ReadAction\",\"target\":[\"https:\/\/www.muehlebirgel.de\/fr\/eifelsteig-300-km-de-randonnee-sur-leifelsteig\"]}]},{\"@type\":\"ImageObject\",\"inLanguage\":\"fr-FR\",\"@id\":\"https:\/\/www.muehlebirgel.de\/fr\/eifelsteig-300-km-de-randonnee-sur-leifelsteig#primaryimage\",\"url\":\"https:\/\/www.muehlebirgel.de\/wp-content\/uploads\/2009\/04\/muehlenhotel2.jpg\",\"contentUrl\":\"https:\/\/www.muehlebirgel.de\/wp-content\/uploads\/2009\/04\/muehlenhotel2.jpg\"},{\"@type\":\"BreadcrumbList\",\"@id\":\"https:\/\/www.muehlebirgel.de\/fr\/eifelsteig-300-km-de-randonnee-sur-leifelsteig#breadcrumb\",\"itemListElement\":[{\"@type\":\"ListItem\",\"position\":1,\"name\":\"Startseite\",\"item\":\"https:\/\/www.muehlebirgel.de\/fr\"},{\"@type\":\"ListItem\",\"position\":2,\"name\":\"H\u00e9bergement dans l&#8217;Eifel &#8211; R\u00e9server des vacances dans l&#8217;Eifel volcanique\",\"item\":\"https:\/\/www.muehlebirgel.de\/fr\/uebernachtungen-in-der-eifel\"},{\"@type\":\"ListItem\",\"position\":3,\"name\":\"H\u00f4tel dans l&#8217;Eifel &#8211; Chambres romantiques dans l&#8217;Eifel volcanique\",\"item\":\"https:\/\/www.muehlebirgel.de\/fr\/hotel-romantique-dans-leifel-moulin-a-eau-historique-de-birgel\"},{\"@type\":\"ListItem\",\"position\":4,\"name\":\"Eifelsteig &#8211; 300 km de randonn\u00e9e sur l&#8217;Eifelsteig\"}]},{\"@type\":\"WebSite\",\"@id\":\"https:\/\/www.muehlebirgel.de\/fr\/#website\",\"url\":\"https:\/\/www.muehlebirgel.de\/fr\/\",\"name\":\"Historische Wasserm\u00fchle Birgel\",\"description\":\"Willkommen im M\u00fchlen-Erlebniszentrum\",\"potentialAction\":[{\"@type\":\"SearchAction\",\"target\":{\"@type\":\"EntryPoint\",\"urlTemplate\":\"https:\/\/www.muehlebirgel.de\/fr\/?s={search_term_string}\"},\"query-input\":{\"@type\":\"PropertyValueSpecification\",\"valueRequired\":true,\"valueName\":\"search_term_string\"}}],\"inLanguage\":\"fr-FR\"}]}<\/script>\n<!-- \/ Yoast SEO plugin. -->","yoast_head_json":{"title":"Eifelsteig - 300 km de randonn\u00e9e sur l'Eifelsteig - Historische Wasserm\u00fchle Birgel","robots":{"index":"index","follow":"follow","max-snippet":"max-snippet:-1","max-image-preview":"max-image-preview:large","max-video-preview":"max-video-preview:-1"},"canonical":"https:\/\/www.muehlebirgel.de\/fr\/eifelsteig-300-km-de-randonnee-sur-leifelsteig","og_locale":"fr_FR","og_type":"article","og_title":"Eifelsteig - 300 km de randonn\u00e9e sur l'Eifelsteig - Historische Wasserm\u00fchle Birgel","og_description":"Service de navette gratuit Eifelsteig Vous pouvez nous contacter par t\u00e9l\u00e9phone au +49 6597 92820. Une inscription est n\u00e9cessaire. R\u00e9cemment achev\u00e9, l&rsquo;Eifelsteig fait d\u00e9j\u00e0 partie des \u00ab\u00a0Top Trails of Germany\u00a0\u00bb. Entre Aix-la-Chapelle et Tr\u00e8ves, elle relie les plus belles parties de l&rsquo;Eifel sur une longueur de 300 km. De la ville imp\u00e9riale d&rsquo;Aix-la-Chapelle, il traverse [&hellip;]","og_url":"https:\/\/www.muehlebirgel.de\/fr\/eifelsteig-300-km-de-randonnee-sur-leifelsteig\/","og_site_name":"Historische Wasserm\u00fchle Birgel","article_modified_time":"2026-04-02T12:57:40+00:00","og_image":[{"width":300,"height":200,"url":"https:\/\/www.muehlebirgel.de\/wp-content\/uploads\/2009\/04\/muehlenhotel2.jpg","type":"image\/jpeg"}],"twitter_card":"summary_large_image","twitter_misc":{"Dur\u00e9e de lecture estim\u00e9e":"2 minutes"},"schema":{"@context":"https:\/\/schema.org","@graph":[{"@type":"WebPage","@id":"https:\/\/www.muehlebirgel.de\/fr\/eifelsteig-300-km-de-randonnee-sur-leifelsteig","url":"https:\/\/www.muehlebirgel.de\/fr\/eifelsteig-300-km-de-randonnee-sur-leifelsteig","name":"Eifelsteig - 300 km de randonn\u00e9e sur l'Eifelsteig - Historische Wasserm\u00fchle Birgel","isPartOf":{"@id":"https:\/\/www.muehlebirgel.de\/fr\/#website"},"primaryImageOfPage":{"@id":"https:\/\/www.muehlebirgel.de\/fr\/eifelsteig-300-km-de-randonnee-sur-leifelsteig#primaryimage"},"image":{"@id":"https:\/\/www.muehlebirgel.de\/fr\/eifelsteig-300-km-de-randonnee-sur-leifelsteig#primaryimage"},"thumbnailUrl":"https:\/\/www.muehlebirgel.de\/wp-content\/uploads\/2009\/04\/muehlenhotel2.jpg","datePublished":"2021-12-10T14:58:48+00:00","dateModified":"2026-04-02T12:57:40+00:00","breadcrumb":{"@id":"https:\/\/www.muehlebirgel.de\/fr\/eifelsteig-300-km-de-randonnee-sur-leifelsteig#breadcrumb"},"inLanguage":"fr-FR","potentialAction":[{"@type":"ReadAction","target":["https:\/\/www.muehlebirgel.de\/fr\/eifelsteig-300-km-de-randonnee-sur-leifelsteig"]}]},{"@type":"ImageObject","inLanguage":"fr-FR","@id":"https:\/\/www.muehlebirgel.de\/fr\/eifelsteig-300-km-de-randonnee-sur-leifelsteig#primaryimage","url":"https:\/\/www.muehlebirgel.de\/wp-content\/uploads\/2009\/04\/muehlenhotel2.jpg","contentUrl":"https:\/\/www.muehlebirgel.de\/wp-content\/uploads\/2009\/04\/muehlenhotel2.jpg"},{"@type":"BreadcrumbList","@id":"https:\/\/www.muehlebirgel.de\/fr\/eifelsteig-300-km-de-randonnee-sur-leifelsteig#breadcrumb","itemListElement":[{"@type":"ListItem","position":1,"name":"Startseite","item":"https:\/\/www.muehlebirgel.de\/fr"},{"@type":"ListItem","position":2,"name":"H\u00e9bergement dans l&#8217;Eifel &#8211; R\u00e9server des vacances dans l&#8217;Eifel volcanique","item":"https:\/\/www.muehlebirgel.de\/fr\/uebernachtungen-in-der-eifel"},{"@type":"ListItem","position":3,"name":"H\u00f4tel dans l&#8217;Eifel &#8211; Chambres romantiques dans l&#8217;Eifel volcanique","item":"https:\/\/www.muehlebirgel.de\/fr\/hotel-romantique-dans-leifel-moulin-a-eau-historique-de-birgel"},{"@type":"ListItem","position":4,"name":"Eifelsteig &#8211; 300 km de randonn\u00e9e sur l&#8217;Eifelsteig"}]},{"@type":"WebSite","@id":"https:\/\/www.muehlebirgel.de\/fr\/#website","url":"https:\/\/www.muehlebirgel.de\/fr\/","name":"Historische Wasserm\u00fchle Birgel","description":"Willkommen im M\u00fchlen-Erlebniszentrum","potentialAction":[{"@type":"SearchAction","target":{"@type":"EntryPoint","urlTemplate":"https:\/\/www.muehlebirgel.de\/fr\/?s={search_term_string}"},"query-input":{"@type":"PropertyValueSpecification","valueRequired":true,"valueName":"search_term_string"}}],"inLanguage":"fr-FR"}]}},"_links":{"self":[{"href":"https:\/\/www.muehlebirgel.de\/fr\/wp-json\/wp\/v2\/pages\/9800","targetHints":{"allow":["GET"]}}],"collection":[{"href":"https:\/\/www.muehlebirgel.de\/fr\/wp-json\/wp\/v2\/pages"}],"about":[{"href":"https:\/\/www.muehlebirgel.de\/fr\/wp-json\/wp\/v2\/types\/page"}],"author":[{"embeddable":true,"href":"https:\/\/www.muehlebirgel.de\/fr\/wp-json\/wp\/v2\/users\/1"}],"replies":[{"embeddable":true,"href":"https:\/\/www.muehlebirgel.de\/fr\/wp-json\/wp\/v2\/comments?post=9800"}],"version-history":[{"count":18,"href":"https:\/\/www.muehlebirgel.de\/fr\/wp-json\/wp\/v2\/pages\/9800\/revisions"}],"predecessor-version":[{"id":64086,"href":"https:\/\/www.muehlebirgel.de\/fr\/wp-json\/wp\/v2\/pages\/9800\/revisions\/64086"}],"up":[{"embeddable":true,"href":"https:\/\/www.muehlebirgel.de\/fr\/wp-json\/wp\/v2\/pages\/9709"}],"wp:attachment":[{"href":"https:\/\/www.muehlebirgel.de\/fr\/wp-json\/wp\/v2\/media?parent=9800"}],"curies":[{"name":"wp","href":"https:\/\/api.w.org\/{rel}","templated":true}]}}