{"id":9857,"date":"2021-12-10T15:01:15","date_gmt":"2021-12-10T15:01:15","guid":{"rendered":"https:\/\/www.muehlebirgel.de\/lune-de-miel-dans-leifel\/"},"modified":"2023-03-28T14:43:45","modified_gmt":"2023-03-28T13:43:45","slug":"lune-de-miel-dans-lile","status":"publish","type":"page","link":"https:\/\/www.muehlebirgel.de\/fr\/lune-de-miel-dans-leifel","title":{"rendered":"Lune de miel dans l&rsquo;Eifel"},"content":{"rendered":"<div class=\"wp-block-image\">\n<figure class=\"alignleft\"><img loading=\"lazy\" decoding=\"async\" width=\"300\" height=\"200\" src=\"https:\/\/www.muehlebirgel.de\/wp-content\/uploads\/2009\/04\/ferienhaeuser.jpg\" alt=\"\" class=\"wp-image-123\"\/><\/figure><\/div>\n<p><strong>Apr\u00e8s votre mariage, passez votre lune de miel ou votre lune de miel dans le confortable h\u00f4tel de l&rsquo;Eifel.<\/strong><\/p>\n\n<p>Et profitez de sept jours de vacances dans la paisible r\u00e9gion de l&rsquo;Eifel, dans des maisons historiques \u00e0 colombages au charme d&rsquo;antan. Le concept global du moulin offre un habitat romantique, de la bonne nourriture et des boissons. Une \u00e9quipe du moulin souriante et \u00e0 l&rsquo;\u00e9coute compl\u00e8te le moment avec nous dans une ambiance feutr\u00e9e. Une visite du quartier des moulins est obligatoire pour voir les anciens moulins en fonctionnement.<\/p>\n\n<hr class=\"wp-block-separator has-alpha-channel-opacity\"\/>\n<div class=\"wp-block-image\">\n<figure class=\"alignleft\"><img loading=\"lazy\" decoding=\"async\" width=\"300\" height=\"200\" src=\"https:\/\/www.muehlebirgel.de\/wp-content\/uploads\/2010\/04\/romantik-paar.jpg\" alt=\"Romantik Paar\" class=\"wp-image-378\"\/><\/figure><\/div>\n<p>L&rsquo;h\u00f4tel du moulin romantique est con\u00e7u avec une grande attention aux d\u00e9tails et refl\u00e8te l&rsquo;id\u00e9alisme du patron du moulin. L&rsquo;h\u00f4tel dispose de 8 chambres et est \u00e9quip\u00e9 de salles de bains design et de meubles anciens. Le complexe h\u00f4telier romantique, compos\u00e9 de maisons \u00e0 colombages \u00e2g\u00e9es de 280 \u00e0 380 ans, conf\u00e8re au week-end romantique un charme particulier.<\/p>\n\n<hr class=\"wp-block-separator has-alpha-channel-opacity\"\/>\n<div class=\"wp-block-image\">\n<figure class=\"alignleft\"><img loading=\"lazy\" decoding=\"async\" width=\"300\" height=\"200\" src=\"https:\/\/www.muehlebirgel.de\/wp-content\/uploads\/2009\/04\/paar-bett.jpg\" alt=\"\" class=\"wp-image-121\"\/><\/figure><\/div>\n<p>Dans les maisons \u00e0 colombages restaur\u00e9es par le chef meunier Erwin vd M\u00fchle et son \u00e9quipe de moulin, la romance et l&rsquo;amour qui va avec ne connaissent pas de limites.<\/p>\n\n<p><strong>Les services suivants sont inclus dans le prix :<\/strong><\/p>\n\n<ul class=\"wp-block-list\">\n<li>6 x nuits pour 2 personnes en chambre double<\/li>\n\n\n\n<li>2 x liqueurs de bienvenue<\/li>\n\n\n\n<li>6 x petit-d\u00e9jeuner buffet pour 2 personnes<\/li>\n\n\n\n<li>6 x menu du soir \u00e0 4 plats au choix<\/li>\n\n\n\n<li>1 x visite du moulin pour 2 personnes<\/li>\n\n\n\n<li>1 x place de parking gratuite<\/li>\n<\/ul>\n\n<hr class=\"wp-block-separator has-alpha-channel-opacity\"\/>\n<div class=\"wp-block-image\">\n<figure class=\"alignleft\"><img loading=\"lazy\" decoding=\"async\" width=\"300\" height=\"198\" src=\"https:\/\/www.muehlebirgel.de\/wp-content\/uploads\/2009\/11\/Landschaft.jpg\" alt=\"\" class=\"wp-image-289\"\/><\/figure><\/div>\n<p><strong>Un jour<\/strong><\/p>\n\n<p>Profitez du magnifique paysage de l&rsquo;Eifel \u00e0 votre arriv\u00e9e. Arriv\u00e9s sur le site du moulin, nous vous accueillons chaleureusement, vous expliquons le d\u00e9roulement de la visite et vous accompagnons jusqu&rsquo;\u00e0 votre chambre. Un verre de bienvenue de notre distillerie vous attend ici. Vous s\u00e9journez dans une chambre spacieuse \u00e0 l&rsquo;int\u00e9rieur cosy et rustique. Le soir, vous serez choy\u00e9 par notre chef avec un menu \u00e0 4 plats dans le \u00ab\u00a0Wirtshaus zum S\u00e4gewerk\u00a0\u00bb.<\/p>\n\n<hr class=\"wp-block-separator has-alpha-channel-opacity\"\/>\n<div class=\"wp-block-image\">\n<figure class=\"alignleft\"><img loading=\"lazy\" decoding=\"async\" width=\"300\" height=\"200\" src=\"https:\/\/www.muehlebirgel.de\/wp-content\/uploads\/2010\/04\/Historische_Muehlentafel182.jpg\" alt=\"\" class=\"wp-image-379\"\/><\/figure><\/div>\n<p><strong>2 jours<\/strong><\/p>\n\n<p>La journ\u00e9e commence par un copieux petit-d\u00e9jeuner buffet. Nos pains, saucisses, fromages, confitures, plats d&rsquo;\u0153ufs, yaourts, fromage blanc et muesli faits maison vous donneront la vitalit\u00e9 et la force dont vous avez besoin pour toute la journ\u00e9e. Vivez une visite guid\u00e9e inoubliable \u00e0 travers la zone unique du moulin le premier jour. Profitez de l&rsquo;apr\u00e8s-midi pour explorer les environs de Birgel \u00e0 pied. Le soir, vous serez \u00e0 nouveau g\u00e2t\u00e9 avec un menu \u00e0 4 plats.<\/p>\n\n<hr class=\"wp-block-separator has-alpha-channel-opacity\"\/>\n<div class=\"wp-block-image\">\n<figure class=\"alignleft\"><img loading=\"lazy\" decoding=\"async\" width=\"300\" height=\"200\" src=\"https:\/\/www.muehlebirgel.de\/wp-content\/uploads\/2009\/04\/hochzeitstorte.jpg\" alt=\"\" class=\"wp-image-173\"\/><\/figure><\/div>\n<p><strong>3\u00e8me jour<\/strong><\/p>\n\n<p>Le matin, le copieux petit-d\u00e9jeuner buffet vous attend \u00e0 nouveau. Ensuite, nous vous recommandons une visite des maars et du mus\u00e9e du volcan de Daun, o\u00f9 vous pourrez d\u00e9couvrir le paysage et comment il a \u00e9t\u00e9 cr\u00e9\u00e9. Notre chef a h\u00e2te de vous chouchouter \u00e0 nouveau avec un menu \u00e0 4 plats aujourd&rsquo;hui.<\/p>\n\n<p><strong>4\u00e8me jour<\/strong><\/p>\n\n<p>L&rsquo;envie de petit-d\u00e9jeuner vous permet de voir la lumi\u00e8re du soleil, joyeux et avec de joyeuses attentes pour la journ\u00e9e. La journ\u00e9e est id\u00e9ale pour d\u00e9couvrir notre r\u00e9seau de pistes cyclables. On traverse des champs et des prairies, des for\u00eats et des montagnes. S&rsquo;arr\u00eater en chemin ou d\u00e9guster au retour au moulin notre g\u00e2teau fait maison donnent au corps son \u00e9quilibre. Et voil\u00e0 que le d\u00eener vous attend \u00e0 nouveau.<\/p>\n\n<hr class=\"wp-block-separator has-alpha-channel-opacity\"\/>\n<div class=\"wp-block-image\">\n<figure class=\"alignleft\"><img loading=\"lazy\" decoding=\"async\" width=\"300\" height=\"200\" src=\"https:\/\/www.muehlebirgel.de\/wp-content\/uploads\/2009\/04\/Kuechenchef_Spohr.jpg\" alt=\"\" class=\"wp-image-119\"\/><\/figure><\/div>\n<p><strong>5\u00e8me jour<\/strong><\/p>\n\n<p>Pour se r\u00e9veiller, bien s\u00fbr, cette matin\u00e9e commence aussi par notre petit-d\u00e9jeuner buffet. Aujourd&rsquo;hui est une visite de la ville, z. B. en train jusqu&rsquo;\u00e0 Cologne ou Tr\u00e8ves, en voiture jusqu&rsquo;\u00e0 Aix-la-Chapelle ou Luxembourg. Nous vous donnons les bonnes adresses, celles qui correspondent \u00e0 la ville que vous souhaitez visiter. La journ\u00e9e se termine \u00e0 nouveau dans notre taverne avec le menu obligatoire \u00e0 4 plats et peut-\u00eatre un verre de vin ou de bi\u00e8re.<\/p>\n\n<hr class=\"wp-block-separator has-alpha-channel-opacity\"\/>\n<div class=\"wp-block-image\">\n<figure class=\"alignleft\"><img loading=\"lazy\" decoding=\"async\" width=\"300\" height=\"190\" src=\"https:\/\/www.muehlebirgel.de\/wp-content\/uploads\/2009\/11\/ring.jpg\" alt=\"\" class=\"wp-image-300\"\/><\/figure><\/div>\n<p><strong>6\u00e8me jour<\/strong><\/p>\n\n<p>Comme chaque matin, vous attendez avec impatience le d\u00e9licieux petit-d\u00e9jeuner buffet. Le N\u00fcrburgring &#8211; mondialement connu et probablement le plus grand monument de notre Eifel &#8211; est au programme aujourd&rsquo;hui. Que ce soit dans le mus\u00e9e ou sur l&rsquo;hippodrome vous-m\u00eame, ce sera une exp\u00e9rience dans une classe \u00e0 part. Vous reprenez le chemin du retour par la belle vall\u00e9e de l&rsquo;Ahr et \u00eates de bonne humeur \u00e0 votre retour au moulin. Il \u00e9tait d\u00e9j\u00e0 \u00e9vident sur le chemin que la joie du d\u00eener est \u00e0 nouveau grande.<\/p>\n\n<hr class=\"wp-block-separator has-alpha-channel-opacity\"\/>\n<div class=\"wp-block-image\">\n<figure class=\"alignleft\"><img loading=\"lazy\" decoding=\"async\" width=\"300\" height=\"213\" src=\"https:\/\/www.muehlebirgel.de\/wp-content\/uploads\/2009\/11\/wilddaun.jpg\" alt=\"\" class=\"wp-image-301\"\/><\/figure><\/div>\n<p><strong>7\u00e8me jour<\/strong><\/p>\n\n<p>L&rsquo;envie de petit-d\u00e9jeuner ne s&rsquo;arr\u00eate pas. Maintenant, les jours viennent o\u00f9 vous devriez profiter de votre propre discr\u00e9tion et de votre humeur. Nos id\u00e9es \u00e0 ce sujet ne devraient \u00eatre que quelques suggestions et conseils :<\/p>\n\n<ul class=\"wp-block-list\">\n<li>En route pour la Moselle<\/li>\n\n\n\n<li>Visite d&rsquo;un zoo<\/li>\n\n\n\n<li>Visite de la ville<\/li>\n\n\n\n<li>Randonn\u00e9es, balades \u00e0 v\u00e9lo<\/li>\n\n\n\n<li>et bien d&rsquo;autres choses encore.<\/li>\n<\/ul>\n\n<hr class=\"wp-block-separator has-alpha-channel-opacity\"\/>\n\n<p>Nous avons une carte de loisirs \u00e0 votre disposition tous les jours. Cette offre co\u00fbte :<\/p>\n\n<figure class=\"wp-block-table\"><table><tbody><tr><td><strong>3 jours en demi-pension<\/strong><\/td><\/tr><tr><td>Donc. &#8211; Fr. en chambre double<\/td><td>\u00e0 partir de 179,00 \u20ac par personne<\/td><\/tr><tr><td>dans la suite de l&rsquo;h\u00f4tel<\/td><td>\u00e0 partir de 199,00 \u20ac par personne<\/td><\/tr><\/tbody><\/table><\/figure>\n<figure class=\"wp-block-table\"><table><tbody><tr><td><strong>5 jours en demi-pension<\/strong><\/td><\/tr><tr><td>Donc. &#8211; Fr. en chambre double<\/td><td>\u00e0 partir de 289,00 \u20ac par personne<\/td><\/tr><tr><td>dans la suite de l&rsquo;h\u00f4tel<\/td><td>\u00e0 partir de 329,00 \u20ac par personne<\/td><\/tr><\/tbody><\/table><\/figure>\n<figure class=\"wp-block-table\"><table><tbody><tr><td><strong>7 jours en demi-pension<\/strong><\/td><\/tr><tr><td>Arriv\u00e9e quotidienne en chambre double<\/td><td>\u00e0 partir de 399,00 \u20ac par personne<\/td><\/tr><tr><td>dans la suite de l&rsquo;h\u00f4tel<\/td><td>\u00e0 partir de 459,00 \u20ac pP<\/td><\/tr><\/tbody><\/table><\/figure>\n<p><strong>Nous nous r\u00e9jouissons de votre demande au T\u00e9l. : 06597\/92820 ou via notre <a href=\"https:\/\/www.muehlebirgel.de\/fr\/contacter\">formulaire de contact<\/a> !<\/strong><\/p>\n","protected":false},"excerpt":{"rendered":"<p>Apr\u00e8s votre mariage, passez votre lune de miel ou votre lune de miel dans le confortable h\u00f4tel de l&rsquo;Eifel. Et profitez de sept jours de vacances dans la paisible r\u00e9gion de l&rsquo;Eifel, dans des maisons historiques \u00e0 colombages au charme d&rsquo;antan. Le concept global du moulin offre un habitat romantique, de la bonne nourriture et [&hellip;]<\/p>\n","protected":false},"author":1,"featured_media":0,"parent":9864,"menu_order":14,"comment_status":"closed","ping_status":"closed","template":"","meta":{"footnotes":""},"class_list":["post-9857","page","type-page","status-publish","hentry"],"yoast_head":"<!-- This site is optimized with the Yoast SEO plugin v27.2 - https:\/\/yoast.com\/product\/yoast-seo-wordpress\/ -->\n<title>Lune de miel dans l&#039;Eifel - Historische Wasserm\u00fchle Birgel<\/title>\n<meta name=\"robots\" content=\"index, follow, max-snippet:-1, max-image-preview:large, max-video-preview:-1\" \/>\n<link rel=\"canonical\" href=\"https:\/\/www.muehlebirgel.de\/fr\/lune-de-miel-dans-leifel\" \/>\n<meta property=\"og:locale\" content=\"fr_FR\" \/>\n<meta property=\"og:type\" content=\"article\" \/>\n<meta property=\"og:title\" content=\"Lune de miel dans l&#039;Eifel - Historische Wasserm\u00fchle Birgel\" \/>\n<meta property=\"og:description\" content=\"Apr\u00e8s votre mariage, passez votre lune de miel ou votre lune de miel dans le confortable h\u00f4tel de l&rsquo;Eifel. Et profitez de sept jours de vacances dans la paisible r\u00e9gion de l&rsquo;Eifel, dans des maisons historiques \u00e0 colombages au charme d&rsquo;antan. Le concept global du moulin offre un habitat romantique, de la bonne nourriture et [&hellip;]\" \/>\n<meta property=\"og:url\" content=\"https:\/\/www.muehlebirgel.de\/fr\/lune-de-miel-dans-leifel\/\" \/>\n<meta property=\"og:site_name\" content=\"Historische Wasserm\u00fchle Birgel\" \/>\n<meta property=\"article:modified_time\" content=\"2023-03-28T13:43:45+00:00\" \/>\n<meta property=\"og:image\" content=\"https:\/\/www.muehlebirgel.de\/wp-content\/uploads\/2009\/04\/ferienhaeuser.jpg\" \/>\n<meta name=\"twitter:card\" content=\"summary_large_image\" \/>\n<meta name=\"twitter:label1\" content=\"Dur\u00e9e de lecture estim\u00e9e\" \/>\n\t<meta name=\"twitter:data1\" content=\"4 minutes\" \/>\n<script type=\"application\/ld+json\" class=\"yoast-schema-graph\">{\"@context\":\"https:\/\/schema.org\",\"@graph\":[{\"@type\":\"WebPage\",\"@id\":\"https:\/\/www.muehlebirgel.de\/fr\/lune-de-miel-dans-leifel\",\"url\":\"https:\/\/www.muehlebirgel.de\/fr\/lune-de-miel-dans-leifel\",\"name\":\"Lune de miel dans l'Eifel - Historische Wasserm\u00fchle Birgel\",\"isPartOf\":{\"@id\":\"https:\/\/www.muehlebirgel.de\/fr\/#website\"},\"primaryImageOfPage\":{\"@id\":\"https:\/\/www.muehlebirgel.de\/fr\/lune-de-miel-dans-leifel#primaryimage\"},\"image\":{\"@id\":\"https:\/\/www.muehlebirgel.de\/fr\/lune-de-miel-dans-leifel#primaryimage\"},\"thumbnailUrl\":\"https:\/\/www.muehlebirgel.de\/wp-content\/uploads\/2009\/04\/ferienhaeuser.jpg\",\"datePublished\":\"2021-12-10T15:01:15+00:00\",\"dateModified\":\"2023-03-28T13:43:45+00:00\",\"breadcrumb\":{\"@id\":\"https:\/\/www.muehlebirgel.de\/fr\/lune-de-miel-dans-leifel#breadcrumb\"},\"inLanguage\":\"fr-FR\",\"potentialAction\":[{\"@type\":\"ReadAction\",\"target\":[\"https:\/\/www.muehlebirgel.de\/fr\/lune-de-miel-dans-leifel\"]}]},{\"@type\":\"ImageObject\",\"inLanguage\":\"fr-FR\",\"@id\":\"https:\/\/www.muehlebirgel.de\/fr\/lune-de-miel-dans-leifel#primaryimage\",\"url\":\"https:\/\/www.muehlebirgel.de\/wp-content\/uploads\/2009\/04\/ferienhaeuser.jpg\",\"contentUrl\":\"https:\/\/www.muehlebirgel.de\/wp-content\/uploads\/2009\/04\/ferienhaeuser.jpg\"},{\"@type\":\"BreadcrumbList\",\"@id\":\"https:\/\/www.muehlebirgel.de\/fr\/lune-de-miel-dans-leifel#breadcrumb\",\"itemListElement\":[{\"@type\":\"ListItem\",\"position\":1,\"name\":\"Startseite\",\"item\":\"https:\/\/www.muehlebirgel.de\/fr\"},{\"@type\":\"ListItem\",\"position\":2,\"name\":\"C\u00e9l\u00e9brez votre mariage dans l&#8217;Eifel\",\"item\":\"https:\/\/www.muehlebirgel.de\/fr\/celebrez-votre-mariage-dans-leifel\"},{\"@type\":\"ListItem\",\"position\":3,\"name\":\"T\u00e9moignages de mariage du Moulin \u00e0 eau historique\",\"item\":\"https:\/\/www.muehlebirgel.de\/fr\/rapports-de-mariage-du-moulin-a-eau\"},{\"@type\":\"ListItem\",\"position\":4,\"name\":\"Lune de miel dans l&#8217;Eifel\"}]},{\"@type\":\"WebSite\",\"@id\":\"https:\/\/www.muehlebirgel.de\/fr\/#website\",\"url\":\"https:\/\/www.muehlebirgel.de\/fr\/\",\"name\":\"Historische Wasserm\u00fchle Birgel\",\"description\":\"Willkommen im M\u00fchlen-Erlebniszentrum\",\"potentialAction\":[{\"@type\":\"SearchAction\",\"target\":{\"@type\":\"EntryPoint\",\"urlTemplate\":\"https:\/\/www.muehlebirgel.de\/fr\/?s={search_term_string}\"},\"query-input\":{\"@type\":\"PropertyValueSpecification\",\"valueRequired\":true,\"valueName\":\"search_term_string\"}}],\"inLanguage\":\"fr-FR\"}]}<\/script>\n<!-- \/ Yoast SEO plugin. -->","yoast_head_json":{"title":"Lune de miel dans l'Eifel - Historische Wasserm\u00fchle Birgel","robots":{"index":"index","follow":"follow","max-snippet":"max-snippet:-1","max-image-preview":"max-image-preview:large","max-video-preview":"max-video-preview:-1"},"canonical":"https:\/\/www.muehlebirgel.de\/fr\/lune-de-miel-dans-leifel","og_locale":"fr_FR","og_type":"article","og_title":"Lune de miel dans l'Eifel - Historische Wasserm\u00fchle Birgel","og_description":"Apr\u00e8s votre mariage, passez votre lune de miel ou votre lune de miel dans le confortable h\u00f4tel de l&rsquo;Eifel. Et profitez de sept jours de vacances dans la paisible r\u00e9gion de l&rsquo;Eifel, dans des maisons historiques \u00e0 colombages au charme d&rsquo;antan. Le concept global du moulin offre un habitat romantique, de la bonne nourriture et [&hellip;]","og_url":"https:\/\/www.muehlebirgel.de\/fr\/lune-de-miel-dans-leifel\/","og_site_name":"Historische Wasserm\u00fchle Birgel","article_modified_time":"2023-03-28T13:43:45+00:00","og_image":[{"url":"https:\/\/www.muehlebirgel.de\/wp-content\/uploads\/2009\/04\/ferienhaeuser.jpg","type":"","width":"","height":""}],"twitter_card":"summary_large_image","twitter_misc":{"Dur\u00e9e de lecture estim\u00e9e":"4 minutes"},"schema":{"@context":"https:\/\/schema.org","@graph":[{"@type":"WebPage","@id":"https:\/\/www.muehlebirgel.de\/fr\/lune-de-miel-dans-leifel","url":"https:\/\/www.muehlebirgel.de\/fr\/lune-de-miel-dans-leifel","name":"Lune de miel dans l'Eifel - Historische Wasserm\u00fchle Birgel","isPartOf":{"@id":"https:\/\/www.muehlebirgel.de\/fr\/#website"},"primaryImageOfPage":{"@id":"https:\/\/www.muehlebirgel.de\/fr\/lune-de-miel-dans-leifel#primaryimage"},"image":{"@id":"https:\/\/www.muehlebirgel.de\/fr\/lune-de-miel-dans-leifel#primaryimage"},"thumbnailUrl":"https:\/\/www.muehlebirgel.de\/wp-content\/uploads\/2009\/04\/ferienhaeuser.jpg","datePublished":"2021-12-10T15:01:15+00:00","dateModified":"2023-03-28T13:43:45+00:00","breadcrumb":{"@id":"https:\/\/www.muehlebirgel.de\/fr\/lune-de-miel-dans-leifel#breadcrumb"},"inLanguage":"fr-FR","potentialAction":[{"@type":"ReadAction","target":["https:\/\/www.muehlebirgel.de\/fr\/lune-de-miel-dans-leifel"]}]},{"@type":"ImageObject","inLanguage":"fr-FR","@id":"https:\/\/www.muehlebirgel.de\/fr\/lune-de-miel-dans-leifel#primaryimage","url":"https:\/\/www.muehlebirgel.de\/wp-content\/uploads\/2009\/04\/ferienhaeuser.jpg","contentUrl":"https:\/\/www.muehlebirgel.de\/wp-content\/uploads\/2009\/04\/ferienhaeuser.jpg"},{"@type":"BreadcrumbList","@id":"https:\/\/www.muehlebirgel.de\/fr\/lune-de-miel-dans-leifel#breadcrumb","itemListElement":[{"@type":"ListItem","position":1,"name":"Startseite","item":"https:\/\/www.muehlebirgel.de\/fr"},{"@type":"ListItem","position":2,"name":"C\u00e9l\u00e9brez votre mariage dans l&#8217;Eifel","item":"https:\/\/www.muehlebirgel.de\/fr\/celebrez-votre-mariage-dans-leifel"},{"@type":"ListItem","position":3,"name":"T\u00e9moignages de mariage du Moulin \u00e0 eau historique","item":"https:\/\/www.muehlebirgel.de\/fr\/rapports-de-mariage-du-moulin-a-eau"},{"@type":"ListItem","position":4,"name":"Lune de miel dans l&#8217;Eifel"}]},{"@type":"WebSite","@id":"https:\/\/www.muehlebirgel.de\/fr\/#website","url":"https:\/\/www.muehlebirgel.de\/fr\/","name":"Historische Wasserm\u00fchle Birgel","description":"Willkommen im M\u00fchlen-Erlebniszentrum","potentialAction":[{"@type":"SearchAction","target":{"@type":"EntryPoint","urlTemplate":"https:\/\/www.muehlebirgel.de\/fr\/?s={search_term_string}"},"query-input":{"@type":"PropertyValueSpecification","valueRequired":true,"valueName":"search_term_string"}}],"inLanguage":"fr-FR"}]}},"_links":{"self":[{"href":"https:\/\/www.muehlebirgel.de\/fr\/wp-json\/wp\/v2\/pages\/9857","targetHints":{"allow":["GET"]}}],"collection":[{"href":"https:\/\/www.muehlebirgel.de\/fr\/wp-json\/wp\/v2\/pages"}],"about":[{"href":"https:\/\/www.muehlebirgel.de\/fr\/wp-json\/wp\/v2\/types\/page"}],"author":[{"embeddable":true,"href":"https:\/\/www.muehlebirgel.de\/fr\/wp-json\/wp\/v2\/users\/1"}],"replies":[{"embeddable":true,"href":"https:\/\/www.muehlebirgel.de\/fr\/wp-json\/wp\/v2\/comments?post=9857"}],"version-history":[{"count":2,"href":"https:\/\/www.muehlebirgel.de\/fr\/wp-json\/wp\/v2\/pages\/9857\/revisions"}],"predecessor-version":[{"id":25481,"href":"https:\/\/www.muehlebirgel.de\/fr\/wp-json\/wp\/v2\/pages\/9857\/revisions\/25481"}],"up":[{"embeddable":true,"href":"https:\/\/www.muehlebirgel.de\/fr\/wp-json\/wp\/v2\/pages\/9864"}],"wp:attachment":[{"href":"https:\/\/www.muehlebirgel.de\/fr\/wp-json\/wp\/v2\/media?parent=9857"}],"curies":[{"name":"wp","href":"https:\/\/api.w.org\/{rel}","templated":true}]}}