{"id":9905,"date":"2021-12-10T15:02:21","date_gmt":"2021-12-10T15:02:21","guid":{"rendered":"https:\/\/www.muehlebirgel.de\/celebrez-votre-mariage-dans-leifel\/rapports-de-mariage-du-moulin-a-eau\/le-mariage-champetre-de-doris-alexander\/"},"modified":"2021-12-10T15:02:21","modified_gmt":"2021-12-10T15:02:21","slug":"le-mariage-champetre-de-doris-alexander","status":"publish","type":"page","link":"https:\/\/www.muehlebirgel.de\/fr\/le-mariage-champetre-de-doris-alexander","title":{"rendered":"Le mariage champ\u00eatre de Doris &amp; Alexander"},"content":{"rendered":"<div class=\"bilderklein\"><strong><img decoding=\"async\" class=\" size-full wp-image-408\" width=\"300\" alt=\"Kuschelhochzeit\" src=\"https:\/\/www.muehlebirgel.de\/wp-content\/uploads\/2010\/09\/IMG_8732.jpg\"><\/p>\n<p>\n<img decoding=\"async\" class=\" size-full wp-image-409\" width=\"300\" alt=\"Landhochzeit in Birgel Eifel\" src=\"https:\/\/www.muehlebirgel.de\/wp-content\/uploads\/2010\/09\/IMG_8658.jpg\"><\/p>\n<p>\n<\/strong><strong><img decoding=\"async\" class=\" size-full wp-image-410\" width=\"300\" alt=\"Landhochzeit in Birgel Eifel\" src=\"https:\/\/www.muehlebirgel.de\/wp-content\/uploads\/2010\/09\/IMG_8767.jpg\"><\/strong><strong><\/p>\n<p><img decoding=\"async\" class=\" size-full wp-image-411\" width=\"300\" alt=\"romantische Hochzeit Eifel\" src=\"https:\/\/www.muehlebirgel.de\/wp-content\/uploads\/2010\/09\/Brautpaar_Erwin_IMG_4535.jpg\"><br \/>\n&nbsp; <br \/>\n<img decoding=\"async\" class=\" size-full wp-image-412\" width=\"300\" alt=\"Landhochzeit in Birgel Eifel\" src=\"https:\/\/www.muehlebirgel.de\/wp-content\/uploads\/2010\/09\/Hochzeitskuchen.jpg\"><\/p>\n<p><img decoding=\"async\" class=\" size-full wp-image-413\" width=\"300\" alt=\"Landhochzeit in Birgel Eifel\" src=\"https:\/\/www.muehlebirgel.de\/wp-content\/uploads\/2010\/09\/Tanzende_Junge-Damen-IMG_4504.jpg\"><\/p>\n<p><img decoding=\"async\" class=\" size-full wp-image-414\" width=\"300\" alt=\"romantische Hochzeit Eifel\" src=\"https:\/\/www.muehlebirgel.de\/wp-content\/uploads\/2010\/09\/Brautpaar_Bank_IMG_8789.jpg\"><br \/>\n&nbsp; <br \/>\n<img decoding=\"async\" class=\" size-full wp-image-415\" width=\"300\" alt=\"Landhochzeit in Birgel Eifel\" src=\"https:\/\/www.muehlebirgel.de\/wp-content\/uploads\/2010\/09\/Standesamt_2_IMG_8576.jpg\"><\/p>\n<p><img decoding=\"async\" class=\" size-full wp-image-416\" width=\"300\" alt=\"Landhochzeit in Birgel Eifel\" src=\"https:\/\/www.muehlebirgel.de\/wp-content\/uploads\/2010\/09\/Erwin_Team_IMG_4349.jpg\"><\/p>\n<p>\n<img decoding=\"async\" class=\" size-full wp-image-417\" width=\"300\" alt=\"romantische Hochzeit Eifel\" src=\"https:\/\/www.muehlebirgel.de\/wp-content\/uploads\/2010\/09\/Am_Bach_IMG_8727.jpg\"><\/p>\n<p>&nbsp; <br \/>\n<img decoding=\"async\" class=\" size-full wp-image-418\" width=\"300\" alt=\"Landhochzeit in Birgel Eifel\" src=\"https:\/\/www.muehlebirgel.de\/wp-content\/uploads\/2010\/09\/Empfang_Brautpaar_IMG_8693.jpg\"><\/p>\n<p><\/strong><\/div>\n<div class=\"textklein\">\u00c0 la mi-janvier 2010, nous avons inform\u00e9 nos parents que nous allions nous marier en mai, le 15 mai. C&rsquo;est ce jour-l\u00e0 il y a 11 ans que nous nous sommes rencontr\u00e9s et avons fait connaissance. Ma m\u00e8re Ute a alors demand\u00e9 : Savez-vous d\u00e9j\u00e0 o\u00f9 vous voulez vous marier ?<br \/>\nR\u00e9ponse : \u00e0 Cologne. Question : Et o\u00f9 \u00e0 Cologne ? R\u00e9ponse : Nous ne savons pas.<\/p>\n<p>Avez-vous d\u00e9j\u00e0 pens\u00e9 au Birgeler M\u00fchle ?, a demand\u00e9 Ute. Non, nous ne savons pas, bien que les parents d&rsquo;Alexandre vivent \u00e0 Lissendorf et grand-m\u00e8re et grand-p\u00e8re \u00e0 Niederehe. Jetez ensuite un coup d&rsquo;\u0153il au moulin lors de votre prochaine visite pour voir s&rsquo;il conviendrait \u00e0 votre c\u00e9l\u00e9bration de mariage.<\/p>\n<p>Dit et fait.<\/p>\n<p>Ute avait pr\u00e9c\u00e9demment demand\u00e9 au moulin si un mariage pouvait avoir lieu le 15 mai \u2013 un samedi \u2013 et si aucune c\u00e9l\u00e9bration n&rsquo;avait \u00e9t\u00e9 r\u00e9serv\u00e9e ce jour-l\u00e0. Mme Reetz a imm\u00e9diatement signal\u00e9 et dit que la salle de mariage \u00e9tait toujours libre et que vous devriez contacter le greffier. <\/p>\n<p>Le 16 janvier, nous avons rendu visite aux grands-parents \u00e0 Niederehe puis nous avons visit\u00e9 le moulin avec nos parents pour avoir une id\u00e9e de l&#8217;emplacement. Mme Meyer nous a montr\u00e9 la salle de bal, le bureau d&rsquo;enregistrement et le moulin. <\/p>\n<p>Nous avons tous \u00e9t\u00e9 tr\u00e8s impressionn\u00e9s par l&rsquo;ambiance rustique. Une semaine plus tard, le 23 janvier. nous avons rencontr\u00e9 Erwin pour une premi\u00e8re conversation. Il avait pris beaucoup de temps et nous avait parl\u00e9 des mariages qui avaient eu lieu dans le moulin jusqu&rsquo;\u00e0 pr\u00e9sent. <br \/>\nErwin nous a fait une offre, que nous avons accept\u00e9e tranquillement chez nous. <\/p>\n<p>Nous ne pouvions pas sortir l&rsquo;ambiance rustique de nos t\u00eates. Le facteur d\u00e9cisif \u00e9tait alors mon souhait de me marier en tant que fille de l&rsquo;Eifel dans l&rsquo;Eifel et non \u00e0 Cologne.<\/p>\n<p>Erwin nous a alors sugg\u00e9r\u00e9 de faire un \u00ab\u00a0d\u00eener test\u00a0\u00bb ensemble dans le moulin et de choisir et d\u00e9terminer ce qui doit \u00eatre servi comme menu le jour du mariage. Nous avions d&rsquo;abord pens\u00e9 \u00e0 un buffet, mais Erwin nous a convaincus qu&rsquo;un menu serait plus appropri\u00e9 pour une telle occasion. R\u00e9trospectivement, nous ne pouvons que le confirmer. C&rsquo;\u00e9tait la bonne d\u00e9cision. <\/p>\n<p>Le 28 f\u00e9vrier, nous nous \u00e9tions donn\u00e9 rendez-vous pour un d\u00eener de r\u00e9p\u00e9tition. Il y avait un grand choix de diff\u00e9rentes entr\u00e9es, soupes, plats principaux et desserts ainsi que les boissons correspondantes. Tout \u00e9tait excellent. Nous n&rsquo;avions que l&#8217;embarras du choix. Nous n&rsquo;oublierons pas ce jour de si t\u00f4t, car le 28 f\u00e9vrier une telle temp\u00eate a fait rage dans l&rsquo;Eifel et dans toute la Rh\u00e9nanie du Nord-Westphalie. Le service de train a \u00e9t\u00e9 arr\u00eat\u00e9, alors Ute nous a conduits \u00e0 Cologne apr\u00e8s le d\u00eener.<\/p>\n<p>Maintenant, nous \u00e9tions bien plus loin. Nous aimerions \u00e9galement mentionner la tr\u00e8s bonne coop\u00e9ration et la flexibilit\u00e9 du registraire, Mme Jaax. \u00c0 ce stade \u00e9galement, un \u00ab merci \u00bb tr\u00e8s chaleureux. Notre date pr\u00e9f\u00e9r\u00e9e, le 15 mai, \u00e9tait maintenant fix\u00e9e. <\/p>\n<p>Ute a appel\u00e9 Erwin plusieurs fois. Elle n&rsquo;arr\u00eatait pas de penser \u00e0 quelque chose de nouveau. Il \u00e9tait tr\u00e8s patient, il ne pouvait pas \u00eatre d\u00e9rang\u00e9. \u00ab\u00a0Tu peux appeler aussi souvent que tu veux, je suis toujours l\u00e0 pour toi!\u00a0\u00bb Quelques jours avant la date du mariage, Ute et Christine \u00e9taient de retour au moulin. Erwin nous a de nouveau soutenu, nous a donn\u00e9 des conseils et nous a assur\u00e9 que nous n&rsquo;avions pas \u00e0 nous inqui\u00e9ter, tout serait fait comme nous le voulions. C&rsquo;\u00e9tait comme \u00e7a.<\/p>\n<p>Apr\u00e8s le mariage, il y avait une r\u00e9ception avec un d\u00e9licieux pain du moulin et un \u00e9norme g\u00e2teau comme un c\u0153ur de fraise. C&rsquo;\u00e9tait aussi la suggestion d&rsquo;Erwin. \u00c9tait super. Nous ne pouvons que conseiller \u00e0 chaque mari\u00e9 de r\u00e9pondre aux suggestions d&rsquo;Erwin, alors tout sera parfait.<\/p>\n<p>L&rsquo;apr\u00e8s-midi, visite guid\u00e9e du moulin. Nous avons travers\u00e9 la r\u00e9gion en trois groupes. Nous avons \u00e9t\u00e9 agr\u00e9ablement surpris que l&#8217;employ\u00e9 ait \u00e9galement pu expliquer le moulin et son histoire \u00e0 nos invit\u00e9s \u00e9trangers en anglais. Nous \u00e9tions une soci\u00e9t\u00e9 dans laquelle 12 nations \u00e9taient repr\u00e9sent\u00e9es. Tous les invit\u00e9s ont \u00e9t\u00e9 tr\u00e8s impressionn\u00e9s par le moulin et l&rsquo;excellente cuisine. <\/p>\n<p>Le menu \u00e9tait servi vers 19h30. Je voudrais mentionner qu&rsquo;Erwin lui-m\u00eame a \u00e9t\u00e9 interpell\u00e9 le jour du mariage par encore plus d&rsquo;invit\u00e9s qui voulaient un menu v\u00e9g\u00e9tarien, qui n&rsquo;avait pas \u00e9t\u00e9 annonc\u00e9 \u00e0 l&rsquo;avance. <br \/>\n\u00c0 vous cher Erwin et \u00e0 votre \u00e9quipe de cuisine, encore une fois bravo et \u00ab\u00a0merci\u00a0\u00bb d&rsquo;avoir fait de cette fa\u00e7on. Personne n&rsquo;a rien remarqu\u00e9 des invit\u00e9s. Le g\u00e2chis que nous avons cr\u00e9\u00e9 n&rsquo;aurait probablement pas \u00e9t\u00e9 possible ailleurs. D\u00e9sol\u00e9<\/p>\n<p>Tout s&rsquo;est d\u00e9roul\u00e9 comme sur des roulettes. <\/p>\n<p>Pendant les pauses entre les cours individuels, les \u00ab\u00a0amis du dialecte Eifeler\u00a0\u00bb de Bad M\u00fcnstereifel ont diverti la f\u00eate de mariage avec des croquis appropri\u00e9s.<\/p>\n<p>Apr\u00e8s le d\u00e9licieux menu, les \u00ab Sleidanias \u00bb de Schleiden ont jou\u00e9. Le groupe live a fait danser et chanter les invit\u00e9s. Apr\u00e8s que le groupe ait dit au revoir \u00e0 2h00 du matin, le courrier pour la jeune g\u00e9n\u00e9ration a \u00e9t\u00e9 envoy\u00e9 via CD et ordinateur portable. Les mari\u00e9s, les derniers invit\u00e9s et bien s\u00fbr Erwin ont quitt\u00e9 la salle de bal vers 5h30 du matin. La lumi\u00e8re s&rsquo;est \u00e9teinte dans le hall et lentement elle est revenue \u00e0 Birgel.<\/p>\n<p>Lorsque nous sommes all\u00e9s au moulin prendre le petit d\u00e9jeuner vers 9h30, Erwin \u00e9tait d\u00e9j\u00e0 de bonne humeur au bar et \u00e9tait pr\u00e9sent pour les nouveaux invit\u00e9s. <\/p>\n<p>Merci cher Erwin et votre \u00e9quipe du moulin encore une fois, merci tr\u00e8s sinc\u00e8rement pour une journ\u00e9e de mariage inoubliable dans le moulin \u00e0 eau historique de Birgel<\/p>\n<p>\nDoris &amp; Alexandre<br \/>\nUte &amp; Tom<br \/>\nChristine &amp; Joachim<\/div>\n","protected":false},"excerpt":{"rendered":"<p>&nbsp; &nbsp; &nbsp; \u00c0 la mi-janvier 2010, nous avons inform\u00e9 nos parents que nous allions nous marier en mai, le 15 mai. C&rsquo;est ce jour-l\u00e0 il y a 11 ans que nous nous sommes rencontr\u00e9s et avons fait connaissance. Ma m\u00e8re Ute a alors demand\u00e9 : Savez-vous d\u00e9j\u00e0 o\u00f9 vous voulez vous marier ? R\u00e9ponse [&hellip;]<\/p>\n","protected":false},"author":1,"featured_media":0,"parent":9864,"menu_order":11,"comment_status":"closed","ping_status":"closed","template":"","meta":{"footnotes":""},"class_list":["post-9905","page","type-page","status-publish","hentry"],"yoast_head":"<!-- This site is optimized with the Yoast SEO plugin v27.2 - https:\/\/yoast.com\/product\/yoast-seo-wordpress\/ -->\n<title>Le mariage champ\u00eatre de Doris &amp; Alexander - Historische Wasserm\u00fchle Birgel<\/title>\n<meta name=\"robots\" content=\"index, follow, max-snippet:-1, max-image-preview:large, max-video-preview:-1\" \/>\n<link rel=\"canonical\" href=\"https:\/\/www.muehlebirgel.de\/fr\/le-mariage-champetre-de-doris-alexander\" \/>\n<meta property=\"og:locale\" content=\"fr_FR\" \/>\n<meta property=\"og:type\" content=\"article\" \/>\n<meta property=\"og:title\" content=\"Le mariage champ\u00eatre de Doris &amp; Alexander - Historische Wasserm\u00fchle Birgel\" \/>\n<meta property=\"og:description\" content=\"&nbsp; &nbsp; &nbsp; \u00c0 la mi-janvier 2010, nous avons inform\u00e9 nos parents que nous allions nous marier en mai, le 15 mai. C&rsquo;est ce jour-l\u00e0 il y a 11 ans que nous nous sommes rencontr\u00e9s et avons fait connaissance. Ma m\u00e8re Ute a alors demand\u00e9 : Savez-vous d\u00e9j\u00e0 o\u00f9 vous voulez vous marier ? R\u00e9ponse [&hellip;]\" \/>\n<meta property=\"og:url\" content=\"https:\/\/www.muehlebirgel.de\/fr\/le-mariage-champetre-de-doris-alexander\/\" \/>\n<meta property=\"og:site_name\" content=\"Historische Wasserm\u00fchle Birgel\" \/>\n<meta property=\"og:image\" content=\"https:\/\/www.muehlebirgel.de\/wp-content\/uploads\/2010\/09\/IMG_8732.jpg\" \/>\n<meta name=\"twitter:card\" content=\"summary_large_image\" \/>\n<meta name=\"twitter:label1\" content=\"Dur\u00e9e de lecture estim\u00e9e\" \/>\n\t<meta name=\"twitter:data1\" content=\"5 minutes\" \/>\n<script type=\"application\/ld+json\" class=\"yoast-schema-graph\">{\"@context\":\"https:\/\/schema.org\",\"@graph\":[{\"@type\":\"WebPage\",\"@id\":\"https:\/\/www.muehlebirgel.de\/fr\/le-mariage-champetre-de-doris-alexander\",\"url\":\"https:\/\/www.muehlebirgel.de\/fr\/le-mariage-champetre-de-doris-alexander\",\"name\":\"Le mariage champ\u00eatre de Doris &amp; Alexander - Historische Wasserm\u00fchle Birgel\",\"isPartOf\":{\"@id\":\"https:\/\/www.muehlebirgel.de\/fr\/#website\"},\"primaryImageOfPage\":{\"@id\":\"https:\/\/www.muehlebirgel.de\/fr\/le-mariage-champetre-de-doris-alexander#primaryimage\"},\"image\":{\"@id\":\"https:\/\/www.muehlebirgel.de\/fr\/le-mariage-champetre-de-doris-alexander#primaryimage\"},\"thumbnailUrl\":\"https:\/\/www.muehlebirgel.de\/wp-content\/uploads\/2010\/09\/IMG_8732.jpg\",\"datePublished\":\"2021-12-10T15:02:21+00:00\",\"breadcrumb\":{\"@id\":\"https:\/\/www.muehlebirgel.de\/fr\/le-mariage-champetre-de-doris-alexander#breadcrumb\"},\"inLanguage\":\"fr-FR\",\"potentialAction\":[{\"@type\":\"ReadAction\",\"target\":[\"https:\/\/www.muehlebirgel.de\/fr\/le-mariage-champetre-de-doris-alexander\"]}]},{\"@type\":\"ImageObject\",\"inLanguage\":\"fr-FR\",\"@id\":\"https:\/\/www.muehlebirgel.de\/fr\/le-mariage-champetre-de-doris-alexander#primaryimage\",\"url\":\"https:\/\/www.muehlebirgel.de\/wp-content\/uploads\/2010\/09\/IMG_8732.jpg\",\"contentUrl\":\"https:\/\/www.muehlebirgel.de\/wp-content\/uploads\/2010\/09\/IMG_8732.jpg\"},{\"@type\":\"BreadcrumbList\",\"@id\":\"https:\/\/www.muehlebirgel.de\/fr\/le-mariage-champetre-de-doris-alexander#breadcrumb\",\"itemListElement\":[{\"@type\":\"ListItem\",\"position\":1,\"name\":\"Startseite\",\"item\":\"https:\/\/www.muehlebirgel.de\/fr\"},{\"@type\":\"ListItem\",\"position\":2,\"name\":\"C\u00e9l\u00e9brez votre mariage dans l&#8217;Eifel\",\"item\":\"https:\/\/www.muehlebirgel.de\/fr\/celebrez-votre-mariage-dans-leifel\"},{\"@type\":\"ListItem\",\"position\":3,\"name\":\"T\u00e9moignages de mariage du Moulin \u00e0 eau historique\",\"item\":\"https:\/\/www.muehlebirgel.de\/fr\/rapports-de-mariage-du-moulin-a-eau\"},{\"@type\":\"ListItem\",\"position\":4,\"name\":\"Le mariage champ\u00eatre de Doris &amp; Alexander\"}]},{\"@type\":\"WebSite\",\"@id\":\"https:\/\/www.muehlebirgel.de\/fr\/#website\",\"url\":\"https:\/\/www.muehlebirgel.de\/fr\/\",\"name\":\"Historische Wasserm\u00fchle Birgel\",\"description\":\"Willkommen im M\u00fchlen-Erlebniszentrum\",\"potentialAction\":[{\"@type\":\"SearchAction\",\"target\":{\"@type\":\"EntryPoint\",\"urlTemplate\":\"https:\/\/www.muehlebirgel.de\/fr\/?s={search_term_string}\"},\"query-input\":{\"@type\":\"PropertyValueSpecification\",\"valueRequired\":true,\"valueName\":\"search_term_string\"}}],\"inLanguage\":\"fr-FR\"}]}<\/script>\n<!-- \/ Yoast SEO plugin. -->","yoast_head_json":{"title":"Le mariage champ\u00eatre de Doris &amp; Alexander - Historische Wasserm\u00fchle Birgel","robots":{"index":"index","follow":"follow","max-snippet":"max-snippet:-1","max-image-preview":"max-image-preview:large","max-video-preview":"max-video-preview:-1"},"canonical":"https:\/\/www.muehlebirgel.de\/fr\/le-mariage-champetre-de-doris-alexander","og_locale":"fr_FR","og_type":"article","og_title":"Le mariage champ\u00eatre de Doris &amp; Alexander - Historische Wasserm\u00fchle Birgel","og_description":"&nbsp; &nbsp; &nbsp; \u00c0 la mi-janvier 2010, nous avons inform\u00e9 nos parents que nous allions nous marier en mai, le 15 mai. C&rsquo;est ce jour-l\u00e0 il y a 11 ans que nous nous sommes rencontr\u00e9s et avons fait connaissance. Ma m\u00e8re Ute a alors demand\u00e9 : Savez-vous d\u00e9j\u00e0 o\u00f9 vous voulez vous marier ? R\u00e9ponse [&hellip;]","og_url":"https:\/\/www.muehlebirgel.de\/fr\/le-mariage-champetre-de-doris-alexander\/","og_site_name":"Historische Wasserm\u00fchle Birgel","og_image":[{"url":"https:\/\/www.muehlebirgel.de\/wp-content\/uploads\/2010\/09\/IMG_8732.jpg","type":"","width":"","height":""}],"twitter_card":"summary_large_image","twitter_misc":{"Dur\u00e9e de lecture estim\u00e9e":"5 minutes"},"schema":{"@context":"https:\/\/schema.org","@graph":[{"@type":"WebPage","@id":"https:\/\/www.muehlebirgel.de\/fr\/le-mariage-champetre-de-doris-alexander","url":"https:\/\/www.muehlebirgel.de\/fr\/le-mariage-champetre-de-doris-alexander","name":"Le mariage champ\u00eatre de Doris &amp; Alexander - Historische Wasserm\u00fchle Birgel","isPartOf":{"@id":"https:\/\/www.muehlebirgel.de\/fr\/#website"},"primaryImageOfPage":{"@id":"https:\/\/www.muehlebirgel.de\/fr\/le-mariage-champetre-de-doris-alexander#primaryimage"},"image":{"@id":"https:\/\/www.muehlebirgel.de\/fr\/le-mariage-champetre-de-doris-alexander#primaryimage"},"thumbnailUrl":"https:\/\/www.muehlebirgel.de\/wp-content\/uploads\/2010\/09\/IMG_8732.jpg","datePublished":"2021-12-10T15:02:21+00:00","breadcrumb":{"@id":"https:\/\/www.muehlebirgel.de\/fr\/le-mariage-champetre-de-doris-alexander#breadcrumb"},"inLanguage":"fr-FR","potentialAction":[{"@type":"ReadAction","target":["https:\/\/www.muehlebirgel.de\/fr\/le-mariage-champetre-de-doris-alexander"]}]},{"@type":"ImageObject","inLanguage":"fr-FR","@id":"https:\/\/www.muehlebirgel.de\/fr\/le-mariage-champetre-de-doris-alexander#primaryimage","url":"https:\/\/www.muehlebirgel.de\/wp-content\/uploads\/2010\/09\/IMG_8732.jpg","contentUrl":"https:\/\/www.muehlebirgel.de\/wp-content\/uploads\/2010\/09\/IMG_8732.jpg"},{"@type":"BreadcrumbList","@id":"https:\/\/www.muehlebirgel.de\/fr\/le-mariage-champetre-de-doris-alexander#breadcrumb","itemListElement":[{"@type":"ListItem","position":1,"name":"Startseite","item":"https:\/\/www.muehlebirgel.de\/fr"},{"@type":"ListItem","position":2,"name":"C\u00e9l\u00e9brez votre mariage dans l&#8217;Eifel","item":"https:\/\/www.muehlebirgel.de\/fr\/celebrez-votre-mariage-dans-leifel"},{"@type":"ListItem","position":3,"name":"T\u00e9moignages de mariage du Moulin \u00e0 eau historique","item":"https:\/\/www.muehlebirgel.de\/fr\/rapports-de-mariage-du-moulin-a-eau"},{"@type":"ListItem","position":4,"name":"Le mariage champ\u00eatre de Doris &amp; Alexander"}]},{"@type":"WebSite","@id":"https:\/\/www.muehlebirgel.de\/fr\/#website","url":"https:\/\/www.muehlebirgel.de\/fr\/","name":"Historische Wasserm\u00fchle Birgel","description":"Willkommen im M\u00fchlen-Erlebniszentrum","potentialAction":[{"@type":"SearchAction","target":{"@type":"EntryPoint","urlTemplate":"https:\/\/www.muehlebirgel.de\/fr\/?s={search_term_string}"},"query-input":{"@type":"PropertyValueSpecification","valueRequired":true,"valueName":"search_term_string"}}],"inLanguage":"fr-FR"}]}},"_links":{"self":[{"href":"https:\/\/www.muehlebirgel.de\/fr\/wp-json\/wp\/v2\/pages\/9905","targetHints":{"allow":["GET"]}}],"collection":[{"href":"https:\/\/www.muehlebirgel.de\/fr\/wp-json\/wp\/v2\/pages"}],"about":[{"href":"https:\/\/www.muehlebirgel.de\/fr\/wp-json\/wp\/v2\/types\/page"}],"author":[{"embeddable":true,"href":"https:\/\/www.muehlebirgel.de\/fr\/wp-json\/wp\/v2\/users\/1"}],"replies":[{"embeddable":true,"href":"https:\/\/www.muehlebirgel.de\/fr\/wp-json\/wp\/v2\/comments?post=9905"}],"version-history":[{"count":0,"href":"https:\/\/www.muehlebirgel.de\/fr\/wp-json\/wp\/v2\/pages\/9905\/revisions"}],"up":[{"embeddable":true,"href":"https:\/\/www.muehlebirgel.de\/fr\/wp-json\/wp\/v2\/pages\/9864"}],"wp:attachment":[{"href":"https:\/\/www.muehlebirgel.de\/fr\/wp-json\/wp\/v2\/media?parent=9905"}],"curies":[{"name":"wp","href":"https:\/\/api.w.org\/{rel}","templated":true}]}}