{"id":9919,"date":"2021-12-10T15:02:37","date_gmt":"2021-12-10T15:02:37","guid":{"rendered":"https:\/\/www.muehlebirgel.de\/dates-et-evenements-dans-le-moulin-a-eau-historique\/cours-de-patisserie-romantique-et-moutarde\/"},"modified":"2026-03-16T09:12:19","modified_gmt":"2026-03-16T08:12:19","slug":"cours-romantique-de-patisserie-et-moutarde","status":"publish","type":"page","link":"https:\/\/www.muehlebirgel.de\/fr\/cours-romantique-de-patisserie-et-moutarde","title":{"rendered":"Cours de p\u00e2tisserie romantique et moutarde"},"content":{"rendered":"\n<p><strong>Le cours de p\u00e2tisserie et de moutarde est \u00e0 nouveau disponible !<\/strong><\/p>\n<div class=\"wp-block-image\">\n<figure class=\"alignleft\"><img loading=\"lazy\" decoding=\"async\" width=\"300\" height=\"200\" src=\"https:\/\/www.muehlebirgel.de\/wp-content\/uploads\/2009\/04\/senfmuehle.jpg\" alt=\"\" class=\"wp-image-54\"\/><\/figure>\n<\/div><p>Un court s\u00e9jour dans l&rsquo;Eifel avec l&rsquo;exp\u00e9rience de cuire soi-m\u00eame son pain au levain naturel dans un four en pierre chauff\u00e9 au bois et d&rsquo;apprendre \u00e0 faire sa propre moutarde ; les deux vous apprendront \u00e0 profiter de la vie.<\/p>\n<p>Nous vous montrerons tous les processus de travail ici, sur notre moulin \u00e0 eau, et r\u00e9pondrons \u00e0 toutes vos questions. Toutes les choses que vous vivrez \u00e0 l&rsquo;usine peuvent faire partie de la vie si vous ramenez vos exp\u00e9riences \u00e0 la maison. Au cours de la soir\u00e9e ensemble dans la taverne, vous pourrez \u00e9galement profiter des d\u00e9lices culinaires du moulin. Une atmosph\u00e8re chaleureuse vous attend dans la chambre Eifel du M\u00fchlenhotel.<\/p><\/p>\n\n<hr class=\"wp-block-separator has-alpha-channel-opacity\"\/>\n<div class=\"wp-block-image\">\n<figure class=\"alignleft\"><img decoding=\"async\" src=\"https:\/\/www.muehlebirgel.de\/wp-content\/uploads\/2009\/04\/Brot.gif\" alt=\"\" class=\"wp-image-206\"\/><\/figure>\n<\/div>\n<p>Les services suivants sont inclus dans le forfait :<\/p>\n\n<p>D\u00e9but du programme : 17h30<\/p>\n\n<ul class=\"wp-block-list\">\n<li>1 x nuit\u00e9e pour 2 personnes<\/li>\n\n\n\n<li>1 x verre de bienvenue pour 2 personnes<\/li>\n\n\n\n<li>1 x petit-d\u00e9jeuner buffet pour 2 personnes<\/li>\n\n\n\n<li>1 x d\u00e9jeuner pour 2 personnes<\/li>\n\n\n\n<li>1 x menu du soir \u00e0 4 plats au choix<\/li>\n\n\n\n<li>1 x visite du moulin pour 2 personnes<\/li>\n\n\n\n<li>1 x cuisson de pain pour 2 personnes<\/li>\n\n\n\n<li>1 x faire sa propre moutarde pour 2 personnes<\/li>\n\n\n\n<li>1 x place de parking gratuite<\/li>\n<\/ul>\n\n<p><\/p>\n\n<hr class=\"wp-block-separator has-alpha-channel-opacity\"\/>\n\n<div class=\"wp-block-columns is-layout-flex wp-container-core-columns-is-layout-9d6595d7 wp-block-columns-is-layout-flex\">\n<div class=\"wp-block-column is-layout-flow wp-block-column-is-layout-flow\"><div class=\"wp-block-image\">\n<figure class=\"alignleft\"><img loading=\"lazy\" decoding=\"async\" width=\"300\" height=\"200\" src=\"https:\/\/www.muehlebirgel.de\/wp-content\/uploads\/2009\/04\/Backhaus.jpg\" alt=\"\" class=\"wp-image-53\"\/><\/figure>\n<\/div><\/div>\n\n\n\n<div class=\"wp-block-column is-layout-flow wp-block-column-is-layout-flow\"><div class=\"wp-block-image\">\n<figure class=\"alignleft\"><img loading=\"lazy\" decoding=\"async\" width=\"300\" height=\"202\" src=\"https:\/\/www.muehlebirgel.de\/wp-content\/uploads\/2019\/01\/UNBENANNT_30_0.JPG\" alt=\"\" class=\"wp-image-588\"\/><\/figure>\n<\/div><\/div>\n\n\n\n<div class=\"wp-block-column is-layout-flow wp-block-column-is-layout-flow\"><div class=\"wp-block-image\">\n<figure class=\"alignleft\"><img loading=\"lazy\" decoding=\"async\" width=\"300\" height=\"200\" src=\"https:\/\/www.muehlebirgel.de\/wp-content\/uploads\/2009\/04\/paar-bett.jpg\" alt=\"\" class=\"wp-image-121\"\/><\/figure>\n<\/div><\/div>\n<\/div>\n\n<div class=\"wp-block-columns is-layout-flex wp-container-core-columns-is-layout-9d6595d7 wp-block-columns-is-layout-flex\">\n<div class=\"wp-block-column is-layout-flow wp-block-column-is-layout-flow\">\n<h2 class=\"wp-block-heading\">Dates &amp; prix 2026<\/h2>\n\n\n\n<p>20-21 mars 26 (complet)<br\/>24-25 avril 26 (complet)<br\/>29-30 mai 26 (complet)<br\/>31 juillet &#8211; 01 ao\u00fbt 26<br\/>14-15 ao\u00fbt 26<br\/>28-29 ao\u00fbt 26<br\/>11.12 septembre 26 (complet)<br\/>02-03 octobre 26 (complet)<br\/>30-31 octobre 26 (complet)<br\/>04-05 d\u00e9cembre 26<br\/>18-19 d\u00e9cembre 26 (complet)<\/p>\n\n\n\n<p><strong>Par personne 168,00 \u20ac en chambre double, + 48,00 \u20ac en chambre simple<\/strong><\/p>\n\n\n\n<p><strong>Groupe de plus de 5 personnes r\u00e9servation s\u00e9par\u00e9e possible !<\/strong>  Les groupes de 6 personnes ou plus b\u00e9n\u00e9ficient d&rsquo;un tarif sp\u00e9cial de 188,00 \u20ac en chambre double, + 48,00 \u20ac en chambre simple.<\/p>\n<\/div>\n<\/div>\n\n<p><strong>Nous nous r\u00e9jouissons de votre demande au T\u00e9l. : 06597\/92820 ou via notre <a href=\"https:\/\/www.muehlebirgel.de\/fr\/contacter\">formulaire de contact<\/a> !<\/strong><\/p>\n\n<p><\/p>\n","protected":false},"excerpt":{"rendered":"<p>Le cours de p\u00e2tisserie et de moutarde est \u00e0 nouveau disponible ! Un court s\u00e9jour dans l&rsquo;Eifel avec l&rsquo;exp\u00e9rience de cuire soi-m\u00eame son pain au levain naturel dans un four en pierre chauff\u00e9 au bois et d&rsquo;apprendre \u00e0 faire sa propre moutarde ; les deux vous apprendront \u00e0 profiter de la vie. Nous vous montrerons [&hellip;]<\/p>\n","protected":false},"author":1,"featured_media":0,"parent":9705,"menu_order":1,"comment_status":"closed","ping_status":"closed","template":"","meta":{"footnotes":""},"class_list":["post-9919","page","type-page","status-publish","hentry"],"yoast_head":"<!-- This site is optimized with the Yoast SEO plugin v27.2 - https:\/\/yoast.com\/product\/yoast-seo-wordpress\/ -->\n<title>Cours de p\u00e2tisserie romantique et moutarde - Historische Wasserm\u00fchle Birgel<\/title>\n<meta name=\"robots\" content=\"index, follow, max-snippet:-1, max-image-preview:large, max-video-preview:-1\" \/>\n<link rel=\"canonical\" href=\"https:\/\/www.muehlebirgel.de\/fr\/cours-romantique-de-patisserie-et-moutarde\" \/>\n<meta property=\"og:locale\" content=\"fr_FR\" \/>\n<meta property=\"og:type\" content=\"article\" \/>\n<meta property=\"og:title\" content=\"Cours de p\u00e2tisserie romantique et moutarde - Historische Wasserm\u00fchle Birgel\" \/>\n<meta property=\"og:description\" content=\"Le cours de p\u00e2tisserie et de moutarde est \u00e0 nouveau disponible ! Un court s\u00e9jour dans l&rsquo;Eifel avec l&rsquo;exp\u00e9rience de cuire soi-m\u00eame son pain au levain naturel dans un four en pierre chauff\u00e9 au bois et d&rsquo;apprendre \u00e0 faire sa propre moutarde ; les deux vous apprendront \u00e0 profiter de la vie. Nous vous montrerons [&hellip;]\" \/>\n<meta property=\"og:url\" content=\"https:\/\/www.muehlebirgel.de\/fr\/cours-romantique-de-patisserie-et-moutarde\/\" \/>\n<meta property=\"og:site_name\" content=\"Historische Wasserm\u00fchle Birgel\" \/>\n<meta property=\"article:modified_time\" content=\"2026-03-16T08:12:19+00:00\" \/>\n<meta property=\"og:image\" content=\"https:\/\/www.muehlebirgel.de\/wp-content\/uploads\/2009\/04\/senfmuehle.jpg\" \/>\n\t<meta property=\"og:image:width\" content=\"300\" \/>\n\t<meta property=\"og:image:height\" content=\"200\" \/>\n\t<meta property=\"og:image:type\" content=\"image\/jpeg\" \/>\n<meta name=\"twitter:card\" content=\"summary_large_image\" \/>\n<meta name=\"twitter:label1\" content=\"Dur\u00e9e de lecture estim\u00e9e\" \/>\n\t<meta name=\"twitter:data1\" content=\"1 minute\" \/>\n<script type=\"application\/ld+json\" class=\"yoast-schema-graph\">{\"@context\":\"https:\/\/schema.org\",\"@graph\":[{\"@type\":\"WebPage\",\"@id\":\"https:\/\/www.muehlebirgel.de\/fr\/cours-romantique-de-patisserie-et-moutarde\",\"url\":\"https:\/\/www.muehlebirgel.de\/fr\/cours-romantique-de-patisserie-et-moutarde\",\"name\":\"Cours de p\u00e2tisserie romantique et moutarde - Historische Wasserm\u00fchle Birgel\",\"isPartOf\":{\"@id\":\"https:\/\/www.muehlebirgel.de\/fr\/#website\"},\"primaryImageOfPage\":{\"@id\":\"https:\/\/www.muehlebirgel.de\/fr\/cours-romantique-de-patisserie-et-moutarde#primaryimage\"},\"image\":{\"@id\":\"https:\/\/www.muehlebirgel.de\/fr\/cours-romantique-de-patisserie-et-moutarde#primaryimage\"},\"thumbnailUrl\":\"https:\/\/www.muehlebirgel.de\/wp-content\/uploads\/2009\/04\/senfmuehle.jpg\",\"datePublished\":\"2021-12-10T15:02:37+00:00\",\"dateModified\":\"2026-03-16T08:12:19+00:00\",\"breadcrumb\":{\"@id\":\"https:\/\/www.muehlebirgel.de\/fr\/cours-romantique-de-patisserie-et-moutarde#breadcrumb\"},\"inLanguage\":\"fr-FR\",\"potentialAction\":[{\"@type\":\"ReadAction\",\"target\":[\"https:\/\/www.muehlebirgel.de\/fr\/cours-romantique-de-patisserie-et-moutarde\"]}]},{\"@type\":\"ImageObject\",\"inLanguage\":\"fr-FR\",\"@id\":\"https:\/\/www.muehlebirgel.de\/fr\/cours-romantique-de-patisserie-et-moutarde#primaryimage\",\"url\":\"https:\/\/www.muehlebirgel.de\/wp-content\/uploads\/2009\/04\/senfmuehle.jpg\",\"contentUrl\":\"https:\/\/www.muehlebirgel.de\/wp-content\/uploads\/2009\/04\/senfmuehle.jpg\"},{\"@type\":\"BreadcrumbList\",\"@id\":\"https:\/\/www.muehlebirgel.de\/fr\/cours-romantique-de-patisserie-et-moutarde#breadcrumb\",\"itemListElement\":[{\"@type\":\"ListItem\",\"position\":1,\"name\":\"Startseite\",\"item\":\"https:\/\/www.muehlebirgel.de\/fr\"},{\"@type\":\"ListItem\",\"position\":2,\"name\":\"Dates et \u00e9v\u00e9nements dans le moulin \u00e0 eau historique\",\"item\":\"https:\/\/www.muehlebirgel.de\/fr\/dates-et-evenements-dans-le-moulin-a-eau-historique\"},{\"@type\":\"ListItem\",\"position\":3,\"name\":\"Cours de p\u00e2tisserie romantique et moutarde\"}]},{\"@type\":\"WebSite\",\"@id\":\"https:\/\/www.muehlebirgel.de\/fr\/#website\",\"url\":\"https:\/\/www.muehlebirgel.de\/fr\/\",\"name\":\"Historische Wasserm\u00fchle Birgel\",\"description\":\"Willkommen im M\u00fchlen-Erlebniszentrum\",\"potentialAction\":[{\"@type\":\"SearchAction\",\"target\":{\"@type\":\"EntryPoint\",\"urlTemplate\":\"https:\/\/www.muehlebirgel.de\/fr\/?s={search_term_string}\"},\"query-input\":{\"@type\":\"PropertyValueSpecification\",\"valueRequired\":true,\"valueName\":\"search_term_string\"}}],\"inLanguage\":\"fr-FR\"}]}<\/script>\n<!-- \/ Yoast SEO plugin. -->","yoast_head_json":{"title":"Cours de p\u00e2tisserie romantique et moutarde - Historische Wasserm\u00fchle Birgel","robots":{"index":"index","follow":"follow","max-snippet":"max-snippet:-1","max-image-preview":"max-image-preview:large","max-video-preview":"max-video-preview:-1"},"canonical":"https:\/\/www.muehlebirgel.de\/fr\/cours-romantique-de-patisserie-et-moutarde","og_locale":"fr_FR","og_type":"article","og_title":"Cours de p\u00e2tisserie romantique et moutarde - Historische Wasserm\u00fchle Birgel","og_description":"Le cours de p\u00e2tisserie et de moutarde est \u00e0 nouveau disponible ! Un court s\u00e9jour dans l&rsquo;Eifel avec l&rsquo;exp\u00e9rience de cuire soi-m\u00eame son pain au levain naturel dans un four en pierre chauff\u00e9 au bois et d&rsquo;apprendre \u00e0 faire sa propre moutarde ; les deux vous apprendront \u00e0 profiter de la vie. Nous vous montrerons [&hellip;]","og_url":"https:\/\/www.muehlebirgel.de\/fr\/cours-romantique-de-patisserie-et-moutarde\/","og_site_name":"Historische Wasserm\u00fchle Birgel","article_modified_time":"2026-03-16T08:12:19+00:00","og_image":[{"width":300,"height":200,"url":"https:\/\/www.muehlebirgel.de\/wp-content\/uploads\/2009\/04\/senfmuehle.jpg","type":"image\/jpeg"}],"twitter_card":"summary_large_image","twitter_misc":{"Dur\u00e9e de lecture estim\u00e9e":"1 minute"},"schema":{"@context":"https:\/\/schema.org","@graph":[{"@type":"WebPage","@id":"https:\/\/www.muehlebirgel.de\/fr\/cours-romantique-de-patisserie-et-moutarde","url":"https:\/\/www.muehlebirgel.de\/fr\/cours-romantique-de-patisserie-et-moutarde","name":"Cours de p\u00e2tisserie romantique et moutarde - Historische Wasserm\u00fchle Birgel","isPartOf":{"@id":"https:\/\/www.muehlebirgel.de\/fr\/#website"},"primaryImageOfPage":{"@id":"https:\/\/www.muehlebirgel.de\/fr\/cours-romantique-de-patisserie-et-moutarde#primaryimage"},"image":{"@id":"https:\/\/www.muehlebirgel.de\/fr\/cours-romantique-de-patisserie-et-moutarde#primaryimage"},"thumbnailUrl":"https:\/\/www.muehlebirgel.de\/wp-content\/uploads\/2009\/04\/senfmuehle.jpg","datePublished":"2021-12-10T15:02:37+00:00","dateModified":"2026-03-16T08:12:19+00:00","breadcrumb":{"@id":"https:\/\/www.muehlebirgel.de\/fr\/cours-romantique-de-patisserie-et-moutarde#breadcrumb"},"inLanguage":"fr-FR","potentialAction":[{"@type":"ReadAction","target":["https:\/\/www.muehlebirgel.de\/fr\/cours-romantique-de-patisserie-et-moutarde"]}]},{"@type":"ImageObject","inLanguage":"fr-FR","@id":"https:\/\/www.muehlebirgel.de\/fr\/cours-romantique-de-patisserie-et-moutarde#primaryimage","url":"https:\/\/www.muehlebirgel.de\/wp-content\/uploads\/2009\/04\/senfmuehle.jpg","contentUrl":"https:\/\/www.muehlebirgel.de\/wp-content\/uploads\/2009\/04\/senfmuehle.jpg"},{"@type":"BreadcrumbList","@id":"https:\/\/www.muehlebirgel.de\/fr\/cours-romantique-de-patisserie-et-moutarde#breadcrumb","itemListElement":[{"@type":"ListItem","position":1,"name":"Startseite","item":"https:\/\/www.muehlebirgel.de\/fr"},{"@type":"ListItem","position":2,"name":"Dates et \u00e9v\u00e9nements dans le moulin \u00e0 eau historique","item":"https:\/\/www.muehlebirgel.de\/fr\/dates-et-evenements-dans-le-moulin-a-eau-historique"},{"@type":"ListItem","position":3,"name":"Cours de p\u00e2tisserie romantique et moutarde"}]},{"@type":"WebSite","@id":"https:\/\/www.muehlebirgel.de\/fr\/#website","url":"https:\/\/www.muehlebirgel.de\/fr\/","name":"Historische Wasserm\u00fchle Birgel","description":"Willkommen im M\u00fchlen-Erlebniszentrum","potentialAction":[{"@type":"SearchAction","target":{"@type":"EntryPoint","urlTemplate":"https:\/\/www.muehlebirgel.de\/fr\/?s={search_term_string}"},"query-input":{"@type":"PropertyValueSpecification","valueRequired":true,"valueName":"search_term_string"}}],"inLanguage":"fr-FR"}]}},"_links":{"self":[{"href":"https:\/\/www.muehlebirgel.de\/fr\/wp-json\/wp\/v2\/pages\/9919","targetHints":{"allow":["GET"]}}],"collection":[{"href":"https:\/\/www.muehlebirgel.de\/fr\/wp-json\/wp\/v2\/pages"}],"about":[{"href":"https:\/\/www.muehlebirgel.de\/fr\/wp-json\/wp\/v2\/types\/page"}],"author":[{"embeddable":true,"href":"https:\/\/www.muehlebirgel.de\/fr\/wp-json\/wp\/v2\/users\/1"}],"replies":[{"embeddable":true,"href":"https:\/\/www.muehlebirgel.de\/fr\/wp-json\/wp\/v2\/comments?post=9919"}],"version-history":[{"count":60,"href":"https:\/\/www.muehlebirgel.de\/fr\/wp-json\/wp\/v2\/pages\/9919\/revisions"}],"predecessor-version":[{"id":63961,"href":"https:\/\/www.muehlebirgel.de\/fr\/wp-json\/wp\/v2\/pages\/9919\/revisions\/63961"}],"up":[{"embeddable":true,"href":"https:\/\/www.muehlebirgel.de\/fr\/wp-json\/wp\/v2\/pages\/9705"}],"wp:attachment":[{"href":"https:\/\/www.muehlebirgel.de\/fr\/wp-json\/wp\/v2\/media?parent=9919"}],"curies":[{"name":"wp","href":"https:\/\/api.w.org\/{rel}","templated":true}]}}