{"id":10154,"date":"2020-01-24T09:38:32","date_gmt":"2021-12-10T15:08:18","guid":{"rendered":"https:\/\/www.muehlebirgel.de\/shop\/confiture-de-sureau-pomme\/"},"modified":"2024-01-09T03:28:30","modified_gmt":"2024-01-09T02:28:30","slug":"confiture-de-sureau-pomme","status":"publish","type":"product","link":"https:\/\/www.muehlebirgel.de\/fr\/shop\/confiture-de-sureau-pomme","title":{"rendered":"Confiture de sureau-pomme"},"content":{"rendered":"<h2>Confiture de sureau-pomme de l&rsquo;Eifel<\/h2>\n<p>Notre confiture de baies de sureau et de pommes, pr\u00e9par\u00e9e selon une ancienne recette de moulin, est fabriqu\u00e9e \u00e0 partir des baies de sureau et des pommes les plus savoureuses de la r\u00e9gion. Leur teneur en sucre ajout\u00e9 remarquablement faible et leur teneur en fruits savoureux de plus de 50 % font de l&rsquo;arrangement de fruits un r\u00e9gal merveilleusement sucr\u00e9.<\/p>\n<h2>C&rsquo;est ainsi que la confiture a un go\u00fbt particuli\u00e8rement bon<\/h2>\n<p>Bien s\u00fbr, la confiture est d\u00e9licieuse sur du pain et aime aussi \u00eatre mang\u00e9e sur la table du petit-d\u00e9jeuner. Il est toujours pr\u00eat pour le caf\u00e9 et le g\u00e2teau. Il est \u00e9galement d\u00e9licieux avec des plats sucr\u00e9s comme des cr\u00eapes, de la brioche ou des croissants.<\/p>\n","protected":false},"excerpt":{"rendered":"<p>Plus de 50 % de fruits et un go\u00fbt merveilleusement sucr\u00e9<\/p>\n","protected":false},"featured_media":9445,"template":"","meta":[],"product_brand":[],"product_cat":[113],"product_tag":[],"class_list":{"0":"post-10154","1":"product","2":"type-product","3":"status-publish","4":"has-post-thumbnail","6":"product_cat-confiture","7":"product_shipping_class-expedition-assuree","9":"first","10":"instock","11":"taxable","12":"shipping-taxable","13":"purchasable","14":"product-type-simple"},"yoast_head":"<!-- This site is optimized with the Yoast SEO plugin v27.2 - https:\/\/yoast.com\/product\/yoast-seo-wordpress\/ -->\n<title>Confiture de sureau-pomme - Historische Wasserm\u00fchle Birgel<\/title>\n<meta name=\"description\" content=\"Notre confiture de baies de sureau et de pommes est fabriqu\u00e9e \u00e0 partir de baies de sureau et de pommes de la r\u00e9gion de l&#039;Eifel, ce qui en fait une d\u00e9licieuse douceur.\" \/>\n<meta name=\"robots\" content=\"index, follow, max-snippet:-1, max-image-preview:large, max-video-preview:-1\" \/>\n<link rel=\"canonical\" href=\"https:\/\/www.muehlebirgel.de\/fr\/shop\/confiture-de-sureau-pomme\" \/>\n<meta property=\"og:locale\" content=\"fr_FR\" \/>\n<meta property=\"og:type\" content=\"article\" \/>\n<meta property=\"og:title\" content=\"Confiture de sureau-pomme - Historische Wasserm\u00fchle Birgel\" \/>\n<meta property=\"og:description\" content=\"Notre confiture de baies de sureau et de pommes est fabriqu\u00e9e \u00e0 partir de baies de sureau et de pommes de la r\u00e9gion de l&#039;Eifel, ce qui en fait une d\u00e9licieuse douceur.\" \/>\n<meta property=\"og:url\" content=\"https:\/\/www.muehlebirgel.de\/fr\/shop\/confiture-de-sureau-pomme\/\" \/>\n<meta property=\"og:site_name\" content=\"Historische Wasserm\u00fchle Birgel\" \/>\n<meta property=\"article:modified_time\" content=\"2024-01-09T02:28:30+00:00\" \/>\n<meta property=\"og:image\" content=\"https:\/\/www.muehlebirgel.de\/wp-content\/uploads\/2020\/01\/HA01-Holunder-Apfel-Fruchtaufstrisch.png\" \/>\n\t<meta property=\"og:image:width\" content=\"1400\" \/>\n\t<meta property=\"og:image:height\" content=\"2101\" \/>\n\t<meta property=\"og:image:type\" content=\"image\/png\" \/>\n<meta name=\"twitter:card\" content=\"summary_large_image\" \/>\n<meta name=\"twitter:label1\" content=\"Dur\u00e9e de lecture estim\u00e9e\" \/>\n\t<meta name=\"twitter:data1\" content=\"1 minute\" \/>\n<script type=\"application\/ld+json\" class=\"yoast-schema-graph\">{\"@context\":\"https:\/\/schema.org\",\"@graph\":[{\"@type\":\"WebPage\",\"@id\":\"https:\/\/www.muehlebirgel.de\/fr\/shop\/confiture-de-sureau-pomme\",\"url\":\"https:\/\/www.muehlebirgel.de\/fr\/shop\/confiture-de-sureau-pomme\",\"name\":\"Confiture de sureau-pomme - Historische Wasserm\u00fchle Birgel\",\"isPartOf\":{\"@id\":\"https:\/\/www.muehlebirgel.de\/fr\/#website\"},\"primaryImageOfPage\":{\"@id\":\"https:\/\/www.muehlebirgel.de\/fr\/shop\/confiture-de-sureau-pomme#primaryimage\"},\"image\":{\"@id\":\"https:\/\/www.muehlebirgel.de\/fr\/shop\/confiture-de-sureau-pomme#primaryimage\"},\"thumbnailUrl\":\"https:\/\/www.muehlebirgel.de\/wp-content\/uploads\/2020\/01\/HA01-Holunder-Apfel-Fruchtaufstrisch.png\",\"datePublished\":\"2021-12-10T15:08:18+00:00\",\"dateModified\":\"2024-01-09T02:28:30+00:00\",\"description\":\"Notre confiture de baies de sureau et de pommes est fabriqu\u00e9e \u00e0 partir de baies de sureau et de pommes de la r\u00e9gion de l'Eifel, ce qui en fait une d\u00e9licieuse douceur.\",\"breadcrumb\":{\"@id\":\"https:\/\/www.muehlebirgel.de\/fr\/shop\/confiture-de-sureau-pomme#breadcrumb\"},\"inLanguage\":\"fr-FR\",\"potentialAction\":[{\"@type\":\"ReadAction\",\"target\":[\"https:\/\/www.muehlebirgel.de\/fr\/shop\/confiture-de-sureau-pomme\"]}]},{\"@type\":\"ImageObject\",\"inLanguage\":\"fr-FR\",\"@id\":\"https:\/\/www.muehlebirgel.de\/fr\/shop\/confiture-de-sureau-pomme#primaryimage\",\"url\":\"https:\/\/www.muehlebirgel.de\/wp-content\/uploads\/2020\/01\/HA01-Holunder-Apfel-Fruchtaufstrisch.png\",\"contentUrl\":\"https:\/\/www.muehlebirgel.de\/wp-content\/uploads\/2020\/01\/HA01-Holunder-Apfel-Fruchtaufstrisch.png\",\"width\":1400,\"height\":2101},{\"@type\":\"BreadcrumbList\",\"@id\":\"https:\/\/www.muehlebirgel.de\/fr\/shop\/confiture-de-sureau-pomme#breadcrumb\",\"itemListElement\":[{\"@type\":\"ListItem\",\"position\":1,\"name\":\"Startseite\",\"item\":\"https:\/\/www.muehlebirgel.de\/fr\"},{\"@type\":\"ListItem\",\"position\":2,\"name\":\"Produits\",\"item\":\"https:\/\/www.muehlebirgel.de\/fr\/shop\"},{\"@type\":\"ListItem\",\"position\":3,\"name\":\"Confiture de sureau-pomme\"}]},{\"@type\":\"WebSite\",\"@id\":\"https:\/\/www.muehlebirgel.de\/fr\/#website\",\"url\":\"https:\/\/www.muehlebirgel.de\/fr\/\",\"name\":\"Historische Wasserm\u00fchle Birgel\",\"description\":\"Willkommen im M\u00fchlen-Erlebniszentrum\",\"potentialAction\":[{\"@type\":\"SearchAction\",\"target\":{\"@type\":\"EntryPoint\",\"urlTemplate\":\"https:\/\/www.muehlebirgel.de\/fr\/?s={search_term_string}\"},\"query-input\":{\"@type\":\"PropertyValueSpecification\",\"valueRequired\":true,\"valueName\":\"search_term_string\"}}],\"inLanguage\":\"fr-FR\"}]}<\/script>\n<!-- \/ Yoast SEO plugin. -->","yoast_head_json":{"title":"Confiture de sureau-pomme - Historische Wasserm\u00fchle Birgel","description":"Notre confiture de baies de sureau et de pommes est fabriqu\u00e9e \u00e0 partir de baies de sureau et de pommes de la r\u00e9gion de l'Eifel, ce qui en fait une d\u00e9licieuse douceur.","robots":{"index":"index","follow":"follow","max-snippet":"max-snippet:-1","max-image-preview":"max-image-preview:large","max-video-preview":"max-video-preview:-1"},"canonical":"https:\/\/www.muehlebirgel.de\/fr\/shop\/confiture-de-sureau-pomme","og_locale":"fr_FR","og_type":"article","og_title":"Confiture de sureau-pomme - Historische Wasserm\u00fchle Birgel","og_description":"Notre confiture de baies de sureau et de pommes est fabriqu\u00e9e \u00e0 partir de baies de sureau et de pommes de la r\u00e9gion de l'Eifel, ce qui en fait une d\u00e9licieuse douceur.","og_url":"https:\/\/www.muehlebirgel.de\/fr\/shop\/confiture-de-sureau-pomme\/","og_site_name":"Historische Wasserm\u00fchle Birgel","article_modified_time":"2024-01-09T02:28:30+00:00","og_image":[{"width":1400,"height":2101,"url":"https:\/\/www.muehlebirgel.de\/wp-content\/uploads\/2020\/01\/HA01-Holunder-Apfel-Fruchtaufstrisch.png","type":"image\/png"}],"twitter_card":"summary_large_image","twitter_misc":{"Dur\u00e9e de lecture estim\u00e9e":"1 minute"},"schema":{"@context":"https:\/\/schema.org","@graph":[{"@type":"WebPage","@id":"https:\/\/www.muehlebirgel.de\/fr\/shop\/confiture-de-sureau-pomme","url":"https:\/\/www.muehlebirgel.de\/fr\/shop\/confiture-de-sureau-pomme","name":"Confiture de sureau-pomme - Historische Wasserm\u00fchle Birgel","isPartOf":{"@id":"https:\/\/www.muehlebirgel.de\/fr\/#website"},"primaryImageOfPage":{"@id":"https:\/\/www.muehlebirgel.de\/fr\/shop\/confiture-de-sureau-pomme#primaryimage"},"image":{"@id":"https:\/\/www.muehlebirgel.de\/fr\/shop\/confiture-de-sureau-pomme#primaryimage"},"thumbnailUrl":"https:\/\/www.muehlebirgel.de\/wp-content\/uploads\/2020\/01\/HA01-Holunder-Apfel-Fruchtaufstrisch.png","datePublished":"2021-12-10T15:08:18+00:00","dateModified":"2024-01-09T02:28:30+00:00","description":"Notre confiture de baies de sureau et de pommes est fabriqu\u00e9e \u00e0 partir de baies de sureau et de pommes de la r\u00e9gion de l'Eifel, ce qui en fait une d\u00e9licieuse douceur.","breadcrumb":{"@id":"https:\/\/www.muehlebirgel.de\/fr\/shop\/confiture-de-sureau-pomme#breadcrumb"},"inLanguage":"fr-FR","potentialAction":[{"@type":"ReadAction","target":["https:\/\/www.muehlebirgel.de\/fr\/shop\/confiture-de-sureau-pomme"]}]},{"@type":"ImageObject","inLanguage":"fr-FR","@id":"https:\/\/www.muehlebirgel.de\/fr\/shop\/confiture-de-sureau-pomme#primaryimage","url":"https:\/\/www.muehlebirgel.de\/wp-content\/uploads\/2020\/01\/HA01-Holunder-Apfel-Fruchtaufstrisch.png","contentUrl":"https:\/\/www.muehlebirgel.de\/wp-content\/uploads\/2020\/01\/HA01-Holunder-Apfel-Fruchtaufstrisch.png","width":1400,"height":2101},{"@type":"BreadcrumbList","@id":"https:\/\/www.muehlebirgel.de\/fr\/shop\/confiture-de-sureau-pomme#breadcrumb","itemListElement":[{"@type":"ListItem","position":1,"name":"Startseite","item":"https:\/\/www.muehlebirgel.de\/fr"},{"@type":"ListItem","position":2,"name":"Produits","item":"https:\/\/www.muehlebirgel.de\/fr\/shop"},{"@type":"ListItem","position":3,"name":"Confiture de sureau-pomme"}]},{"@type":"WebSite","@id":"https:\/\/www.muehlebirgel.de\/fr\/#website","url":"https:\/\/www.muehlebirgel.de\/fr\/","name":"Historische Wasserm\u00fchle Birgel","description":"Willkommen im M\u00fchlen-Erlebniszentrum","potentialAction":[{"@type":"SearchAction","target":{"@type":"EntryPoint","urlTemplate":"https:\/\/www.muehlebirgel.de\/fr\/?s={search_term_string}"},"query-input":{"@type":"PropertyValueSpecification","valueRequired":true,"valueName":"search_term_string"}}],"inLanguage":"fr-FR"}]}},"_links":{"self":[{"href":"https:\/\/www.muehlebirgel.de\/fr\/wp-json\/wp\/v2\/product\/10154","targetHints":{"allow":["GET"]}}],"collection":[{"href":"https:\/\/www.muehlebirgel.de\/fr\/wp-json\/wp\/v2\/product"}],"about":[{"href":"https:\/\/www.muehlebirgel.de\/fr\/wp-json\/wp\/v2\/types\/product"}],"wp:featuredmedia":[{"embeddable":true,"href":"https:\/\/www.muehlebirgel.de\/fr\/wp-json\/wp\/v2\/media\/9445"}],"wp:attachment":[{"href":"https:\/\/www.muehlebirgel.de\/fr\/wp-json\/wp\/v2\/media?parent=10154"}],"wp:term":[{"taxonomy":"product_brand","embeddable":true,"href":"https:\/\/www.muehlebirgel.de\/fr\/wp-json\/wp\/v2\/product_brand?post=10154"},{"taxonomy":"product_cat","embeddable":true,"href":"https:\/\/www.muehlebirgel.de\/fr\/wp-json\/wp\/v2\/product_cat?post=10154"},{"taxonomy":"product_tag","embeddable":true,"href":"https:\/\/www.muehlebirgel.de\/fr\/wp-json\/wp\/v2\/product_tag?post=10154"}],"curies":[{"name":"wp","href":"https:\/\/api.w.org\/{rel}","templated":true}]}}