{"id":10390,"date":"2019-12-19T16:16:30","date_gmt":"2021-12-10T15:15:10","guid":{"rendered":"https:\/\/www.muehlebirgel.de\/shop\/miel-de-colza-de-leifel\/"},"modified":"2024-11-08T22:01:31","modified_gmt":"2024-11-08T21:01:31","slug":"eifler-rap-miel","status":"publish","type":"product","link":"https:\/\/www.muehlebirgel.de\/fr\/shop\/eifler-rap-miel","title":{"rendered":"Miel de colza de l&rsquo;Eifel"},"content":{"rendered":"<p>Notre miel de colza Eifler est un miel fin et cr\u00e9meux fabriqu\u00e9 dans le style traditionnel du moulin. Mais non seulement son ton jaune et doux de couleur presque blanche lui donne un aspect particuli\u00e8rement noble, mais l&rsquo;int\u00e9rieur du pot de miel promet \u00e9galement une d\u00e9licieuse et unique g\u00e2terie au miel.<\/p>\n<p>L&rsquo;essence de miel est obtenue en mai, \u00e0 ce moment-l\u00e0, l&rsquo;approvisionnement en nectar dans les magnifiques champs de colza jaune est particuli\u00e8rement \u00e9lev\u00e9, ce dont les abeilles font grand usage. Le miel de fleur de colza est ensuite soigneusement trait\u00e9 et enfin mis en bouteille dans un pot de 500g pr\u00eat \u00e0 \u00eatre consomm\u00e9.<\/p>\n<h2>C&rsquo;est ainsi que le miel a un go\u00fbt particuli\u00e8rement bon<\/h2>\n<p>Notre miel de colza n&rsquo;est pas seulement d\u00e9licieux sur du pain de toutes sortes. Le miel cr\u00e9meux fait \u00e9galement un ajout indicible aux desserts tels que les g\u00e2teaux et les p\u00e2tisseries. Dans le th\u00e9, il remplace le sucre habituellement ajout\u00e9, et le miel fondant est \u00e9galement d\u00e9licieux dans le yaourt ou le fromage blanc.<\/p>\n","protected":false},"excerpt":{"rendered":"<p>un miel cr\u00e9meux et un d\u00e9lice<\/p>\n<p>Livraison en pot de 500g.<\/p>\n","protected":false},"featured_media":9451,"template":"","meta":[],"product_brand":[],"product_cat":[143],"product_tag":[],"class_list":{"0":"post-10390","1":"product","2":"type-product","3":"status-publish","4":"has-post-thumbnail","6":"product_cat-mon-cheri","7":"product_shipping_class-expedition-assuree","9":"first","10":"instock","11":"taxable","12":"shipping-taxable","13":"purchasable","14":"product-type-simple"},"yoast_head":"<!-- This site is optimized with the Yoast SEO plugin v27.2 - https:\/\/yoast.com\/product\/yoast-seo-wordpress\/ -->\n<title>Miel de colza de l&#039;Eifel - Historische Wasserm\u00fchle Birgel<\/title>\n<meta name=\"description\" content=\"Un miel fin et onctueux \u00e9labor\u00e9 \u00e0 la mani\u00e8re d&#039;un moulin traditionnel, dont l&#039;int\u00e9rieur promet un plaisir miell\u00e9 unique et sucr\u00e9.\" \/>\n<meta name=\"robots\" content=\"index, follow, max-snippet:-1, max-image-preview:large, max-video-preview:-1\" \/>\n<link rel=\"canonical\" href=\"https:\/\/www.muehlebirgel.de\/fr\/shop\/eifler-rap-miel\" \/>\n<meta property=\"og:locale\" content=\"fr_FR\" \/>\n<meta property=\"og:type\" content=\"article\" \/>\n<meta property=\"og:title\" content=\"Miel de colza de l&#039;Eifel - Historische Wasserm\u00fchle Birgel\" \/>\n<meta property=\"og:description\" content=\"Un miel fin et onctueux \u00e9labor\u00e9 \u00e0 la mani\u00e8re d&#039;un moulin traditionnel, dont l&#039;int\u00e9rieur promet un plaisir miell\u00e9 unique et sucr\u00e9.\" \/>\n<meta property=\"og:url\" content=\"https:\/\/www.muehlebirgel.de\/fr\/shop\/eifler-rap-miel\/\" \/>\n<meta property=\"og:site_name\" content=\"Historische Wasserm\u00fchle Birgel\" \/>\n<meta property=\"article:modified_time\" content=\"2024-11-08T21:01:31+00:00\" \/>\n<meta property=\"og:image\" content=\"https:\/\/www.muehlebirgel.de\/wp-content\/uploads\/2019\/12\/RAP01-Rapshonig.png\" \/>\n\t<meta property=\"og:image:width\" content=\"1400\" \/>\n\t<meta property=\"og:image:height\" content=\"2101\" \/>\n\t<meta property=\"og:image:type\" content=\"image\/png\" \/>\n<meta name=\"twitter:card\" content=\"summary_large_image\" \/>\n<meta name=\"twitter:label1\" content=\"Dur\u00e9e de lecture estim\u00e9e\" \/>\n\t<meta name=\"twitter:data1\" content=\"1 minute\" \/>\n<script type=\"application\/ld+json\" class=\"yoast-schema-graph\">{\"@context\":\"https:\/\/schema.org\",\"@graph\":[{\"@type\":\"WebPage\",\"@id\":\"https:\/\/www.muehlebirgel.de\/fr\/shop\/eifler-rap-miel\",\"url\":\"https:\/\/www.muehlebirgel.de\/fr\/shop\/eifler-rap-miel\",\"name\":\"Miel de colza de l'Eifel - Historische Wasserm\u00fchle Birgel\",\"isPartOf\":{\"@id\":\"https:\/\/www.muehlebirgel.de\/fr\/#website\"},\"primaryImageOfPage\":{\"@id\":\"https:\/\/www.muehlebirgel.de\/fr\/shop\/eifler-rap-miel#primaryimage\"},\"image\":{\"@id\":\"https:\/\/www.muehlebirgel.de\/fr\/shop\/eifler-rap-miel#primaryimage\"},\"thumbnailUrl\":\"https:\/\/www.muehlebirgel.de\/wp-content\/uploads\/2019\/12\/RAP01-Rapshonig.png\",\"datePublished\":\"2021-12-10T15:15:10+00:00\",\"dateModified\":\"2024-11-08T21:01:31+00:00\",\"description\":\"Un miel fin et onctueux \u00e9labor\u00e9 \u00e0 la mani\u00e8re d'un moulin traditionnel, dont l'int\u00e9rieur promet un plaisir miell\u00e9 unique et sucr\u00e9.\",\"breadcrumb\":{\"@id\":\"https:\/\/www.muehlebirgel.de\/fr\/shop\/eifler-rap-miel#breadcrumb\"},\"inLanguage\":\"fr-FR\",\"potentialAction\":[{\"@type\":\"ReadAction\",\"target\":[\"https:\/\/www.muehlebirgel.de\/fr\/shop\/eifler-rap-miel\"]}]},{\"@type\":\"ImageObject\",\"inLanguage\":\"fr-FR\",\"@id\":\"https:\/\/www.muehlebirgel.de\/fr\/shop\/eifler-rap-miel#primaryimage\",\"url\":\"https:\/\/www.muehlebirgel.de\/wp-content\/uploads\/2019\/12\/RAP01-Rapshonig.png\",\"contentUrl\":\"https:\/\/www.muehlebirgel.de\/wp-content\/uploads\/2019\/12\/RAP01-Rapshonig.png\",\"width\":1400,\"height\":2101},{\"@type\":\"BreadcrumbList\",\"@id\":\"https:\/\/www.muehlebirgel.de\/fr\/shop\/eifler-rap-miel#breadcrumb\",\"itemListElement\":[{\"@type\":\"ListItem\",\"position\":1,\"name\":\"Startseite\",\"item\":\"https:\/\/www.muehlebirgel.de\/fr\"},{\"@type\":\"ListItem\",\"position\":2,\"name\":\"Produits\",\"item\":\"https:\/\/www.muehlebirgel.de\/fr\/shop\"},{\"@type\":\"ListItem\",\"position\":3,\"name\":\"Miel de colza de l&#8217;Eifel\"}]},{\"@type\":\"WebSite\",\"@id\":\"https:\/\/www.muehlebirgel.de\/fr\/#website\",\"url\":\"https:\/\/www.muehlebirgel.de\/fr\/\",\"name\":\"Historische Wasserm\u00fchle Birgel\",\"description\":\"Willkommen im M\u00fchlen-Erlebniszentrum\",\"potentialAction\":[{\"@type\":\"SearchAction\",\"target\":{\"@type\":\"EntryPoint\",\"urlTemplate\":\"https:\/\/www.muehlebirgel.de\/fr\/?s={search_term_string}\"},\"query-input\":{\"@type\":\"PropertyValueSpecification\",\"valueRequired\":true,\"valueName\":\"search_term_string\"}}],\"inLanguage\":\"fr-FR\"}]}<\/script>\n<!-- \/ Yoast SEO plugin. -->","yoast_head_json":{"title":"Miel de colza de l'Eifel - Historische Wasserm\u00fchle Birgel","description":"Un miel fin et onctueux \u00e9labor\u00e9 \u00e0 la mani\u00e8re d'un moulin traditionnel, dont l'int\u00e9rieur promet un plaisir miell\u00e9 unique et sucr\u00e9.","robots":{"index":"index","follow":"follow","max-snippet":"max-snippet:-1","max-image-preview":"max-image-preview:large","max-video-preview":"max-video-preview:-1"},"canonical":"https:\/\/www.muehlebirgel.de\/fr\/shop\/eifler-rap-miel","og_locale":"fr_FR","og_type":"article","og_title":"Miel de colza de l'Eifel - Historische Wasserm\u00fchle Birgel","og_description":"Un miel fin et onctueux \u00e9labor\u00e9 \u00e0 la mani\u00e8re d'un moulin traditionnel, dont l'int\u00e9rieur promet un plaisir miell\u00e9 unique et sucr\u00e9.","og_url":"https:\/\/www.muehlebirgel.de\/fr\/shop\/eifler-rap-miel\/","og_site_name":"Historische Wasserm\u00fchle Birgel","article_modified_time":"2024-11-08T21:01:31+00:00","og_image":[{"width":1400,"height":2101,"url":"https:\/\/www.muehlebirgel.de\/wp-content\/uploads\/2019\/12\/RAP01-Rapshonig.png","type":"image\/png"}],"twitter_card":"summary_large_image","twitter_misc":{"Dur\u00e9e de lecture estim\u00e9e":"1 minute"},"schema":{"@context":"https:\/\/schema.org","@graph":[{"@type":"WebPage","@id":"https:\/\/www.muehlebirgel.de\/fr\/shop\/eifler-rap-miel","url":"https:\/\/www.muehlebirgel.de\/fr\/shop\/eifler-rap-miel","name":"Miel de colza de l'Eifel - Historische Wasserm\u00fchle Birgel","isPartOf":{"@id":"https:\/\/www.muehlebirgel.de\/fr\/#website"},"primaryImageOfPage":{"@id":"https:\/\/www.muehlebirgel.de\/fr\/shop\/eifler-rap-miel#primaryimage"},"image":{"@id":"https:\/\/www.muehlebirgel.de\/fr\/shop\/eifler-rap-miel#primaryimage"},"thumbnailUrl":"https:\/\/www.muehlebirgel.de\/wp-content\/uploads\/2019\/12\/RAP01-Rapshonig.png","datePublished":"2021-12-10T15:15:10+00:00","dateModified":"2024-11-08T21:01:31+00:00","description":"Un miel fin et onctueux \u00e9labor\u00e9 \u00e0 la mani\u00e8re d'un moulin traditionnel, dont l'int\u00e9rieur promet un plaisir miell\u00e9 unique et sucr\u00e9.","breadcrumb":{"@id":"https:\/\/www.muehlebirgel.de\/fr\/shop\/eifler-rap-miel#breadcrumb"},"inLanguage":"fr-FR","potentialAction":[{"@type":"ReadAction","target":["https:\/\/www.muehlebirgel.de\/fr\/shop\/eifler-rap-miel"]}]},{"@type":"ImageObject","inLanguage":"fr-FR","@id":"https:\/\/www.muehlebirgel.de\/fr\/shop\/eifler-rap-miel#primaryimage","url":"https:\/\/www.muehlebirgel.de\/wp-content\/uploads\/2019\/12\/RAP01-Rapshonig.png","contentUrl":"https:\/\/www.muehlebirgel.de\/wp-content\/uploads\/2019\/12\/RAP01-Rapshonig.png","width":1400,"height":2101},{"@type":"BreadcrumbList","@id":"https:\/\/www.muehlebirgel.de\/fr\/shop\/eifler-rap-miel#breadcrumb","itemListElement":[{"@type":"ListItem","position":1,"name":"Startseite","item":"https:\/\/www.muehlebirgel.de\/fr"},{"@type":"ListItem","position":2,"name":"Produits","item":"https:\/\/www.muehlebirgel.de\/fr\/shop"},{"@type":"ListItem","position":3,"name":"Miel de colza de l&#8217;Eifel"}]},{"@type":"WebSite","@id":"https:\/\/www.muehlebirgel.de\/fr\/#website","url":"https:\/\/www.muehlebirgel.de\/fr\/","name":"Historische Wasserm\u00fchle Birgel","description":"Willkommen im M\u00fchlen-Erlebniszentrum","potentialAction":[{"@type":"SearchAction","target":{"@type":"EntryPoint","urlTemplate":"https:\/\/www.muehlebirgel.de\/fr\/?s={search_term_string}"},"query-input":{"@type":"PropertyValueSpecification","valueRequired":true,"valueName":"search_term_string"}}],"inLanguage":"fr-FR"}]}},"_links":{"self":[{"href":"https:\/\/www.muehlebirgel.de\/fr\/wp-json\/wp\/v2\/product\/10390","targetHints":{"allow":["GET"]}}],"collection":[{"href":"https:\/\/www.muehlebirgel.de\/fr\/wp-json\/wp\/v2\/product"}],"about":[{"href":"https:\/\/www.muehlebirgel.de\/fr\/wp-json\/wp\/v2\/types\/product"}],"wp:featuredmedia":[{"embeddable":true,"href":"https:\/\/www.muehlebirgel.de\/fr\/wp-json\/wp\/v2\/media\/9451"}],"wp:attachment":[{"href":"https:\/\/www.muehlebirgel.de\/fr\/wp-json\/wp\/v2\/media?parent=10390"}],"wp:term":[{"taxonomy":"product_brand","embeddable":true,"href":"https:\/\/www.muehlebirgel.de\/fr\/wp-json\/wp\/v2\/product_brand?post=10390"},{"taxonomy":"product_cat","embeddable":true,"href":"https:\/\/www.muehlebirgel.de\/fr\/wp-json\/wp\/v2\/product_cat?post=10390"},{"taxonomy":"product_tag","embeddable":true,"href":"https:\/\/www.muehlebirgel.de\/fr\/wp-json\/wp\/v2\/product_tag?post=10390"}],"curies":[{"name":"wp","href":"https:\/\/api.w.org\/{rel}","templated":true}]}}