{"id":10417,"date":"2019-12-19T16:16:27","date_gmt":"2019-12-19T16:16:27","guid":{"rendered":"https:\/\/www.muehlebirgel.de\/shop\/liqueur-de-prunelle\/"},"modified":"2025-08-14T16:12:34","modified_gmt":"2025-08-14T14:12:34","slug":"negligent","status":"publish","type":"product","link":"https:\/\/www.muehlebirgel.de\/fr\/shop\/negligent","title":{"rendered":"Liqueur de prunelle"},"content":{"rendered":"<h2>Liqueur de prunelle de l&rsquo;Eifel<\/h2>\n<p>Avec une teneur en alcool de 25% vol., cette liqueur fruit\u00e9e se caract\u00e9rise par son go\u00fbt cors\u00e9 et sa belle douceur. Les prunelles sont tr\u00e8s sp\u00e9ciales, des prunes sauvages de la taille de noyaux de noisettes. Le prunellier de l&rsquo;Eifel se trouve souvent \u00e0 la lisi\u00e8re de la for\u00eat, mais n&rsquo;est comestible et pr\u00eat \u00e0 \u00eatre r\u00e9colt\u00e9 qu&rsquo;apr\u00e8s les premi\u00e8res gel\u00e9es. Par cons\u00e9quent, les prunelles ont longtemps \u00e9t\u00e9 tr\u00e8s appr\u00e9ci\u00e9es pour la fabrication de liqueurs.<\/p>\n<h2>Comment appr\u00e9ciez-vous la liqueur?<\/h2>\n<p><strong> <\/strong>En raison de son go\u00fbt fruit\u00e9 plut\u00f4t que sucr\u00e9, il est extr\u00eamement d\u00e9licieux seul. Que ce soit pour trinquer entre amis ou en famille, apr\u00e8s le travail ou un d\u00e9licieux d\u00eener, cette liqueur cors\u00e9e est un vrai plaisir \u00e0 la mani\u00e8re du moulin.<\/p>\n","protected":false},"excerpt":{"rendered":"<p><strong>Degr\u00e9 d&rsquo;alcool : 25% vol<\/strong><\/p>\n<p>go\u00fbt doux &amp; plein, a un go\u00fbt plus fruit\u00e9 que sucr\u00e9.<\/p>\n","protected":false},"featured_media":9499,"template":"","meta":[],"product_brand":[],"product_cat":[115],"product_tag":[],"class_list":{"0":"post-10417","1":"product","2":"type-product","3":"status-publish","4":"has-post-thumbnail","6":"product_cat-liqueur","7":"product_shipping_class-expedition-assuree","9":"first","10":"instock","11":"taxable","12":"shipping-taxable","13":"purchasable","14":"product-type-variable","15":"has-default-attributes"},"yoast_head":"<!-- This site is optimized with the Yoast SEO plugin v27.2 - https:\/\/yoast.com\/product\/yoast-seo-wordpress\/ -->\n<title>Liqueur de prunelle - Historische Wasserm\u00fchle Birgel<\/title>\n<meta name=\"description\" content=\"Cette liqueur fruit\u00e9e se caract\u00e9rise par son go\u00fbt cors\u00e9 et sa belle douceur.\" \/>\n<meta name=\"robots\" content=\"index, follow, max-snippet:-1, max-image-preview:large, max-video-preview:-1\" \/>\n<link rel=\"canonical\" href=\"https:\/\/www.muehlebirgel.de\/fr\/shop\/negligent\" \/>\n<meta property=\"og:locale\" content=\"fr_FR\" \/>\n<meta property=\"og:type\" content=\"article\" \/>\n<meta property=\"og:title\" content=\"Liqueur de prunelle - Historische Wasserm\u00fchle Birgel\" \/>\n<meta property=\"og:description\" content=\"Cette liqueur fruit\u00e9e se caract\u00e9rise par son go\u00fbt cors\u00e9 et sa belle douceur.\" \/>\n<meta property=\"og:url\" content=\"https:\/\/www.muehlebirgel.de\/fr\/shop\/negligent\/\" \/>\n<meta property=\"og:site_name\" content=\"Historische Wasserm\u00fchle Birgel\" \/>\n<meta property=\"article:modified_time\" content=\"2025-08-14T14:12:34+00:00\" \/>\n<meta property=\"og:image\" content=\"https:\/\/www.muehlebirgel.de\/wp-content\/uploads\/2020\/01\/SL10-Schlehen-Likoer-05l-1.png\" \/>\n\t<meta property=\"og:image:width\" content=\"1400\" \/>\n\t<meta property=\"og:image:height\" content=\"2101\" \/>\n\t<meta property=\"og:image:type\" content=\"image\/png\" \/>\n<meta name=\"twitter:card\" content=\"summary_large_image\" \/>\n<meta name=\"twitter:label1\" content=\"Dur\u00e9e de lecture estim\u00e9e\" \/>\n\t<meta name=\"twitter:data1\" content=\"1 minute\" \/>\n<script type=\"application\/ld+json\" class=\"yoast-schema-graph\">{\"@context\":\"https:\/\/schema.org\",\"@graph\":[{\"@type\":\"WebPage\",\"@id\":\"https:\/\/www.muehlebirgel.de\/fr\/shop\/negligent\",\"url\":\"https:\/\/www.muehlebirgel.de\/fr\/shop\/negligent\",\"name\":\"Liqueur de prunelle - Historische Wasserm\u00fchle Birgel\",\"isPartOf\":{\"@id\":\"https:\/\/www.muehlebirgel.de\/fr\/#website\"},\"primaryImageOfPage\":{\"@id\":\"https:\/\/www.muehlebirgel.de\/fr\/shop\/negligent#primaryimage\"},\"image\":{\"@id\":\"https:\/\/www.muehlebirgel.de\/fr\/shop\/negligent#primaryimage\"},\"thumbnailUrl\":\"https:\/\/www.muehlebirgel.de\/wp-content\/uploads\/2020\/01\/SL10-Schlehen-Likoer-05l-1.png\",\"datePublished\":\"2019-12-19T16:16:27+00:00\",\"dateModified\":\"2025-08-14T14:12:34+00:00\",\"description\":\"Cette liqueur fruit\u00e9e se caract\u00e9rise par son go\u00fbt cors\u00e9 et sa belle douceur.\",\"breadcrumb\":{\"@id\":\"https:\/\/www.muehlebirgel.de\/fr\/shop\/negligent#breadcrumb\"},\"inLanguage\":\"fr-FR\",\"potentialAction\":[{\"@type\":\"ReadAction\",\"target\":[\"https:\/\/www.muehlebirgel.de\/fr\/shop\/negligent\"]}]},{\"@type\":\"ImageObject\",\"inLanguage\":\"fr-FR\",\"@id\":\"https:\/\/www.muehlebirgel.de\/fr\/shop\/negligent#primaryimage\",\"url\":\"https:\/\/www.muehlebirgel.de\/wp-content\/uploads\/2020\/01\/SL10-Schlehen-Likoer-05l-1.png\",\"contentUrl\":\"https:\/\/www.muehlebirgel.de\/wp-content\/uploads\/2020\/01\/SL10-Schlehen-Likoer-05l-1.png\",\"width\":1400,\"height\":2101},{\"@type\":\"BreadcrumbList\",\"@id\":\"https:\/\/www.muehlebirgel.de\/fr\/shop\/negligent#breadcrumb\",\"itemListElement\":[{\"@type\":\"ListItem\",\"position\":1,\"name\":\"Startseite\",\"item\":\"https:\/\/www.muehlebirgel.de\/fr\"},{\"@type\":\"ListItem\",\"position\":2,\"name\":\"Produits\",\"item\":\"https:\/\/www.muehlebirgel.de\/fr\/shop\"},{\"@type\":\"ListItem\",\"position\":3,\"name\":\"Liqueur de prunelle\"}]},{\"@type\":\"WebSite\",\"@id\":\"https:\/\/www.muehlebirgel.de\/fr\/#website\",\"url\":\"https:\/\/www.muehlebirgel.de\/fr\/\",\"name\":\"Historische Wasserm\u00fchle Birgel\",\"description\":\"Willkommen im M\u00fchlen-Erlebniszentrum\",\"potentialAction\":[{\"@type\":\"SearchAction\",\"target\":{\"@type\":\"EntryPoint\",\"urlTemplate\":\"https:\/\/www.muehlebirgel.de\/fr\/?s={search_term_string}\"},\"query-input\":{\"@type\":\"PropertyValueSpecification\",\"valueRequired\":true,\"valueName\":\"search_term_string\"}}],\"inLanguage\":\"fr-FR\"}]}<\/script>\n<!-- \/ Yoast SEO plugin. -->","yoast_head_json":{"title":"Liqueur de prunelle - Historische Wasserm\u00fchle Birgel","description":"Cette liqueur fruit\u00e9e se caract\u00e9rise par son go\u00fbt cors\u00e9 et sa belle douceur.","robots":{"index":"index","follow":"follow","max-snippet":"max-snippet:-1","max-image-preview":"max-image-preview:large","max-video-preview":"max-video-preview:-1"},"canonical":"https:\/\/www.muehlebirgel.de\/fr\/shop\/negligent","og_locale":"fr_FR","og_type":"article","og_title":"Liqueur de prunelle - Historische Wasserm\u00fchle Birgel","og_description":"Cette liqueur fruit\u00e9e se caract\u00e9rise par son go\u00fbt cors\u00e9 et sa belle douceur.","og_url":"https:\/\/www.muehlebirgel.de\/fr\/shop\/negligent\/","og_site_name":"Historische Wasserm\u00fchle Birgel","article_modified_time":"2025-08-14T14:12:34+00:00","og_image":[{"width":1400,"height":2101,"url":"https:\/\/www.muehlebirgel.de\/wp-content\/uploads\/2020\/01\/SL10-Schlehen-Likoer-05l-1.png","type":"image\/png"}],"twitter_card":"summary_large_image","twitter_misc":{"Dur\u00e9e de lecture estim\u00e9e":"1 minute"},"schema":{"@context":"https:\/\/schema.org","@graph":[{"@type":"WebPage","@id":"https:\/\/www.muehlebirgel.de\/fr\/shop\/negligent","url":"https:\/\/www.muehlebirgel.de\/fr\/shop\/negligent","name":"Liqueur de prunelle - Historische Wasserm\u00fchle Birgel","isPartOf":{"@id":"https:\/\/www.muehlebirgel.de\/fr\/#website"},"primaryImageOfPage":{"@id":"https:\/\/www.muehlebirgel.de\/fr\/shop\/negligent#primaryimage"},"image":{"@id":"https:\/\/www.muehlebirgel.de\/fr\/shop\/negligent#primaryimage"},"thumbnailUrl":"https:\/\/www.muehlebirgel.de\/wp-content\/uploads\/2020\/01\/SL10-Schlehen-Likoer-05l-1.png","datePublished":"2019-12-19T16:16:27+00:00","dateModified":"2025-08-14T14:12:34+00:00","description":"Cette liqueur fruit\u00e9e se caract\u00e9rise par son go\u00fbt cors\u00e9 et sa belle douceur.","breadcrumb":{"@id":"https:\/\/www.muehlebirgel.de\/fr\/shop\/negligent#breadcrumb"},"inLanguage":"fr-FR","potentialAction":[{"@type":"ReadAction","target":["https:\/\/www.muehlebirgel.de\/fr\/shop\/negligent"]}]},{"@type":"ImageObject","inLanguage":"fr-FR","@id":"https:\/\/www.muehlebirgel.de\/fr\/shop\/negligent#primaryimage","url":"https:\/\/www.muehlebirgel.de\/wp-content\/uploads\/2020\/01\/SL10-Schlehen-Likoer-05l-1.png","contentUrl":"https:\/\/www.muehlebirgel.de\/wp-content\/uploads\/2020\/01\/SL10-Schlehen-Likoer-05l-1.png","width":1400,"height":2101},{"@type":"BreadcrumbList","@id":"https:\/\/www.muehlebirgel.de\/fr\/shop\/negligent#breadcrumb","itemListElement":[{"@type":"ListItem","position":1,"name":"Startseite","item":"https:\/\/www.muehlebirgel.de\/fr"},{"@type":"ListItem","position":2,"name":"Produits","item":"https:\/\/www.muehlebirgel.de\/fr\/shop"},{"@type":"ListItem","position":3,"name":"Liqueur de prunelle"}]},{"@type":"WebSite","@id":"https:\/\/www.muehlebirgel.de\/fr\/#website","url":"https:\/\/www.muehlebirgel.de\/fr\/","name":"Historische Wasserm\u00fchle Birgel","description":"Willkommen im M\u00fchlen-Erlebniszentrum","potentialAction":[{"@type":"SearchAction","target":{"@type":"EntryPoint","urlTemplate":"https:\/\/www.muehlebirgel.de\/fr\/?s={search_term_string}"},"query-input":{"@type":"PropertyValueSpecification","valueRequired":true,"valueName":"search_term_string"}}],"inLanguage":"fr-FR"}]}},"_links":{"self":[{"href":"https:\/\/www.muehlebirgel.de\/fr\/wp-json\/wp\/v2\/product\/10417","targetHints":{"allow":["GET"]}}],"collection":[{"href":"https:\/\/www.muehlebirgel.de\/fr\/wp-json\/wp\/v2\/product"}],"about":[{"href":"https:\/\/www.muehlebirgel.de\/fr\/wp-json\/wp\/v2\/types\/product"}],"wp:featuredmedia":[{"embeddable":true,"href":"https:\/\/www.muehlebirgel.de\/fr\/wp-json\/wp\/v2\/media\/9499"}],"wp:attachment":[{"href":"https:\/\/www.muehlebirgel.de\/fr\/wp-json\/wp\/v2\/media?parent=10417"}],"wp:term":[{"taxonomy":"product_brand","embeddable":true,"href":"https:\/\/www.muehlebirgel.de\/fr\/wp-json\/wp\/v2\/product_brand?post=10417"},{"taxonomy":"product_cat","embeddable":true,"href":"https:\/\/www.muehlebirgel.de\/fr\/wp-json\/wp\/v2\/product_cat?post=10417"},{"taxonomy":"product_tag","embeddable":true,"href":"https:\/\/www.muehlebirgel.de\/fr\/wp-json\/wp\/v2\/product_tag?post=10417"}],"curies":[{"name":"wp","href":"https:\/\/api.w.org\/{rel}","templated":true}]}}